{"id":990767,"date":"2023-07-21T08:59:58","date_gmt":"2023-07-21T08:59:58","guid":{"rendered":"https:\/\/www.rivadeifrati.it\/territorium\/"},"modified":"2025-06-11T13:38:34","modified_gmt":"2025-06-11T13:38:34","slug":"anbaugebiet","status":"publish","type":"page","link":"https:\/\/www.rivadeifrati.it\/de\/anbaugebiet\/","title":{"rendered":"Anbaugebiet"},"content":{"rendered":"\t\t<div data-elementor-type=\"wp-page\" data-elementor-id=\"990767\" class=\"elementor elementor-990767 elementor-987826\" data-elementor-post-type=\"page\">\n\t\t\t\t\t\t<section class=\"elementor-section elementor-top-section elementor-element elementor-element-4fe826b elementor-section-height-min-height elementor-section-content-bottom page-hero elementor-section-boxed elementor-section-height-default elementor-section-items-middle\" data-id=\"4fe826b\" data-element_type=\"section\" data-settings=\"{&quot;background_background&quot;:&quot;classic&quot;}\">\n\t\t\t\t\t\t\t<div class=\"elementor-background-overlay\"><\/div>\n\t\t\t\t\t\t\t<div class=\"elementor-container elementor-column-gap-default\">\n\t\t\t\t\t<div class=\"elementor-column elementor-col-100 elementor-top-column elementor-element elementor-element-b8f2e7f\" data-id=\"b8f2e7f\" data-element_type=\"column\">\n\t\t\t<div class=\"elementor-widget-wrap elementor-element-populated\">\n\t\t\t\t\t\t<div class=\"elementor-element elementor-element-8b3c553 elementor-headline--style-blurred_letters animated-slow elementor-invisible elementor-widget elementor-widget-vamtam-animated-headline\" data-id=\"8b3c553\" data-element_type=\"widget\" data-settings=\"{&quot;headline_style&quot;:&quot;blurred_letters&quot;,&quot;vamtam_text&quot;:&quot;Anbaugebiet&quot;,&quot;_animation&quot;:&quot;fadeInUp&quot;}\" data-widget_type=\"vamtam-animated-headline.default\">\n\t\t\t\t<div class=\"elementor-widget-container\">\n\t\t\t\t\t\t\t<h1 class=\"elementor-headline\">\n\t\t\t\t\t\t\t\t\t\t\t\t\t\t\t\t\t\t\t\t\t\t\t\t<span class=\"vamtam-word\">\t\t\t\t\t\t\t\t\t\t\t\t\t\t\t<span class=\"vamtam-letter blurred\" data-delay=\"0.17\">A<\/span>\n\t\t\t\t\t\t\t\t\t\t\t\t\t\t\t\t\t\t\t\t\t\t\t\t\t\t\t\t\t\t\t\t\t\t\t<span class=\"vamtam-letter\">n<\/span>\n\t\t\t\t\t\t\t\t\t\t\t\t\t\t\t\t\t\t\t\t\t\t\t\t\t\t\t\t\t\t\t\t\t\t\t<span class=\"vamtam-letter\">b<\/span>\n\t\t\t\t\t\t\t\t\t\t\t\t\t\t\t\t\t\t\t\t\t\t\t\t\t\t\t\t\t\t\t\t\t\t\t<span class=\"vamtam-letter\">a<\/span>\n\t\t\t\t\t\t\t\t\t\t\t\t\t\t\t\t\t\t\t\t\t\t\t\t\t\t\t\t\t\t\t\t\t\t\t<span class=\"vamtam-letter blurred\" data-delay=\"0.31\">u<\/span>\n\t\t\t\t\t\t\t\t\t\t\t\t\t\t\t\t\t\t\t\t\t\t\t\t\t\t\t\t\t\t\t\t\t\t\t<span class=\"vamtam-letter\">g<\/span>\n\t\t\t\t\t\t\t\t\t\t\t\t\t\t\t\t\t\t\t\t\t\t\t\t\t\t\t\t\t\t\t\t\t\t\t<span class=\"vamtam-letter\">e<\/span>\n\t\t\t\t\t\t\t\t\t\t\t\t\t\t\t\t\t\t\t\t\t\t\t\t\t\t\t\t\t\t\t\t\t\t\t<span class=\"vamtam-letter\">b<\/span>\n\t\t\t\t\t\t\t\t\t\t\t\t\t\t\t\t\t\t\t\t\t\t\t\t\t\t\t\t\t\t\t\t\t\t\t<span class=\"vamtam-letter\">i<\/span>\n\t\t\t\t\t\t\t\t\t\t\t\t\t\t\t\t\t\t\t\t\t\t\t\t\t\t\t\t\t\t\t\t\t\t\t<span class=\"vamtam-letter\">e<\/span>\n\t\t\t\t\t\t\t\t\t\t\t\t\t\t\t\t\t\t\t\t\t\t\t\t\t\t\t\t\t\t\t\t\t\t\t<span class=\"vamtam-letter\">t<\/span>\n\t\t\t\t\t\t\t\t\t\t\t\t\t\t\t\t\t\t\t<\/span>\t\t\t\t\t\t\t\t\t<\/h1>\n\t\t\t\t\t\t<\/div>\n\t\t\t\t<\/div>\n\t\t\t\t\t<\/div>\n\t\t<\/div>\n\t\t\t\t\t<\/div>\n\t\t<\/section>\n\t\t\t\t<section class=\"elementor-section elementor-top-section elementor-element elementor-element-1ab6862 page-payoff elementor-section-boxed elementor-section-height-default elementor-section-height-default\" data-id=\"1ab6862\" data-element_type=\"section\" id=\"territorio-payoff\" data-settings=\"{&quot;background_background&quot;:&quot;classic&quot;}\">\n\t\t\t\t\t\t<div class=\"elementor-container elementor-column-gap-default\">\n\t\t\t\t\t<div class=\"elementor-column elementor-col-100 elementor-top-column elementor-element elementor-element-23aaf5a\" data-id=\"23aaf5a\" data-element_type=\"column\">\n\t\t\t<div class=\"elementor-widget-wrap elementor-element-populated\">\n\t\t\t\t\t\t<div class=\"elementor-element elementor-element-1c80448 title elementor-widget elementor-widget-heading\" data-id=\"1c80448\" data-element_type=\"widget\" data-widget_type=\"heading.default\">\n\t\t\t\t<div class=\"elementor-widget-container\">\n\t\t\t<h2 class=\"elementor-heading-title elementor-size-default\">Das Anbaugebiet<\/h2>\t\t<\/div>\n\t\t\t\t<\/div>\n\t\t\t\t<div class=\"elementor-element elementor-element-daacab9 subtitle elementor-widget elementor-widget-text-editor\" data-id=\"daacab9\" data-element_type=\"widget\" data-widget_type=\"text-editor.default\">\n\t\t\t\t<div class=\"elementor-widget-container\">\n\t\t\t\t\t\t\t<p>Durch die Orte des t\u00e4glichen Lebens<\/p>\n\t\t\t\t\t\t<\/div>\n\t\t\t\t<\/div>\n\t\t\t\t<div class=\"elementor-element elementor-element-012ad5b elementor-widget elementor-widget-text-editor\" data-id=\"012ad5b\" data-element_type=\"widget\" data-widget_type=\"text-editor.default\">\n\t\t\t\t<div class=\"elementor-widget-container\">\n\t\t\t\t\t\t\t<p>In der Region Venetien, in einem Streifen der Marca Trevigiana, der seit dem Mittelalter als &#8222;gioiosa et amorosa&#8220; (fr\u00f6hlich und liebevoll) bekannt ist, befindet sich die Prosecco-Weinstra\u00dfe, die die charakteristischsten und wichtigsten Orte f\u00fcr die Herstellung von Prosecco D.O.C. ber\u00fchrt.<\/p>\n\t\t\t\t\t\t<\/div>\n\t\t\t\t<\/div>\n\t\t\t\t\t<\/div>\n\t\t<\/div>\n\t\t\t\t\t<\/div>\n\t\t<\/section>\n\t\t\t\t<section class=\"elementor-section elementor-top-section elementor-element elementor-element-5700fc5 elementor-section-full_width section-text-images-special elementor-section-height-default elementor-section-height-default\" data-id=\"5700fc5\" data-element_type=\"section\" id=\"territorio-produzione\">\n\t\t\t\t\t\t<div class=\"elementor-container elementor-column-gap-no\">\n\t\t\t\t\t<div class=\"elementor-column elementor-col-100 elementor-top-column elementor-element elementor-element-5ab8621\" data-id=\"5ab8621\" data-element_type=\"column\">\n\t\t\t<div class=\"elementor-widget-wrap elementor-element-populated\">\n\t\t\t\t\t\t<section class=\"elementor-section elementor-inner-section elementor-element elementor-element-cbaab3b elementor-section-full_width elementor-section-height-default elementor-section-height-default\" data-id=\"cbaab3b\" data-element_type=\"section\">\n\t\t\t\t\t\t<div class=\"elementor-container elementor-column-gap-default\">\n\t\t\t\t\t<div class=\"elementor-column elementor-col-50 elementor-inner-column elementor-element elementor-element-3c8151c elementor-hidden-tablet elementor-hidden-mobile\" data-id=\"3c8151c\" data-element_type=\"column\">\n\t\t\t<div class=\"elementor-widget-wrap elementor-element-populated\">\n\t\t\t\t\t\t<div class=\"elementor-element elementor-element-10f9fd0 title animated-slow elementor-invisible elementor-widget elementor-widget-heading\" data-id=\"10f9fd0\" data-element_type=\"widget\" data-settings=\"{&quot;_animation&quot;:&quot;fadeIn&quot;}\" data-widget_type=\"heading.default\">\n\t\t\t\t<div class=\"elementor-widget-container\">\n\t\t\t<h3 class=\"elementor-heading-title elementor-size-default\">Im Herzen des Prosecco Superiore<\/h3>\t\t<\/div>\n\t\t\t\t<\/div>\n\t\t\t\t<div class=\"elementor-element elementor-element-af9a650 subtitle elementor-widget elementor-widget-text-editor\" data-id=\"af9a650\" data-element_type=\"widget\" data-widget_type=\"text-editor.default\">\n\t\t\t\t<div class=\"elementor-widget-container\">\n\t\t\t\t\t\t\t<p>Zeitlose Weinbautradition<\/p>\n\t\t\t\t\t\t<\/div>\n\t\t\t\t<\/div>\n\t\t\t\t<div class=\"elementor-element elementor-element-1afd3a9 elementor-widget elementor-widget-text-editor\" data-id=\"1afd3a9\" data-element_type=\"widget\" data-widget_type=\"text-editor.default\">\n\t\t\t\t<div class=\"elementor-widget-container\">\n\t\t\t\t\t\t\t<p><span data-sheets-root=\"1\">Im Herzen des Prosecco Superiore Zeitlose Weinbautradition.<\/span><\/p><p><span data-sheets-root=\"1\">Das Erzeugungsgebiet von Conegliano Valdobbiadene weist einzigartige Merkmale auf: Die steilen H\u00e4nge und die besondere Morphologie des Gebiets wurden im Juli 2019 von der Unesco anerkannt und in die Liste des Weltkulturerbes aufgenommen.<\/span><\/p>\t\t\t\t\t\t<\/div>\n\t\t\t\t<\/div>\n\t\t\t\t<div class=\"elementor-element elementor-element-f52c820 elementor-invisible elementor-widget elementor-widget-image\" data-id=\"f52c820\" data-element_type=\"widget\" data-settings=\"{&quot;_animation&quot;:&quot;imageGrowWithScaleLeft&quot;}\" data-widget_type=\"image.default\">\n\t\t\t\t<div class=\"elementor-widget-container\">\n\t\t\t\t\t\t\t<div class=\"elementor-image\">\n\t\t\t\t\t\t\t\t\t\t\t<div class=\"vamtam-image-wrapper\">\n\t\t\t\t\t\t\t\t\t\t\t\t\t\t\t\t\t\t\t\t\t<img fetchpriority=\"high\" decoding=\"async\" width=\"1024\" height=\"683\" src=\"https:\/\/www.rivadeifrati.it\/wp-content\/uploads\/2023\/10\/LB190058-1024x683.jpg\" class=\"attachment-large size-large wp-image-989315\" alt=\"\" srcset=\"https:\/\/www.rivadeifrati.it\/wp-content\/uploads\/2023\/10\/LB190058-1024x683.jpg 1024w, https:\/\/www.rivadeifrati.it\/wp-content\/uploads\/2023\/10\/LB190058-300x200.jpg 300w, https:\/\/www.rivadeifrati.it\/wp-content\/uploads\/2023\/10\/LB190058-768x512.jpg 768w, https:\/\/www.rivadeifrati.it\/wp-content\/uploads\/2023\/10\/LB190058-1536x1024.jpg 1536w, https:\/\/www.rivadeifrati.it\/wp-content\/uploads\/2023\/10\/LB190058-2048x1365.jpg 2048w, https:\/\/www.rivadeifrati.it\/wp-content\/uploads\/2023\/10\/LB190058-630x420.jpg 630w, https:\/\/www.rivadeifrati.it\/wp-content\/uploads\/2023\/10\/LB190058-1260x840.jpg 1260w, https:\/\/www.rivadeifrati.it\/wp-content\/uploads\/2023\/10\/LB190058-315x210.jpg 315w\" sizes=\"(max-width: 1024px) 100vw, 1024px\" \/>\t\t\t\t\t\t\t\t\t\t\t\t\t\t\t\t\t\t\t\t\t\t\t\t\t\t<\/div>\n\t\t\t\t\t\t\t\t\t<\/div>\n\t\t\t\t\t\t<\/div>\n\t\t\t\t<\/div>\n\t\t\t\t\t<\/div>\n\t\t<\/div>\n\t\t\t\t<div class=\"elementor-column elementor-col-50 elementor-inner-column elementor-element elementor-element-13ef0f6\" data-id=\"13ef0f6\" data-element_type=\"column\">\n\t\t\t<div class=\"elementor-widget-wrap elementor-element-populated\">\n\t\t\t\t\t\t<div class=\"elementor-element elementor-element-1972176 elementor-invisible elementor-widget elementor-widget-image\" data-id=\"1972176\" data-element_type=\"widget\" data-settings=\"{&quot;_animation&quot;:&quot;imageGrowWithScaleLeft&quot;}\" data-widget_type=\"image.default\">\n\t\t\t\t<div class=\"elementor-widget-container\">\n\t\t\t\t\t\t\t<div class=\"elementor-image\">\n\t\t\t\t\t\t\t\t\t\t\t<div class=\"vamtam-image-wrapper\">\n\t\t\t\t\t\t\t\t\t\t\t\t\t\t\t\t\t\t\t\t\t<img decoding=\"async\" width=\"1024\" height=\"650\" src=\"https:\/\/www.rivadeifrati.it\/wp-content\/uploads\/2023\/10\/territorio-horizontal.jpg\" class=\"attachment-large size-large wp-image-989546\" alt=\"\" srcset=\"https:\/\/www.rivadeifrati.it\/wp-content\/uploads\/2023\/10\/territorio-horizontal.jpg 1024w, https:\/\/www.rivadeifrati.it\/wp-content\/uploads\/2023\/10\/territorio-horizontal-300x190.jpg 300w, https:\/\/www.rivadeifrati.it\/wp-content\/uploads\/2023\/10\/territorio-horizontal-768x488.jpg 768w, https:\/\/www.rivadeifrati.it\/wp-content\/uploads\/2023\/10\/territorio-horizontal-630x400.jpg 630w, https:\/\/www.rivadeifrati.it\/wp-content\/uploads\/2023\/10\/territorio-horizontal-315x200.jpg 315w\" sizes=\"(max-width: 1024px) 100vw, 1024px\" \/>\t\t\t\t\t\t\t\t\t\t\t\t\t\t\t\t\t\t\t\t\t\t\t\t\t\t<\/div>\n\t\t\t\t\t\t\t\t\t<\/div>\n\t\t\t\t\t\t<\/div>\n\t\t\t\t<\/div>\n\t\t\t\t<div class=\"elementor-element elementor-element-e36aefc elementor-widget elementor-widget-text-editor\" data-id=\"e36aefc\" data-element_type=\"widget\" data-widget_type=\"text-editor.default\">\n\t\t\t\t<div class=\"elementor-widget-container\">\n\t\t\t\t\t\t\t<p>Der Boden von Conegliano Valdobbiadene ist sehr alt und geht auf die Hebung des Meeres- und Seebodens zur\u00fcck. Ein Teil der H\u00fcgel wurde von den Dolomitengletschern umgestaltet, die verschiedene Sedimente ins Tal brachten. Die daraus resultierenden B\u00f6den sind tiefgr\u00fcndig und bestehen aus Gesteins- und Sandkonglomeraten mit einem hohen Anteil an Ton und manchmal Eisen. Dort, wo der Gletscher nicht gewirkt hat, sind B\u00f6den marinen Ursprungs aus Mergeln und Sandsteinen verblieben, die flacher und filtrierender sind. Dies f\u00fchrt zur Koexistenz vieler verschiedener Bodentypen, aber auch zu einer unterschiedlichen Beschaffenheit der H\u00fcgel, die im Gebiet von Conegliano sanfter und im Gebiet von Valdobbiadene steiler und vollst\u00e4ndig nach S\u00fcden ausgerichtet sind.<\/p>\n\t\t\t\t\t\t<\/div>\n\t\t\t\t<\/div>\n\t\t\t\t\t<\/div>\n\t\t<\/div>\n\t\t\t\t\t<\/div>\n\t\t<\/section>\n\t\t\t\t\t<\/div>\n\t\t<\/div>\n\t\t\t\t\t<\/div>\n\t\t<\/section>\n\t\t\t\t<section class=\"elementor-section elementor-top-section elementor-element elementor-element-4aeab54 elementor-section-full_width banner-cta banner-cta-1 elementor-section-height-default elementor-section-height-default\" data-id=\"4aeab54\" data-element_type=\"section\" id=\"territorio-scopri\" data-settings=\"{&quot;background_background&quot;:&quot;classic&quot;}\">\n\t\t\t\t\t\t<div class=\"elementor-container elementor-column-gap-no\">\n\t\t\t\t\t<div class=\"elementor-column elementor-col-100 elementor-top-column elementor-element elementor-element-62b3268\" data-id=\"62b3268\" data-element_type=\"column\">\n\t\t\t<div class=\"elementor-widget-wrap elementor-element-populated\">\n\t\t\t\t\t\t<div class=\"elementor-element elementor-element-d80b1e8 elementor-widget elementor-widget-text-editor\" data-id=\"d80b1e8\" data-element_type=\"widget\" data-widget_type=\"text-editor.default\">\n\t\t\t\t<div class=\"elementor-widget-container\">\n\t\t\t\t\t\t\t<h3>Eine Landschaft von seltener Sch\u00f6nheit<\/h3>\n<p><span style=\"font-weight: 400;\">Die H\u00e4nge, die der Landschaft einen unverwechselbaren Charakter verleihen (Hogback), sind nur eines der Merkmale, die es diesen Orten erm\u00f6glicht haben, Teil der Unesco-St\u00e4tten zu werden.  <\/span><\/p>\n<p><span style=\"font-weight: 400;\">Das mosaikartige Erscheinungsbild, das wir in diesem Gebiet vorfinden, ist in der Tat das Ergebnis traditioneller \u00f6kologischer und landwirtschaftlicher Praktiken, die noch immer angewendet werden. Die auf H\u00fcgeln angelegten Weinbergsparzellen stehen neben Waldst\u00fccken, Hecken und Baumreihen, die als Verbindung zwischen den verschiedenen Lebensr\u00e4umen dienen. Das Gebiet zeichnet sich auch durch h\u00e4ufige Sommerregen aus, mit einer durchschnittlichen Niederschlagsmenge von 1250 mm, was in Verbindung mit der besonderen Lage der Weinberge zwischen dem Meer und den Voralpen ein gem\u00e4\u00dfigtes Klima garantiert, das eine schnelle Trocknung der Trauben nach den Regenf\u00e4llen erm\u00f6glicht.  <\/span><\/p>\n\t\t\t\t\t\t<\/div>\n\t\t\t\t<\/div>\n\t\t\t\t\t<\/div>\n\t\t<\/div>\n\t\t\t\t\t<\/div>\n\t\t<\/section>\n\t\t\t\t<section class=\"elementor-section elementor-top-section elementor-element elementor-element-7ce53f3 elementor-section-height-min-height elementor-section-items-stretch elementor-section-full_width fascia-riquadri-link elementor-section-height-default\" data-id=\"7ce53f3\" data-element_type=\"section\">\n\t\t\t\t\t\t<div class=\"elementor-container elementor-column-gap-default\">\n\t\t\t\t\t<div class=\"elementor-column elementor-col-33 elementor-top-column elementor-element elementor-element-3ab16bd\" data-id=\"3ab16bd\" data-element_type=\"column\">\n\t\t\t<div class=\"elementor-widget-wrap elementor-element-populated\">\n\t\t\t\t\t<div class=\"elementor-background-overlay\"><\/div>\n\t\t\t\t\t\t<div class=\"elementor-element elementor-element-31f8455 elementor-cta--skin-cover elementor-bg-transform elementor-bg-transform-zoom-out elementor-animated-content elementor-widget elementor-widget-call-to-action\" data-id=\"31f8455\" data-element_type=\"widget\" data-widget_type=\"call-to-action.default\">\n\t\t\t\t<div class=\"elementor-widget-container\">\n\t\t\t\t\t<a class=\"elementor-cta\" href=\"https:\/\/www.rivadeifrati.it\/de\/weinberge\/\">\n\t\t\t\t\t<div class=\"elementor-cta__bg-wrapper\">\n\t\t\t\t<div class=\"elementor-cta__bg elementor-bg\" style=\"background-image: url(https:\/\/www.rivadeifrati.it\/wp-content\/uploads\/2023\/10\/vigneti-01.jpg);\" role=\"img\" aria-label=\"vigneti-01\"><\/div>\n\t\t\t\t<div class=\"elementor-cta__bg-overlay\"><\/div>\n\t\t\t<\/div>\n\t\t\t\t\t\t\t<div class=\"elementor-cta__content\">\n\t\t\t\t\n\t\t\t\t\n\t\t\t\t\n\t\t\t\t\t\t\t\t\t<div class=\"elementor-cta__button-wrapper elementor-cta__content-item elementor-content-item elementor-animated-item--grow\">\n\t\t\t\t\t<span class=\"elementor-cta__button elementor-button elementor-size-\">\n\t\t\t\t\t\tDie Weinberge\t\t\t\t\t<\/span>\n\t\t\t\t\t<\/div>\n\t\t\t\t\t\t\t<\/div>\n\t\t\t\t\t\t<\/a>\n\t\t\t\t<\/div>\n\t\t\t\t<\/div>\n\t\t\t\t\t<\/div>\n\t\t<\/div>\n\t\t\t\t<div class=\"elementor-column elementor-col-33 elementor-top-column elementor-element elementor-element-5045f19\" data-id=\"5045f19\" data-element_type=\"column\">\n\t\t\t<div class=\"elementor-widget-wrap elementor-element-populated\">\n\t\t\t\t\t<div class=\"elementor-background-overlay\"><\/div>\n\t\t\t\t\t\t<div class=\"elementor-element elementor-element-688004c elementor-cta--skin-cover elementor-bg-transform elementor-bg-transform-zoom-out elementor-animated-content elementor-widget elementor-widget-call-to-action\" data-id=\"688004c\" data-element_type=\"widget\" data-widget_type=\"call-to-action.default\">\n\t\t\t\t<div class=\"elementor-widget-container\">\n\t\t\t\t\t<a class=\"elementor-cta\" href=\"https:\/\/www.rivadeifrati.it\/de\/familie\/\">\n\t\t\t\t\t<div class=\"elementor-cta__bg-wrapper\">\n\t\t\t\t<div class=\"elementor-cta__bg elementor-bg\" style=\"background-image: url(https:\/\/www.rivadeifrati.it\/wp-content\/uploads\/2023\/10\/famiglia-06.jpg);\" role=\"img\" aria-label=\"famiglia-06\"><\/div>\n\t\t\t\t<div class=\"elementor-cta__bg-overlay\"><\/div>\n\t\t\t<\/div>\n\t\t\t\t\t\t\t<div class=\"elementor-cta__content\">\n\t\t\t\t\n\t\t\t\t\n\t\t\t\t\n\t\t\t\t\t\t\t\t\t<div class=\"elementor-cta__button-wrapper elementor-cta__content-item elementor-content-item elementor-animated-item--grow\">\n\t\t\t\t\t<span class=\"elementor-cta__button elementor-button elementor-size-\">\n\t\t\t\t\t\tDie Familie\t\t\t\t\t<\/span>\n\t\t\t\t\t<\/div>\n\t\t\t\t\t\t\t<\/div>\n\t\t\t\t\t\t<\/a>\n\t\t\t\t<\/div>\n\t\t\t\t<\/div>\n\t\t\t\t\t<\/div>\n\t\t<\/div>\n\t\t\t\t<div class=\"elementor-column elementor-col-33 elementor-top-column elementor-element elementor-element-a3a55d0\" data-id=\"a3a55d0\" data-element_type=\"column\">\n\t\t\t<div class=\"elementor-widget-wrap elementor-element-populated\">\n\t\t\t\t\t<div class=\"elementor-background-overlay\"><\/div>\n\t\t\t\t\t\t<div class=\"elementor-element elementor-element-13f1fb9 elementor-cta--skin-cover elementor-bg-transform elementor-bg-transform-zoom-out elementor-animated-content elementor-widget elementor-widget-call-to-action\" data-id=\"13f1fb9\" data-element_type=\"widget\" data-widget_type=\"call-to-action.default\">\n\t\t\t\t<div class=\"elementor-widget-container\">\n\t\t\t\t\t<a class=\"elementor-cta\" href=\"https:\/\/www.rivadeifrati.it\/de\/keller\/\">\n\t\t\t\t\t<div class=\"elementor-cta__bg-wrapper\">\n\t\t\t\t<div class=\"elementor-cta__bg elementor-bg\" style=\"background-image: url(https:\/\/www.rivadeifrati.it\/wp-content\/uploads\/2023\/10\/vigneti-02-1024x621.jpg);\" role=\"img\" aria-label=\"vigneti-02\"><\/div>\n\t\t\t\t<div class=\"elementor-cta__bg-overlay\"><\/div>\n\t\t\t<\/div>\n\t\t\t\t\t\t\t<div class=\"elementor-cta__content\">\n\t\t\t\t\n\t\t\t\t\n\t\t\t\t\n\t\t\t\t\t\t\t\t\t<div class=\"elementor-cta__button-wrapper elementor-cta__content-item elementor-content-item elementor-animated-item--grow\">\n\t\t\t\t\t<span class=\"elementor-cta__button elementor-button elementor-size-\">\n\t\t\t\t\t\tDer Keller\t\t\t\t\t<\/span>\n\t\t\t\t\t<\/div>\n\t\t\t\t\t\t\t<\/div>\n\t\t\t\t\t\t<\/a>\n\t\t\t\t<\/div>\n\t\t\t\t<\/div>\n\t\t\t\t\t<\/div>\n\t\t<\/div>\n\t\t\t\t\t<\/div>\n\t\t<\/section>\n\t\t\t\t<\/div>\n\t\t","protected":false},"excerpt":{"rendered":"<p>A n b a u g e b i e t Das Anbaugebiet Durch die Orte des t\u00e4glichen Lebens In der Region Venetien, in einem Streifen der Marca Trevigiana, der seit dem Mittelalter als &#8222;gioiosa et amorosa&#8220; (fr\u00f6hlich und liebevoll) bekannt ist, befindet sich die Prosecco-Weinstra\u00dfe, die die charakteristischsten und wichtigsten Orte f\u00fcr die Herstellung&#8230;<\/p>\n","protected":false},"author":1,"featured_media":0,"parent":0,"menu_order":0,"comment_status":"closed","ping_status":"closed","template":"","meta":{"inline_featured_image":false,"footnotes":""},"class_list":["post-990767","page","type-page","status-publish","hentry"],"yoast_head":"<!-- This site is optimized with the Yoast SEO plugin v24.5 - https:\/\/yoast.com\/wordpress\/plugins\/seo\/ -->\n<title>Anbaugebiet - Riva dei Frati<\/title>\n<meta name=\"robots\" content=\"index, follow, max-snippet:-1, max-image-preview:large, max-video-preview:-1\" \/>\n<link rel=\"canonical\" href=\"https:\/\/www.rivadeifrati.it\/de\/anbaugebiet\/\" \/>\n<meta property=\"og:locale\" content=\"de_DE\" \/>\n<meta property=\"og:type\" content=\"article\" \/>\n<meta property=\"og:title\" content=\"Anbaugebiet - Riva dei Frati\" \/>\n<meta property=\"og:description\" content=\"A n b a u g e b i e t Das Anbaugebiet Durch die Orte des t\u00e4glichen Lebens In der Region Venetien, in einem Streifen der Marca Trevigiana, der seit dem Mittelalter als &#8222;gioiosa et amorosa&#8220; (fr\u00f6hlich und liebevoll) bekannt ist, befindet sich die Prosecco-Weinstra\u00dfe, die die charakteristischsten und wichtigsten Orte f\u00fcr die Herstellung...\" \/>\n<meta property=\"og:url\" content=\"https:\/\/www.rivadeifrati.it\/de\/anbaugebiet\/\" \/>\n<meta property=\"og:site_name\" content=\"Riva dei Frati\" \/>\n<meta property=\"article:modified_time\" content=\"2025-06-11T13:38:34+00:00\" \/>\n<meta property=\"og:image\" content=\"https:\/\/www.rivadeifrati.it\/wp-content\/uploads\/2023\/10\/LB190058-scaled.jpg\" \/>\n\t<meta property=\"og:image:width\" content=\"2560\" \/>\n\t<meta property=\"og:image:height\" content=\"1707\" \/>\n\t<meta property=\"og:image:type\" content=\"image\/jpeg\" \/>\n<meta name=\"twitter:card\" content=\"summary_large_image\" \/>\n<meta name=\"twitter:label1\" content=\"Gesch\u00e4tzte Lesezeit\" \/>\n\t<meta name=\"twitter:data1\" content=\"3\u00a0Minuten\" \/>\n<script type=\"application\/ld+json\" class=\"yoast-schema-graph\">{\"@context\":\"https:\/\/schema.org\",\"@graph\":[{\"@type\":\"WebPage\",\"@id\":\"https:\/\/www.rivadeifrati.it\/de\/anbaugebiet\/\",\"url\":\"https:\/\/www.rivadeifrati.it\/de\/anbaugebiet\/\",\"name\":\"Anbaugebiet - Riva dei Frati\",\"isPartOf\":{\"@id\":\"https:\/\/www.rivadeifrati.it\/it\/#website\"},\"primaryImageOfPage\":{\"@id\":\"https:\/\/www.rivadeifrati.it\/de\/anbaugebiet\/#primaryimage\"},\"image\":{\"@id\":\"https:\/\/www.rivadeifrati.it\/de\/anbaugebiet\/#primaryimage\"},\"thumbnailUrl\":\"https:\/\/www.rivadeifrati.it\/wp-content\/uploads\/2023\/10\/LB190058-1024x683.jpg\",\"datePublished\":\"2023-07-21T08:59:58+00:00\",\"dateModified\":\"2025-06-11T13:38:34+00:00\",\"breadcrumb\":{\"@id\":\"https:\/\/www.rivadeifrati.it\/de\/anbaugebiet\/#breadcrumb\"},\"inLanguage\":\"de\",\"potentialAction\":[{\"@type\":\"ReadAction\",\"target\":[\"https:\/\/www.rivadeifrati.it\/de\/anbaugebiet\/\"]}]},{\"@type\":\"ImageObject\",\"inLanguage\":\"de\",\"@id\":\"https:\/\/www.rivadeifrati.it\/de\/anbaugebiet\/#primaryimage\",\"url\":\"https:\/\/www.rivadeifrati.it\/wp-content\/uploads\/2023\/10\/LB190058-1024x683.jpg\",\"contentUrl\":\"https:\/\/www.rivadeifrati.it\/wp-content\/uploads\/2023\/10\/LB190058-1024x683.jpg\"},{\"@type\":\"BreadcrumbList\",\"@id\":\"https:\/\/www.rivadeifrati.it\/de\/anbaugebiet\/#breadcrumb\",\"itemListElement\":[{\"@type\":\"ListItem\",\"position\":1,\"name\":\"Home\",\"item\":\"https:\/\/www.rivadeifrati.it\/en\/\"},{\"@type\":\"ListItem\",\"position\":2,\"name\":\"Anbaugebiet\"}]},{\"@type\":\"WebSite\",\"@id\":\"https:\/\/www.rivadeifrati.it\/it\/#website\",\"url\":\"https:\/\/www.rivadeifrati.it\/it\/\",\"name\":\"Riva dei Frati\",\"description\":\"\",\"publisher\":{\"@id\":\"https:\/\/www.rivadeifrati.it\/it\/#organization\"},\"inLanguage\":\"de\"},{\"@type\":\"Organization\",\"@id\":\"https:\/\/www.rivadeifrati.it\/it\/#organization\",\"name\":\"Riva dei Frati\",\"url\":\"https:\/\/www.rivadeifrati.it\/it\/\",\"logo\":{\"@type\":\"ImageObject\",\"inLanguage\":\"de\",\"@id\":\"https:\/\/www.rivadeifrati.it\/it\/#\/schema\/logo\/image\/\",\"url\":\"https:\/\/www.rivadeifrati.it\/wp-content\/uploads\/2020\/03\/LOGO-ORO.png\",\"contentUrl\":\"https:\/\/www.rivadeifrati.it\/wp-content\/uploads\/2020\/03\/LOGO-ORO.png\",\"width\":1237,\"height\":501,\"caption\":\"Riva dei Frati\"},\"image\":{\"@id\":\"https:\/\/www.rivadeifrati.it\/it\/#\/schema\/logo\/image\/\"}}]}<\/script>\n<!-- \/ Yoast SEO plugin. -->","yoast_head_json":{"title":"Anbaugebiet - Riva dei Frati","robots":{"index":"index","follow":"follow","max-snippet":"max-snippet:-1","max-image-preview":"max-image-preview:large","max-video-preview":"max-video-preview:-1"},"canonical":"https:\/\/www.rivadeifrati.it\/de\/anbaugebiet\/","og_locale":"de_DE","og_type":"article","og_title":"Anbaugebiet - Riva dei Frati","og_description":"A n b a u g e b i e t Das Anbaugebiet Durch die Orte des t\u00e4glichen Lebens In der Region Venetien, in einem Streifen der Marca Trevigiana, der seit dem Mittelalter als &#8222;gioiosa et amorosa&#8220; (fr\u00f6hlich und liebevoll) bekannt ist, befindet sich die Prosecco-Weinstra\u00dfe, die die charakteristischsten und wichtigsten Orte f\u00fcr die Herstellung...","og_url":"https:\/\/www.rivadeifrati.it\/de\/anbaugebiet\/","og_site_name":"Riva dei Frati","article_modified_time":"2025-06-11T13:38:34+00:00","og_image":[{"width":2560,"height":1707,"url":"https:\/\/www.rivadeifrati.it\/wp-content\/uploads\/2023\/10\/LB190058-scaled.jpg","type":"image\/jpeg"}],"twitter_card":"summary_large_image","twitter_misc":{"Gesch\u00e4tzte Lesezeit":"3\u00a0Minuten"},"schema":{"@context":"https:\/\/schema.org","@graph":[{"@type":"WebPage","@id":"https:\/\/www.rivadeifrati.it\/de\/anbaugebiet\/","url":"https:\/\/www.rivadeifrati.it\/de\/anbaugebiet\/","name":"Anbaugebiet - Riva dei Frati","isPartOf":{"@id":"https:\/\/www.rivadeifrati.it\/it\/#website"},"primaryImageOfPage":{"@id":"https:\/\/www.rivadeifrati.it\/de\/anbaugebiet\/#primaryimage"},"image":{"@id":"https:\/\/www.rivadeifrati.it\/de\/anbaugebiet\/#primaryimage"},"thumbnailUrl":"https:\/\/www.rivadeifrati.it\/wp-content\/uploads\/2023\/10\/LB190058-1024x683.jpg","datePublished":"2023-07-21T08:59:58+00:00","dateModified":"2025-06-11T13:38:34+00:00","breadcrumb":{"@id":"https:\/\/www.rivadeifrati.it\/de\/anbaugebiet\/#breadcrumb"},"inLanguage":"de","potentialAction":[{"@type":"ReadAction","target":["https:\/\/www.rivadeifrati.it\/de\/anbaugebiet\/"]}]},{"@type":"ImageObject","inLanguage":"de","@id":"https:\/\/www.rivadeifrati.it\/de\/anbaugebiet\/#primaryimage","url":"https:\/\/www.rivadeifrati.it\/wp-content\/uploads\/2023\/10\/LB190058-1024x683.jpg","contentUrl":"https:\/\/www.rivadeifrati.it\/wp-content\/uploads\/2023\/10\/LB190058-1024x683.jpg"},{"@type":"BreadcrumbList","@id":"https:\/\/www.rivadeifrati.it\/de\/anbaugebiet\/#breadcrumb","itemListElement":[{"@type":"ListItem","position":1,"name":"Home","item":"https:\/\/www.rivadeifrati.it\/en\/"},{"@type":"ListItem","position":2,"name":"Anbaugebiet"}]},{"@type":"WebSite","@id":"https:\/\/www.rivadeifrati.it\/it\/#website","url":"https:\/\/www.rivadeifrati.it\/it\/","name":"Riva dei Frati","description":"","publisher":{"@id":"https:\/\/www.rivadeifrati.it\/it\/#organization"},"inLanguage":"de"},{"@type":"Organization","@id":"https:\/\/www.rivadeifrati.it\/it\/#organization","name":"Riva dei Frati","url":"https:\/\/www.rivadeifrati.it\/it\/","logo":{"@type":"ImageObject","inLanguage":"de","@id":"https:\/\/www.rivadeifrati.it\/it\/#\/schema\/logo\/image\/","url":"https:\/\/www.rivadeifrati.it\/wp-content\/uploads\/2020\/03\/LOGO-ORO.png","contentUrl":"https:\/\/www.rivadeifrati.it\/wp-content\/uploads\/2020\/03\/LOGO-ORO.png","width":1237,"height":501,"caption":"Riva dei Frati"},"image":{"@id":"https:\/\/www.rivadeifrati.it\/it\/#\/schema\/logo\/image\/"}}]}},"_links":{"self":[{"href":"https:\/\/www.rivadeifrati.it\/de\/wp-json\/wp\/v2\/pages\/990767","targetHints":{"allow":["GET"]}}],"collection":[{"href":"https:\/\/www.rivadeifrati.it\/de\/wp-json\/wp\/v2\/pages"}],"about":[{"href":"https:\/\/www.rivadeifrati.it\/de\/wp-json\/wp\/v2\/types\/page"}],"author":[{"embeddable":true,"href":"https:\/\/www.rivadeifrati.it\/de\/wp-json\/wp\/v2\/users\/1"}],"replies":[{"embeddable":true,"href":"https:\/\/www.rivadeifrati.it\/de\/wp-json\/wp\/v2\/comments?post=990767"}],"version-history":[{"count":23,"href":"https:\/\/www.rivadeifrati.it\/de\/wp-json\/wp\/v2\/pages\/990767\/revisions"}],"predecessor-version":[{"id":992056,"href":"https:\/\/www.rivadeifrati.it\/de\/wp-json\/wp\/v2\/pages\/990767\/revisions\/992056"}],"wp:attachment":[{"href":"https:\/\/www.rivadeifrati.it\/de\/wp-json\/wp\/v2\/media?parent=990767"}],"curies":[{"name":"wp","href":"https:\/\/api.w.org\/{rel}","templated":true}]}}