{"id":990775,"date":"2020-03-13T17:29:59","date_gmt":"2020-03-13T17:29:59","guid":{"rendered":"https:\/\/www.rivadeifrati.it\/weinberge\/"},"modified":"2023-11-03T10:23:33","modified_gmt":"2023-11-03T10:23:33","slug":"weinberge","status":"publish","type":"page","link":"https:\/\/www.rivadeifrati.it\/de\/weinberge\/","title":{"rendered":"Weinberge"},"content":{"rendered":"\t\t<div data-elementor-type=\"wp-page\" data-elementor-id=\"990775\" class=\"elementor elementor-990775 elementor-340\" data-elementor-post-type=\"page\">\n\t\t\t\t\t\t<section class=\"elementor-section elementor-top-section elementor-element elementor-element-26b30b6 elementor-section-height-min-height elementor-section-content-bottom page-hero elementor-section-boxed elementor-section-height-default elementor-section-items-middle\" data-id=\"26b30b6\" data-element_type=\"section\" data-settings=\"{&quot;background_background&quot;:&quot;classic&quot;}\">\n\t\t\t\t\t\t\t<div class=\"elementor-background-overlay\"><\/div>\n\t\t\t\t\t\t\t<div class=\"elementor-container elementor-column-gap-default\">\n\t\t\t\t\t<div class=\"elementor-column elementor-col-100 elementor-top-column elementor-element elementor-element-947371e\" data-id=\"947371e\" data-element_type=\"column\">\n\t\t\t<div class=\"elementor-widget-wrap elementor-element-populated\">\n\t\t\t\t\t\t<div class=\"elementor-element elementor-element-9cf9baf elementor-headline--style-blurred_letters animated-slow elementor-invisible elementor-widget elementor-widget-vamtam-animated-headline\" data-id=\"9cf9baf\" data-element_type=\"widget\" data-settings=\"{&quot;headline_style&quot;:&quot;blurred_letters&quot;,&quot;vamtam_text&quot;:&quot;Weinberge&quot;,&quot;_animation&quot;:&quot;fadeInUp&quot;}\" data-widget_type=\"vamtam-animated-headline.default\">\n\t\t\t\t<div class=\"elementor-widget-container\">\n\t\t\t\t\t\t\t<h1 class=\"elementor-headline\">\n\t\t\t\t\t\t\t\t\t\t\t\t\t\t\t\t\t\t\t\t\t\t\t\t<span class=\"vamtam-word\">\t\t\t\t\t\t\t\t\t\t\t\t\t\t\t<span class=\"vamtam-letter blurred\" data-delay=\"0.17\">W<\/span>\n\t\t\t\t\t\t\t\t\t\t\t\t\t\t\t\t\t\t\t\t\t\t\t\t\t\t\t\t\t\t\t\t\t\t\t<span class=\"vamtam-letter\">e<\/span>\n\t\t\t\t\t\t\t\t\t\t\t\t\t\t\t\t\t\t\t\t\t\t\t\t\t\t\t\t\t\t\t\t\t\t\t<span class=\"vamtam-letter\">i<\/span>\n\t\t\t\t\t\t\t\t\t\t\t\t\t\t\t\t\t\t\t\t\t\t\t\t\t\t\t\t\t\t\t\t\t\t\t<span class=\"vamtam-letter\">n<\/span>\n\t\t\t\t\t\t\t\t\t\t\t\t\t\t\t\t\t\t\t\t\t\t\t\t\t\t\t\t\t\t\t\t\t\t\t<span class=\"vamtam-letter blurred\" data-delay=\"0.31\">b<\/span>\n\t\t\t\t\t\t\t\t\t\t\t\t\t\t\t\t\t\t\t\t\t\t\t\t\t\t\t\t\t\t\t\t\t\t\t<span class=\"vamtam-letter\">e<\/span>\n\t\t\t\t\t\t\t\t\t\t\t\t\t\t\t\t\t\t\t\t\t\t\t\t\t\t\t\t\t\t\t\t\t\t\t<span class=\"vamtam-letter\">r<\/span>\n\t\t\t\t\t\t\t\t\t\t\t\t\t\t\t\t\t\t\t\t\t\t\t\t\t\t\t\t\t\t\t\t\t\t\t<span class=\"vamtam-letter\">g<\/span>\n\t\t\t\t\t\t\t\t\t\t\t\t\t\t\t\t\t\t\t\t\t\t\t\t\t\t\t\t\t\t\t\t\t\t\t<span class=\"vamtam-letter\">e<\/span>\n\t\t\t\t\t\t\t\t\t\t\t\t\t\t\t\t\t\t\t<\/span>\t\t\t\t\t\t\t\t\t<\/h1>\n\t\t\t\t\t\t<\/div>\n\t\t\t\t<\/div>\n\t\t\t\t\t<\/div>\n\t\t<\/div>\n\t\t\t\t\t<\/div>\n\t\t<\/section>\n\t\t\t\t<section class=\"elementor-section elementor-top-section elementor-element elementor-element-8d3036c page-payoff elementor-section-boxed elementor-section-height-default elementor-section-height-default\" data-id=\"8d3036c\" data-element_type=\"section\" id=\"vigneti-payoff\" data-settings=\"{&quot;background_background&quot;:&quot;classic&quot;}\">\n\t\t\t\t\t\t<div class=\"elementor-container elementor-column-gap-default\">\n\t\t\t\t\t<div class=\"elementor-column elementor-col-100 elementor-top-column elementor-element elementor-element-83d9fb0\" data-id=\"83d9fb0\" data-element_type=\"column\">\n\t\t\t<div class=\"elementor-widget-wrap elementor-element-populated\">\n\t\t\t\t\t\t<div class=\"elementor-element elementor-element-961495c title elementor-widget elementor-widget-heading\" data-id=\"961495c\" data-element_type=\"widget\" data-widget_type=\"heading.default\">\n\t\t\t\t<div class=\"elementor-widget-container\">\n\t\t\t<h2 class=\"elementor-heading-title elementor-size-default\">Weinberge im Gebiet des Prosecco Superiore  <\/h2>\t\t<\/div>\n\t\t\t\t<\/div>\n\t\t\t\t<div class=\"elementor-element elementor-element-9fd5215 subtitle elementor-widget elementor-widget-text-editor\" data-id=\"9fd5215\" data-element_type=\"widget\" data-widget_type=\"text-editor.default\">\n\t\t\t\t<div class=\"elementor-widget-container\">\n\t\t\t\t\t\t\t<p>Hier atmet man Geschichte und Legende, Tradition und Innovation.<\/p>\n\t\t\t\t\t\t<\/div>\n\t\t\t\t<\/div>\n\t\t\t\t<div class=\"elementor-element elementor-element-e35df01 elementor-widget elementor-widget-text-editor\" data-id=\"e35df01\" data-element_type=\"widget\" data-widget_type=\"text-editor.default\">\n\t\t\t\t<div class=\"elementor-widget-container\">\n\t\t\t\t\t\t\t<p><span style=\"font-weight: 400;\">Die Weinberge von Riva dei Frati liegen in der H\u00fcgellandschaft zwischen Col San Martino und Santo Stefano di Valdobbiadene und haben noch die urspr\u00fcngliche Beschaffenheit der Terrassen und Reihen bewahrt: Hier wird die gro\u00dfe und heikle Arbeit ausschlie\u00dflich von Hand ausgef\u00fchrt, mit durchschnittlich 800 Stunden pro Hektar und Jahr und Steigungen von fast 20%.  <\/span><\/p>\n<p><span style=\"font-weight: 400;\">Die Qualit\u00e4t beginnt und wird in erster Linie im Weinberg erreicht: von der Anpflanzung des Weinbergs mit der Wahl des Standorts, der besten Kombination von Unterlage und Rebe bis hin zum Erziehungssystem (doppelte Umkehrung). Dar\u00fcber hinaus ist einer der wichtigsten Faktoren f\u00fcr die Aufwertung der verschiedenen Umgebungen die Erhaltung der biologischen Vielfalt im Weinberg, die sich im Aspekt der sortenm\u00e4\u00dfigen und genetischen Verbesserung widerspiegelt.<\/span><\/p>\n\t\t\t\t\t\t<\/div>\n\t\t\t\t<\/div>\n\t\t\t\t\t<\/div>\n\t\t<\/div>\n\t\t\t\t\t<\/div>\n\t\t<\/section>\n\t\t\t\t<section class=\"elementor-section elementor-top-section elementor-element elementor-element-ffde958 elementor-section-full_width section-text-images-special elementor-section-height-default elementor-section-height-default\" data-id=\"ffde958\" data-element_type=\"section\" id=\"vigneti-antichi\">\n\t\t\t\t\t\t<div class=\"elementor-container elementor-column-gap-no\">\n\t\t\t\t\t<div class=\"elementor-column elementor-col-100 elementor-top-column elementor-element elementor-element-52c61f9\" data-id=\"52c61f9\" data-element_type=\"column\">\n\t\t\t<div class=\"elementor-widget-wrap elementor-element-populated\">\n\t\t\t\t\t\t<section class=\"elementor-section elementor-inner-section elementor-element elementor-element-ebc0a41 elementor-section-full_width elementor-section-height-default elementor-section-height-default\" data-id=\"ebc0a41\" data-element_type=\"section\">\n\t\t\t\t\t\t<div class=\"elementor-container elementor-column-gap-default\">\n\t\t\t\t\t<div class=\"elementor-column elementor-col-50 elementor-inner-column elementor-element elementor-element-08120c2\" data-id=\"08120c2\" data-element_type=\"column\">\n\t\t\t<div class=\"elementor-widget-wrap elementor-element-populated\">\n\t\t\t\t\t\t<div class=\"elementor-element elementor-element-12519a9 title animated-slow elementor-invisible elementor-widget elementor-widget-heading\" data-id=\"12519a9\" data-element_type=\"widget\" data-settings=\"{&quot;_animation&quot;:&quot;fadeIn&quot;}\" data-widget_type=\"heading.default\">\n\t\t\t\t<div class=\"elementor-widget-container\">\n\t\t\t<h3 class=\"elementor-heading-title elementor-size-default\">Alte Weinberge<\/h3>\t\t<\/div>\n\t\t\t\t<\/div>\n\t\t\t\t<div class=\"elementor-element elementor-element-d828373 subtitle elementor-widget elementor-widget-text-editor\" data-id=\"d828373\" data-element_type=\"widget\" data-widget_type=\"text-editor.default\">\n\t\t\t\t<div class=\"elementor-widget-container\">\n\t\t\t\t\t\t\t<p>  Im Herzen von Valdobbiadene<\/p>\n\t\t\t\t\t\t<\/div>\n\t\t\t\t<\/div>\n\t\t\t\t\t<\/div>\n\t\t<\/div>\n\t\t\t\t<div class=\"elementor-column elementor-col-50 elementor-inner-column elementor-element elementor-element-b6ef446\" data-id=\"b6ef446\" data-element_type=\"column\">\n\t\t\t<div class=\"elementor-widget-wrap elementor-element-populated\">\n\t\t\t\t\t\t<div class=\"elementor-element elementor-element-43b9827 elementor-invisible elementor-widget elementor-widget-image\" data-id=\"43b9827\" data-element_type=\"widget\" data-settings=\"{&quot;_animation&quot;:&quot;imageGrowWithScaleLeft&quot;}\" data-widget_type=\"image.default\">\n\t\t\t\t<div class=\"elementor-widget-container\">\n\t\t\t\t\t\t\t<div class=\"elementor-image\">\n\t\t\t\t\t\t\t\t\t\t\t<div class=\"vamtam-image-wrapper\">\n\t\t\t\t\t\t\t\t\t\t\t\t\t\t\t\t\t\t\t\t\t<img fetchpriority=\"high\" decoding=\"async\" width=\"1024\" height=\"621\" src=\"https:\/\/www.rivadeifrati.it\/wp-content\/uploads\/2023\/10\/vigneti-02-1024x621.jpg\" class=\"attachment-large size-large wp-image-989374\" alt=\"\" srcset=\"https:\/\/www.rivadeifrati.it\/wp-content\/uploads\/2023\/10\/vigneti-02-1024x621.jpg 1024w, https:\/\/www.rivadeifrati.it\/wp-content\/uploads\/2023\/10\/vigneti-02-300x182.jpg 300w, https:\/\/www.rivadeifrati.it\/wp-content\/uploads\/2023\/10\/vigneti-02-768x466.jpg 768w, https:\/\/www.rivadeifrati.it\/wp-content\/uploads\/2023\/10\/vigneti-02-1536x932.jpg 1536w, https:\/\/www.rivadeifrati.it\/wp-content\/uploads\/2023\/10\/vigneti-02-630x382.jpg 630w, https:\/\/www.rivadeifrati.it\/wp-content\/uploads\/2023\/10\/vigneti-02-1260x764.jpg 1260w, https:\/\/www.rivadeifrati.it\/wp-content\/uploads\/2023\/10\/vigneti-02-315x191.jpg 315w, https:\/\/www.rivadeifrati.it\/wp-content\/uploads\/2023\/10\/vigneti-02.jpg 1975w\" sizes=\"(max-width: 1024px) 100vw, 1024px\" \/>\t\t\t\t\t\t\t\t\t\t\t\t\t\t\t\t\t\t\t\t\t\t\t\t\t\t<\/div>\n\t\t\t\t\t\t\t\t\t<\/div>\n\t\t\t\t\t\t<\/div>\n\t\t\t\t<\/div>\n\t\t\t\t\t<\/div>\n\t\t<\/div>\n\t\t\t\t\t<\/div>\n\t\t<\/section>\n\t\t\t\t<section class=\"elementor-section elementor-inner-section elementor-element elementor-element-4eb190d elementor-section-full_width elementor-section-height-default elementor-section-height-default\" data-id=\"4eb190d\" data-element_type=\"section\">\n\t\t\t\t\t\t<div class=\"elementor-container elementor-column-gap-default\">\n\t\t\t\t\t<div class=\"elementor-column elementor-col-50 elementor-inner-column elementor-element elementor-element-33cee73\" data-id=\"33cee73\" data-element_type=\"column\">\n\t\t\t<div class=\"elementor-widget-wrap elementor-element-populated\">\n\t\t\t\t\t\t<div class=\"elementor-element elementor-element-f55b9fe elementor-widget elementor-widget-text-editor\" data-id=\"f55b9fe\" data-element_type=\"widget\" data-widget_type=\"text-editor.default\">\n\t\t\t\t<div class=\"elementor-widget-container\">\n\t\t\t\t\t\t\t<p><span style=\"font-weight: 400;\">Im Gebiet von Cartizze und Col San Martino befinden sich die \u00e4ltesten Weinberge von Riva dei Frati, wo die verschiedenen, radial angeordneten Terrassen die im Laufe der Zeit unver\u00e4nderte Morphologie des Bodens offenbaren, ebenso wie die handwerkliche Arbeit, die auch heute noch von der geschickten Hand der Weinbauern abh\u00e4ngt. Die Erhaltung eines alten Weinbergs ist in der Tat eine Praxis und eine Entscheidung, die im Hinblick auf das landwirtschaftliche und historische Erbe gro\u00dfe Sorgfalt und Akribie erfordert, als greifbares Zeichen der Tradition der Orte, der Z\u00e4higkeit und Ausdauer, die f\u00fcr den heroischen Weinbau dieser Gebiete typisch sind.  <\/span><\/p>\n\t\t\t\t\t\t<\/div>\n\t\t\t\t<\/div>\n\t\t\t\t\t<\/div>\n\t\t<\/div>\n\t\t\t\t<div class=\"elementor-column elementor-col-50 elementor-inner-column elementor-element elementor-element-1bd26dc\" data-id=\"1bd26dc\" data-element_type=\"column\">\n\t\t\t<div class=\"elementor-widget-wrap elementor-element-populated\">\n\t\t\t\t\t\t<div class=\"elementor-element elementor-element-2b26194 elementor-invisible elementor-widget elementor-widget-image\" data-id=\"2b26194\" data-element_type=\"widget\" data-settings=\"{&quot;_animation&quot;:&quot;imageGrowWithScaleLeft&quot;}\" data-widget_type=\"image.default\">\n\t\t\t\t<div class=\"elementor-widget-container\">\n\t\t\t\t\t\t\t<div class=\"elementor-image\">\n\t\t\t\t\t\t\t\t\t\t\t<div class=\"vamtam-image-wrapper\">\n\t\t\t\t\t\t\t\t\t\t\t\t\t\t\t\t\t\t\t\t\t<img decoding=\"async\" width=\"1024\" height=\"621\" src=\"https:\/\/www.rivadeifrati.it\/wp-content\/uploads\/2023\/10\/vigneti-03-1024x621.jpg\" class=\"attachment-large size-large wp-image-989377\" alt=\"\" srcset=\"https:\/\/www.rivadeifrati.it\/wp-content\/uploads\/2023\/10\/vigneti-03-1024x621.jpg 1024w, https:\/\/www.rivadeifrati.it\/wp-content\/uploads\/2023\/10\/vigneti-03-300x182.jpg 300w, https:\/\/www.rivadeifrati.it\/wp-content\/uploads\/2023\/10\/vigneti-03-768x466.jpg 768w, https:\/\/www.rivadeifrati.it\/wp-content\/uploads\/2023\/10\/vigneti-03-1536x932.jpg 1536w, https:\/\/www.rivadeifrati.it\/wp-content\/uploads\/2023\/10\/vigneti-03-630x382.jpg 630w, https:\/\/www.rivadeifrati.it\/wp-content\/uploads\/2023\/10\/vigneti-03-1260x764.jpg 1260w, https:\/\/www.rivadeifrati.it\/wp-content\/uploads\/2023\/10\/vigneti-03-315x191.jpg 315w, https:\/\/www.rivadeifrati.it\/wp-content\/uploads\/2023\/10\/vigneti-03.jpg 1975w\" sizes=\"(max-width: 1024px) 100vw, 1024px\" \/>\t\t\t\t\t\t\t\t\t\t\t\t\t\t\t\t\t\t\t\t\t\t\t\t\t\t<\/div>\n\t\t\t\t\t\t\t\t\t<\/div>\n\t\t\t\t\t\t<\/div>\n\t\t\t\t<\/div>\n\t\t\t\t\t<\/div>\n\t\t<\/div>\n\t\t\t\t\t<\/div>\n\t\t<\/section>\n\t\t\t\t\t<\/div>\n\t\t<\/div>\n\t\t\t\t\t<\/div>\n\t\t<\/section>\n\t\t\t\t<section class=\"elementor-section elementor-top-section elementor-element elementor-element-4c5aaaf elementor-section-height-min-height elementor-section-boxed elementor-section-height-default elementor-section-items-middle\" data-id=\"4c5aaaf\" data-element_type=\"section\" data-settings=\"{&quot;background_background&quot;:&quot;classic&quot;}\">\n\t\t\t\t\t\t<div class=\"elementor-container elementor-column-gap-default\">\n\t\t\t\t\t<div class=\"elementor-column elementor-col-100 elementor-top-column elementor-element elementor-element-50b03f5\" data-id=\"50b03f5\" data-element_type=\"column\">\n\t\t\t<div class=\"elementor-widget-wrap elementor-element-populated\">\n\t\t\t\t\t\t<div class=\"elementor-element elementor-element-866fdaf elementor-widget elementor-widget-gallery\" data-id=\"866fdaf\" data-element_type=\"widget\" data-settings=\"{&quot;gallery_layout&quot;:&quot;masonry&quot;,&quot;columns_mobile&quot;:2,&quot;overlay_description&quot;:&quot;caption&quot;,&quot;content_sequenced_animation&quot;:&quot;yes&quot;,&quot;lazyload&quot;:&quot;yes&quot;,&quot;columns&quot;:4,&quot;columns_tablet&quot;:2,&quot;gap&quot;:{&quot;unit&quot;:&quot;px&quot;,&quot;size&quot;:10,&quot;sizes&quot;:[]},&quot;gap_tablet&quot;:{&quot;unit&quot;:&quot;px&quot;,&quot;size&quot;:10,&quot;sizes&quot;:[]},&quot;gap_mobile&quot;:{&quot;unit&quot;:&quot;px&quot;,&quot;size&quot;:10,&quot;sizes&quot;:[]},&quot;link_to&quot;:&quot;file&quot;,&quot;overlay_background&quot;:&quot;yes&quot;,&quot;content_hover_animation&quot;:&quot;fade-in&quot;}\" data-widget_type=\"gallery.default\">\n\t\t\t\t<div class=\"elementor-widget-container\">\n\t\t\t\t\t<div class=\"elementor-gallery__container\">\n\t\t\t\t\t\t\t<a class=\"e-gallery-item elementor-gallery-item elementor-animated-content\" href=\"https:\/\/www.rivadeifrati.it\/wp-content\/uploads\/2023\/11\/vigneto-01-riva-dei-frati.jpg\" data-elementor-open-lightbox=\"yes\" data-elementor-lightbox-slideshow=\"866fdaf\" data-elementor-lightbox-title=\"Potatura della vite\" data-e-action-hash=\"#elementor-action%3Aaction%3Dlightbox%26settings%3DeyJpZCI6OTkxMjI4LCJ1cmwiOiJodHRwczpcL1wvd3d3LnJpdmFkZWlmcmF0aS5pdFwvd3AtY29udGVudFwvdXBsb2Fkc1wvMjAyM1wvMTFcL3ZpZ25ldG8tMDEtcml2YS1kZWktZnJhdGkuanBnIiwic2xpZGVzaG93IjoiODY2ZmRhZiJ9\">\n\t\t\t\t\t<div class=\"e-gallery-image elementor-gallery-item__image\" data-thumbnail=\"https:\/\/www.rivadeifrati.it\/wp-content\/uploads\/2023\/11\/vigneto-01-riva-dei-frati.jpg\" data-width=\"983\" data-height=\"641\" aria-label=\"Uomo che pota una vita\" role=\"img\" ><\/div>\n\t\t\t\t\t\t\t\t\t\t\t<div class=\"elementor-gallery-item__overlay\"><\/div>\n\t\t\t\t\t\t\t\t\t\t\t\t\t\t\t<div class=\"elementor-gallery-item__content\">\n\t\t\t\t\t\t\t\t\t\t\t<\/div>\n\t\t\t\t\t\t\t\t\t<\/a>\n\t\t\t\t\t\t\t<a class=\"e-gallery-item elementor-gallery-item elementor-animated-content\" href=\"https:\/\/www.rivadeifrati.it\/wp-content\/uploads\/2023\/11\/vigneto-02-riva-dei-frati.jpg\" data-elementor-open-lightbox=\"yes\" data-elementor-lightbox-slideshow=\"866fdaf\" data-elementor-lightbox-title=\"vigneto-02-riva-dei-frati\" data-e-action-hash=\"#elementor-action%3Aaction%3Dlightbox%26settings%3DeyJpZCI6OTkxMjMxLCJ1cmwiOiJodHRwczpcL1wvd3d3LnJpdmFkZWlmcmF0aS5pdFwvd3AtY29udGVudFwvdXBsb2Fkc1wvMjAyM1wvMTFcL3ZpZ25ldG8tMDItcml2YS1kZWktZnJhdGkuanBnIiwic2xpZGVzaG93IjoiODY2ZmRhZiJ9\">\n\t\t\t\t\t<div class=\"e-gallery-image elementor-gallery-item__image\" data-thumbnail=\"https:\/\/www.rivadeifrati.it\/wp-content\/uploads\/2023\/11\/vigneto-02-riva-dei-frati.jpg\" data-width=\"983\" data-height=\"641\" aria-label=\"Terreno di una vigna che viene lavorato\" role=\"img\" ><\/div>\n\t\t\t\t\t\t\t\t\t\t\t<div class=\"elementor-gallery-item__overlay\"><\/div>\n\t\t\t\t\t\t\t\t\t\t\t\t\t\t\t<div class=\"elementor-gallery-item__content\">\n\t\t\t\t\t\t\t\t\t\t\t<\/div>\n\t\t\t\t\t\t\t\t\t<\/a>\n\t\t\t\t\t\t\t<a class=\"e-gallery-item elementor-gallery-item elementor-animated-content\" href=\"https:\/\/www.rivadeifrati.it\/wp-content\/uploads\/2023\/11\/vigneto-03-riva-dei-frati.jpg\" data-elementor-open-lightbox=\"yes\" data-elementor-lightbox-slideshow=\"866fdaf\" data-elementor-lightbox-title=\"Uva Riva dei Frati\" data-e-action-hash=\"#elementor-action%3Aaction%3Dlightbox%26settings%3DeyJpZCI6OTkxMjM0LCJ1cmwiOiJodHRwczpcL1wvd3d3LnJpdmFkZWlmcmF0aS5pdFwvd3AtY29udGVudFwvdXBsb2Fkc1wvMjAyM1wvMTFcL3ZpZ25ldG8tMDMtcml2YS1kZWktZnJhdGkuanBnIiwic2xpZGVzaG93IjoiODY2ZmRhZiJ9\">\n\t\t\t\t\t<div class=\"e-gallery-image elementor-gallery-item__image\" data-thumbnail=\"https:\/\/www.rivadeifrati.it\/wp-content\/uploads\/2023\/11\/vigneto-03-riva-dei-frati.jpg\" data-width=\"983\" data-height=\"641\" aria-label=\"Uva raccolta in un vigneto\" role=\"img\" ><\/div>\n\t\t\t\t\t\t\t\t\t\t\t<div class=\"elementor-gallery-item__overlay\"><\/div>\n\t\t\t\t\t\t\t\t\t\t\t\t\t\t\t<div class=\"elementor-gallery-item__content\">\n\t\t\t\t\t\t\t\t\t\t\t<\/div>\n\t\t\t\t\t\t\t\t\t<\/a>\n\t\t\t\t\t\t\t<a class=\"e-gallery-item elementor-gallery-item elementor-animated-content\" href=\"https:\/\/www.rivadeifrati.it\/wp-content\/uploads\/2023\/11\/vigneto-04-riva-dei-frati.jpg\" data-elementor-open-lightbox=\"yes\" data-elementor-lightbox-slideshow=\"866fdaf\" data-elementor-lightbox-title=\"Terreno Riva dei Frati\" data-e-action-hash=\"#elementor-action%3Aaction%3Dlightbox%26settings%3DeyJpZCI6OTkxMjM3LCJ1cmwiOiJodHRwczpcL1wvd3d3LnJpdmFkZWlmcmF0aS5pdFwvd3AtY29udGVudFwvdXBsb2Fkc1wvMjAyM1wvMTFcL3ZpZ25ldG8tMDQtcml2YS1kZWktZnJhdGkuanBnIiwic2xpZGVzaG93IjoiODY2ZmRhZiJ9\">\n\t\t\t\t\t<div class=\"e-gallery-image elementor-gallery-item__image\" data-thumbnail=\"https:\/\/www.rivadeifrati.it\/wp-content\/uploads\/2023\/11\/vigneto-04-riva-dei-frati.jpg\" data-width=\"983\" data-height=\"641\" aria-label=\"Terra di un vigneto\" role=\"img\" ><\/div>\n\t\t\t\t\t\t\t\t\t\t\t<div class=\"elementor-gallery-item__overlay\"><\/div>\n\t\t\t\t\t\t\t\t\t\t\t\t\t\t\t<div class=\"elementor-gallery-item__content\">\n\t\t\t\t\t\t\t\t\t\t\t<\/div>\n\t\t\t\t\t\t\t\t\t<\/a>\n\t\t\t\t\t\t\t<a class=\"e-gallery-item elementor-gallery-item elementor-animated-content\" href=\"https:\/\/www.rivadeifrati.it\/wp-content\/uploads\/2023\/11\/vigneto-05-riva-dei-frati.jpg\" data-elementor-open-lightbox=\"yes\" data-elementor-lightbox-slideshow=\"866fdaf\" data-elementor-lightbox-title=\"Particolare vigneto Riva dei Frati\" data-e-action-hash=\"#elementor-action%3Aaction%3Dlightbox%26settings%3DeyJpZCI6OTkxMjQwLCJ1cmwiOiJodHRwczpcL1wvd3d3LnJpdmFkZWlmcmF0aS5pdFwvd3AtY29udGVudFwvdXBsb2Fkc1wvMjAyM1wvMTFcL3ZpZ25ldG8tMDUtcml2YS1kZWktZnJhdGkuanBnIiwic2xpZGVzaG93IjoiODY2ZmRhZiJ9\">\n\t\t\t\t\t<div class=\"e-gallery-image elementor-gallery-item__image\" data-thumbnail=\"https:\/\/www.rivadeifrati.it\/wp-content\/uploads\/2023\/11\/vigneto-05-riva-dei-frati.jpg\" data-width=\"983\" data-height=\"641\" aria-label=\"Zoom su un ramo in un vigneto\" role=\"img\" ><\/div>\n\t\t\t\t\t\t\t\t\t\t\t<div class=\"elementor-gallery-item__overlay\"><\/div>\n\t\t\t\t\t\t\t\t\t\t\t\t\t\t\t<div class=\"elementor-gallery-item__content\">\n\t\t\t\t\t\t\t\t\t\t\t<\/div>\n\t\t\t\t\t\t\t\t\t<\/a>\n\t\t\t\t\t\t\t<a class=\"e-gallery-item elementor-gallery-item elementor-animated-content\" href=\"https:\/\/www.rivadeifrati.it\/wp-content\/uploads\/2023\/11\/vigneto-06-riva-dei-frati.jpg\" data-elementor-open-lightbox=\"yes\" data-elementor-lightbox-slideshow=\"866fdaf\" data-elementor-lightbox-title=\"Paesaggio vigneto Riva dei Frati\" data-e-action-hash=\"#elementor-action%3Aaction%3Dlightbox%26settings%3DeyJpZCI6OTkxMjQzLCJ1cmwiOiJodHRwczpcL1wvd3d3LnJpdmFkZWlmcmF0aS5pdFwvd3AtY29udGVudFwvdXBsb2Fkc1wvMjAyM1wvMTFcL3ZpZ25ldG8tMDYtcml2YS1kZWktZnJhdGkuanBnIiwic2xpZGVzaG93IjoiODY2ZmRhZiJ9\">\n\t\t\t\t\t<div class=\"e-gallery-image elementor-gallery-item__image\" data-thumbnail=\"https:\/\/www.rivadeifrati.it\/wp-content\/uploads\/2023\/11\/vigneto-06-riva-dei-frati.jpg\" data-width=\"983\" data-height=\"641\" aria-label=\"Paesaggio vigneto\" role=\"img\" ><\/div>\n\t\t\t\t\t\t\t\t\t\t\t<div class=\"elementor-gallery-item__overlay\"><\/div>\n\t\t\t\t\t\t\t\t\t\t\t\t\t\t\t<div class=\"elementor-gallery-item__content\">\n\t\t\t\t\t\t\t\t\t\t\t<\/div>\n\t\t\t\t\t\t\t\t\t<\/a>\n\t\t\t\t\t\t\t<a class=\"e-gallery-item elementor-gallery-item elementor-animated-content\" href=\"https:\/\/www.rivadeifrati.it\/wp-content\/uploads\/2023\/11\/vigneto-08-riva-dei-frati.jpg\" data-elementor-open-lightbox=\"yes\" data-elementor-lightbox-slideshow=\"866fdaf\" data-elementor-lightbox-title=\"Vigneti Riva dei Frati\" data-e-action-hash=\"#elementor-action%3Aaction%3Dlightbox%26settings%3DeyJpZCI6OTkxMjQ2LCJ1cmwiOiJodHRwczpcL1wvd3d3LnJpdmFkZWlmcmF0aS5pdFwvd3AtY29udGVudFwvdXBsb2Fkc1wvMjAyM1wvMTFcL3ZpZ25ldG8tMDgtcml2YS1kZWktZnJhdGkuanBnIiwic2xpZGVzaG93IjoiODY2ZmRhZiJ9\">\n\t\t\t\t\t<div class=\"e-gallery-image elementor-gallery-item__image\" data-thumbnail=\"https:\/\/www.rivadeifrati.it\/wp-content\/uploads\/2023\/11\/vigneto-08-riva-dei-frati.jpg\" data-width=\"983\" data-height=\"641\" aria-label=\"Scorcio di un vigneto\" role=\"img\" ><\/div>\n\t\t\t\t\t\t\t\t\t\t\t<div class=\"elementor-gallery-item__overlay\"><\/div>\n\t\t\t\t\t\t\t\t\t\t\t\t\t\t\t<div class=\"elementor-gallery-item__content\">\n\t\t\t\t\t\t\t\t\t\t\t<\/div>\n\t\t\t\t\t\t\t\t\t<\/a>\n\t\t\t\t\t\t\t<a class=\"e-gallery-item elementor-gallery-item elementor-animated-content\" href=\"https:\/\/www.rivadeifrati.it\/wp-content\/uploads\/2023\/11\/vigneto-09-riva-dei-frati.jpg\" data-elementor-open-lightbox=\"yes\" data-elementor-lightbox-slideshow=\"866fdaf\" data-elementor-lightbox-title=\"Uva Riva dei Frati\" data-e-action-hash=\"#elementor-action%3Aaction%3Dlightbox%26settings%3DeyJpZCI6OTkxMjQ5LCJ1cmwiOiJodHRwczpcL1wvd3d3LnJpdmFkZWlmcmF0aS5pdFwvd3AtY29udGVudFwvdXBsb2Fkc1wvMjAyM1wvMTFcL3ZpZ25ldG8tMDktcml2YS1kZWktZnJhdGkuanBnIiwic2xpZGVzaG93IjoiODY2ZmRhZiJ9\">\n\t\t\t\t\t<div class=\"e-gallery-image elementor-gallery-item__image\" data-thumbnail=\"https:\/\/www.rivadeifrati.it\/wp-content\/uploads\/2023\/11\/vigneto-09-riva-dei-frati.jpg\" data-width=\"983\" data-height=\"641\" aria-label=\"Dettaglio di un vigneto\" role=\"img\" ><\/div>\n\t\t\t\t\t\t\t\t\t\t\t<div class=\"elementor-gallery-item__overlay\"><\/div>\n\t\t\t\t\t\t\t\t\t\t\t\t\t\t\t<div class=\"elementor-gallery-item__content\">\n\t\t\t\t\t\t\t\t\t\t\t<\/div>\n\t\t\t\t\t\t\t\t\t<\/a>\n\t\t\t\t\t\t\t<a class=\"e-gallery-item elementor-gallery-item elementor-animated-content\" href=\"https:\/\/www.rivadeifrati.it\/wp-content\/uploads\/2023\/11\/vigneto-07-riva-dei-frati.jpg\" data-elementor-open-lightbox=\"yes\" data-elementor-lightbox-slideshow=\"866fdaf\" data-elementor-lightbox-title=\"Vigneto Riva dei Frati\" data-e-action-hash=\"#elementor-action%3Aaction%3Dlightbox%26settings%3DeyJpZCI6OTkxMjUyLCJ1cmwiOiJodHRwczpcL1wvd3d3LnJpdmFkZWlmcmF0aS5pdFwvd3AtY29udGVudFwvdXBsb2Fkc1wvMjAyM1wvMTFcL3ZpZ25ldG8tMDctcml2YS1kZWktZnJhdGkuanBnIiwic2xpZGVzaG93IjoiODY2ZmRhZiJ9\">\n\t\t\t\t\t<div class=\"e-gallery-image elementor-gallery-item__image\" data-thumbnail=\"https:\/\/www.rivadeifrati.it\/wp-content\/uploads\/2023\/11\/vigneto-07-riva-dei-frati.jpg\" data-width=\"983\" data-height=\"641\" aria-label=\"Paesaggio di un vigneto\" role=\"img\" ><\/div>\n\t\t\t\t\t\t\t\t\t\t\t<div class=\"elementor-gallery-item__overlay\"><\/div>\n\t\t\t\t\t\t\t\t\t\t\t\t\t\t\t<div class=\"elementor-gallery-item__content\">\n\t\t\t\t\t\t\t\t\t\t\t<\/div>\n\t\t\t\t\t\t\t\t\t<\/a>\n\t\t\t\t\t<\/div>\n\t\t\t<\/div>\n\t\t\t\t<\/div>\n\t\t\t\t\t<\/div>\n\t\t<\/div>\n\t\t\t\t\t<\/div>\n\t\t<\/section>\n\t\t\t\t<section class=\"elementor-section elementor-top-section elementor-element elementor-element-d43bdb0 elementor-section-full_width section-text-images-special elementor-section-height-default elementor-section-height-default\" data-id=\"d43bdb0\" data-element_type=\"section\" id=\"lavoro-vigna\">\n\t\t\t\t\t\t<div class=\"elementor-container elementor-column-gap-no\">\n\t\t\t\t\t<div class=\"elementor-column elementor-col-100 elementor-top-column elementor-element elementor-element-5781a66\" data-id=\"5781a66\" data-element_type=\"column\">\n\t\t\t<div class=\"elementor-widget-wrap elementor-element-populated\">\n\t\t\t\t\t\t<section class=\"elementor-section elementor-inner-section elementor-element elementor-element-0149c1a elementor-section-full_width elementor-section-height-default elementor-section-height-default\" data-id=\"0149c1a\" data-element_type=\"section\">\n\t\t\t\t\t\t<div class=\"elementor-container elementor-column-gap-default\">\n\t\t\t\t\t<div class=\"elementor-column elementor-col-50 elementor-inner-column elementor-element elementor-element-772a455 elementor-hidden-tablet elementor-hidden-mobile\" data-id=\"772a455\" data-element_type=\"column\">\n\t\t\t<div class=\"elementor-widget-wrap elementor-element-populated\">\n\t\t\t\t\t\t<div class=\"elementor-element elementor-element-b3a22d4 title animated-slow elementor-invisible elementor-widget elementor-widget-heading\" data-id=\"b3a22d4\" data-element_type=\"widget\" data-settings=\"{&quot;_animation&quot;:&quot;fadeIn&quot;}\" data-widget_type=\"heading.default\">\n\t\t\t\t<div class=\"elementor-widget-container\">\n\t\t\t<h3 class=\"elementor-heading-title elementor-size-default\">Arbeit im Weinberg<\/h3>\t\t<\/div>\n\t\t\t\t<\/div>\n\t\t\t\t<div class=\"elementor-element elementor-element-283f2e4 subtitle elementor-widget elementor-widget-text-editor\" data-id=\"283f2e4\" data-element_type=\"widget\" data-widget_type=\"text-editor.default\">\n\t\t\t\t<div class=\"elementor-widget-container\">\n\t\t\t\t\t\t\t<p><span style=\"font-weight: 400;\">Die Verbindung zwischen Mensch und Natur  <\/span><\/p>\n\t\t\t\t\t\t<\/div>\n\t\t\t\t<\/div>\n\t\t\t\t<div class=\"elementor-element elementor-element-4ac1b05 elementor-widget elementor-widget-text-editor\" data-id=\"4ac1b05\" data-element_type=\"widget\" data-widget_type=\"text-editor.default\">\n\t\t\t\t<div class=\"elementor-widget-container\">\n\t\t\t\t\t\t\t<p><span style=\"font-weight: 400;\">Jedes Jahr im Winter werden die Triebe der alten Rebst\u00f6cke gesammelt, um sie in die Baumschulen zu bringen, wo sie zu neuen bewurzelten Stecklingen verarbeitet werden, damit das genetische Erbe erhalten bleibt.  <\/span><\/p>\n<p><span style=\"font-weight: 400;\">Auch im Winter wird ein R\u00fcckschnitt vorgenommen, wobei darauf geachtet wird, gro\u00dfe Erneuerungsschnitte auf ein Minimum zu beschr\u00e4nken. Die Anzahl der verbleibenden Knospen pro Trieb wird je nach dem Gleichgewicht der Pflanze (schw\u00e4cher oder st\u00e4rker) an den einzelnen Rebstock angepasst.  <\/span><\/p>\n<p><span style=\"font-weight: 400;\">Die wichtigsten Eingriffe betreffen den Boden, um ideale Bedingungen f\u00fcr das Wachstum des Wurzelsystems zu schaffen, und die Pflanze, um das System anzupassen und ihm eine regelm\u00e4\u00dfigere Form zu geben.  <\/span><\/p>\n<p><span style=\"font-weight: 400;\">Die D\u00fcngung erfolgt in zwei Phasen, eine im Sp\u00e4twinter und eine im Fr\u00fchjahr, um die N\u00e4hrstoffversorgung entsprechend dem tats\u00e4chlichen Verbrauch und Bedarf zu gew\u00e4hrleisten.  <\/span><\/p>\n\t\t\t\t\t\t<\/div>\n\t\t\t\t<\/div>\n\t\t\t\t<div class=\"elementor-element elementor-element-112e035 elementor-invisible elementor-widget elementor-widget-image\" data-id=\"112e035\" data-element_type=\"widget\" data-settings=\"{&quot;_animation&quot;:&quot;imageGrowWithScaleLeft&quot;}\" data-widget_type=\"image.default\">\n\t\t\t\t<div class=\"elementor-widget-container\">\n\t\t\t\t\t\t\t<div class=\"elementor-image\">\n\t\t\t\t\t\t\t\t\t\t\t<div class=\"vamtam-image-wrapper\">\n\t\t\t\t\t\t\t\t\t\t\t\t\t\t\t\t\t\t\t\t\t<img decoding=\"async\" width=\"1024\" height=\"621\" src=\"https:\/\/www.rivadeifrati.it\/wp-content\/uploads\/2023\/10\/vigneti-05-1024x621.jpg\" class=\"attachment-large size-large wp-image-989383\" alt=\"\" srcset=\"https:\/\/www.rivadeifrati.it\/wp-content\/uploads\/2023\/10\/vigneti-05-1024x621.jpg 1024w, https:\/\/www.rivadeifrati.it\/wp-content\/uploads\/2023\/10\/vigneti-05-300x182.jpg 300w, https:\/\/www.rivadeifrati.it\/wp-content\/uploads\/2023\/10\/vigneti-05-768x466.jpg 768w, https:\/\/www.rivadeifrati.it\/wp-content\/uploads\/2023\/10\/vigneti-05-1536x932.jpg 1536w, https:\/\/www.rivadeifrati.it\/wp-content\/uploads\/2023\/10\/vigneti-05-630x382.jpg 630w, https:\/\/www.rivadeifrati.it\/wp-content\/uploads\/2023\/10\/vigneti-05-1260x764.jpg 1260w, https:\/\/www.rivadeifrati.it\/wp-content\/uploads\/2023\/10\/vigneti-05-315x191.jpg 315w, https:\/\/www.rivadeifrati.it\/wp-content\/uploads\/2023\/10\/vigneti-05.jpg 1975w\" sizes=\"(max-width: 1024px) 100vw, 1024px\" \/>\t\t\t\t\t\t\t\t\t\t\t\t\t\t\t\t\t\t\t\t\t\t\t\t\t\t<\/div>\n\t\t\t\t\t\t\t\t\t<\/div>\n\t\t\t\t\t\t<\/div>\n\t\t\t\t<\/div>\n\t\t\t\t\t<\/div>\n\t\t<\/div>\n\t\t\t\t<div class=\"elementor-column elementor-col-50 elementor-inner-column elementor-element elementor-element-7ea2691\" data-id=\"7ea2691\" data-element_type=\"column\">\n\t\t\t<div class=\"elementor-widget-wrap elementor-element-populated\">\n\t\t\t\t\t\t<div class=\"elementor-element elementor-element-35b34f0 elementor-invisible elementor-widget elementor-widget-image\" data-id=\"35b34f0\" data-element_type=\"widget\" data-settings=\"{&quot;_animation&quot;:&quot;imageGrowWithScaleLeft&quot;}\" data-widget_type=\"image.default\">\n\t\t\t\t<div class=\"elementor-widget-container\">\n\t\t\t\t\t\t\t<div class=\"elementor-image\">\n\t\t\t\t\t\t\t\t\t\t\t<div class=\"vamtam-image-wrapper\">\n\t\t\t\t\t\t\t\t\t\t\t\t\t\t\t\t\t\t\t\t\t<img loading=\"lazy\" decoding=\"async\" width=\"983\" height=\"641\" src=\"https:\/\/www.rivadeifrati.it\/wp-content\/uploads\/2023\/11\/vigneto-01-riva-dei-frati.jpg\" class=\"attachment-large size-large wp-image-991230\" alt=\"Uomo che pota una vita\" srcset=\"https:\/\/www.rivadeifrati.it\/wp-content\/uploads\/2023\/11\/vigneto-01-riva-dei-frati.jpg 983w, https:\/\/www.rivadeifrati.it\/wp-content\/uploads\/2023\/11\/vigneto-01-riva-dei-frati-300x196.jpg 300w, https:\/\/www.rivadeifrati.it\/wp-content\/uploads\/2023\/11\/vigneto-01-riva-dei-frati-768x501.jpg 768w\" sizes=\"(max-width: 983px) 100vw, 983px\" \/>\t\t\t\t\t\t\t\t\t\t\t\t\t\t\t\t\t\t\t\t\t\t\t\t\t\t<\/div>\n\t\t\t\t\t\t\t\t\t<\/div>\n\t\t\t\t\t\t<\/div>\n\t\t\t\t<\/div>\n\t\t\t\t<div class=\"elementor-element elementor-element-8950bf6 elementor-widget elementor-widget-text-editor\" data-id=\"8950bf6\" data-element_type=\"widget\" data-widget_type=\"text-editor.default\">\n\t\t\t\t<div class=\"elementor-widget-container\">\n\t\t\t\t\t\t\t<\/p>\n<p><span style=\"font-weight: 400;\">Auf diese Weise kann das vegetativ-produktive Gleichgewicht aufrechterhalten werden, das das einzige wirkliche Geheimnis ist, um alte Rebst\u00f6cke gesund und ertragreich zu erhalten. Ab dem Austrieb spielt die Bewirtschaftung der Baumkronen eine wichtige Rolle: Verj\u00fcngung und Ausd\u00fcnnung der Triebe, Beschneidung der Haupttriebe, Kappen nach der Bl\u00fcte. Dies kann dazu f\u00fchren, dass Holzpf\u00e4hle und -st\u00fctzen, Dr\u00e4hte oder Verstrebungen ganz oder teilweise ersetzt werden, was zu einer Wahl f\u00fchrt, die sich \u00e4sthetisch harmonisch in die umgebende Landschaft einf\u00fcgt. Danach folgen Eingriffe, die es dem Weinberg erm\u00f6glichen, seine Eigenschaften und Qualit\u00e4ten bestm\u00f6glich zum Ausdruck zu bringen. Alle Ma\u00dfnahmen zielen darauf ab, das Kronendach zu verkleinern, um eine ges\u00fcndere Pflanze zu erhalten. Durch die Sommerarbeiten werden auch die Schnitte beim Winterschnitt und damit die M\u00f6glichkeit, gro\u00dfe Wunden zu verursachen, erheblich reduziert.  <\/span><\/p>\n<p><span style=\"font-weight: 400;\">Die Weinberge werden w\u00f6chentlich \u00fcberwacht, indem die Entwicklung der Krankheiten und des vegetativen Wachstums beobachtet wird, um rechtzeitig eingreifen zu k\u00f6nnen, bevor die Pflanzen erkranken oder ihr vegetativ-produktives Gleichgewicht verlieren.  <\/span><\/p>\n<p><span style=\"font-weight: 400;\">In diesen Phasen wird dann \u00fcber die N\u00e4hrstoffzufuhr, die Anbauma\u00dfnahmen und alles andere entschieden, was f\u00fcr die Vollendung des Jahreszyklus der Pflanze erforderlich ist.<\/span><\/p>\n\t\t\t\t\t\t<\/div>\n\t\t\t\t<\/div>\n\t\t\t\t\t<\/div>\n\t\t<\/div>\n\t\t\t\t\t<\/div>\n\t\t<\/section>\n\t\t\t\t\t<\/div>\n\t\t<\/div>\n\t\t\t\t\t<\/div>\n\t\t<\/section>\n\t\t\t\t<section class=\"elementor-section elementor-top-section elementor-element elementor-element-b582a5e elementor-section-full_width banner-cta banner-cta-1 elementor-section-height-default elementor-section-height-default\" data-id=\"b582a5e\" data-element_type=\"section\" data-settings=\"{&quot;background_background&quot;:&quot;classic&quot;}\">\n\t\t\t\t\t\t<div class=\"elementor-container elementor-column-gap-no\">\n\t\t\t\t\t<div class=\"elementor-column elementor-col-100 elementor-top-column elementor-element elementor-element-7b28ca9\" data-id=\"7b28ca9\" data-element_type=\"column\">\n\t\t\t<div class=\"elementor-widget-wrap elementor-element-populated\">\n\t\t\t\t\t\t<div class=\"elementor-element elementor-element-c8e99cc elementor-widget elementor-widget-text-editor\" data-id=\"c8e99cc\" data-element_type=\"widget\" data-widget_type=\"text-editor.default\">\n\t\t\t\t<div class=\"elementor-widget-container\">\n\t\t\t\t\t\t\t<h3>BESUCHEN SIE UNSERE WEINBERGE<\/h3>\n<p><span style=\"font-weight: 400;\">In den Fr\u00fchlings- und Sommermonaten freuen wir uns, Sie in den Weinbergen von S.Stefano di Valdobbiadene begr\u00fc\u00dfen zu d\u00fcrfen, um Ihnen die verschiedenen Phasen der heiklen Arbeit an den steilen H\u00e4ngen des Prosecco Superiore aus n\u00e4chster N\u00e4he zeigen zu k\u00f6nnen.  <\/span><\/p>\n<p><a href=\"https:\/\/www.rivadeifrati.it\/de\/kellertouren\/\">Weitere Informationen<\/a><\/p>\n\t\t\t\t\t\t<\/div>\n\t\t\t\t<\/div>\n\t\t\t\t\t<\/div>\n\t\t<\/div>\n\t\t\t\t\t<\/div>\n\t\t<\/section>\n\t\t\t\t<section class=\"elementor-section elementor-top-section elementor-element elementor-element-735217c elementor-section-height-min-height elementor-section-items-stretch elementor-section-full_width fascia-riquadri-link elementor-section-height-default\" data-id=\"735217c\" data-element_type=\"section\">\n\t\t\t\t\t\t<div class=\"elementor-container elementor-column-gap-default\">\n\t\t\t\t\t<div class=\"elementor-column elementor-col-33 elementor-top-column elementor-element elementor-element-acddd3b\" data-id=\"acddd3b\" data-element_type=\"column\">\n\t\t\t<div class=\"elementor-widget-wrap elementor-element-populated\">\n\t\t\t\t\t<div class=\"elementor-background-overlay\"><\/div>\n\t\t\t\t\t\t<div class=\"elementor-element elementor-element-16d9729 elementor-cta--skin-cover elementor-bg-transform elementor-bg-transform-zoom-out elementor-animated-content elementor-widget elementor-widget-call-to-action\" data-id=\"16d9729\" data-element_type=\"widget\" data-widget_type=\"call-to-action.default\">\n\t\t\t\t<div class=\"elementor-widget-container\">\n\t\t\t\t\t<a class=\"elementor-cta\" href=\"https:\/\/www.rivadeifrati.it\/it\/il-territorio\/\">\n\t\t\t\t\t<div class=\"elementor-cta__bg-wrapper\">\n\t\t\t\t<div class=\"elementor-cta__bg elementor-bg\" style=\"background-image: url(https:\/\/www.rivadeifrati.it\/wp-content\/uploads\/2023\/09\/famiglia-04-1024x621.jpg);\" role=\"img\" aria-label=\"famiglia-04\"><\/div>\n\t\t\t\t<div class=\"elementor-cta__bg-overlay\"><\/div>\n\t\t\t<\/div>\n\t\t\t\t\t\t\t<div class=\"elementor-cta__content\">\n\t\t\t\t\n\t\t\t\t\n\t\t\t\t\n\t\t\t\t\t\t\t\t\t<div class=\"elementor-cta__button-wrapper elementor-cta__content-item elementor-content-item elementor-animated-item--grow\">\n\t\t\t\t\t<span class=\"elementor-cta__button elementor-button elementor-size-\">\n\t\t\t\t\t\tDas Territorium\t\t\t\t\t<\/span>\n\t\t\t\t\t<\/div>\n\t\t\t\t\t\t\t<\/div>\n\t\t\t\t\t\t<\/a>\n\t\t\t\t<\/div>\n\t\t\t\t<\/div>\n\t\t\t\t\t<\/div>\n\t\t<\/div>\n\t\t\t\t<div class=\"elementor-column elementor-col-33 elementor-top-column elementor-element elementor-element-821c905\" data-id=\"821c905\" data-element_type=\"column\">\n\t\t\t<div class=\"elementor-widget-wrap elementor-element-populated\">\n\t\t\t\t\t<div class=\"elementor-background-overlay\"><\/div>\n\t\t\t\t\t\t<div class=\"elementor-element elementor-element-376d811 elementor-cta--skin-cover elementor-bg-transform elementor-bg-transform-zoom-out elementor-animated-content elementor-widget elementor-widget-call-to-action\" data-id=\"376d811\" data-element_type=\"widget\" data-widget_type=\"call-to-action.default\">\n\t\t\t\t<div class=\"elementor-widget-container\">\n\t\t\t\t\t<a class=\"elementor-cta\" href=\"https:\/\/www.rivadeifrati.it\/it\/la-famiglia\/\">\n\t\t\t\t\t<div class=\"elementor-cta__bg-wrapper\">\n\t\t\t\t<div class=\"elementor-cta__bg elementor-bg\" style=\"background-image: url(https:\/\/www.rivadeifrati.it\/wp-content\/uploads\/2023\/09\/famiglia-03-1024x621.jpg);\" role=\"img\" aria-label=\"famiglia-03\"><\/div>\n\t\t\t\t<div class=\"elementor-cta__bg-overlay\"><\/div>\n\t\t\t<\/div>\n\t\t\t\t\t\t\t<div class=\"elementor-cta__content\">\n\t\t\t\t\n\t\t\t\t\n\t\t\t\t\n\t\t\t\t\t\t\t\t\t<div class=\"elementor-cta__button-wrapper elementor-cta__content-item elementor-content-item elementor-animated-item--grow\">\n\t\t\t\t\t<span class=\"elementor-cta__button elementor-button elementor-size-\">\n\t\t\t\t\t\tDie Familie\t\t\t\t\t<\/span>\n\t\t\t\t\t<\/div>\n\t\t\t\t\t\t\t<\/div>\n\t\t\t\t\t\t<\/a>\n\t\t\t\t<\/div>\n\t\t\t\t<\/div>\n\t\t\t\t\t<\/div>\n\t\t<\/div>\n\t\t\t\t<div class=\"elementor-column elementor-col-33 elementor-top-column elementor-element elementor-element-9b4a4d4\" data-id=\"9b4a4d4\" data-element_type=\"column\">\n\t\t\t<div class=\"elementor-widget-wrap elementor-element-populated\">\n\t\t\t\t\t<div class=\"elementor-background-overlay\"><\/div>\n\t\t\t\t\t\t<div class=\"elementor-element elementor-element-f0cefa6 elementor-cta--skin-cover elementor-bg-transform elementor-bg-transform-zoom-out elementor-animated-content elementor-widget elementor-widget-call-to-action\" data-id=\"f0cefa6\" data-element_type=\"widget\" data-widget_type=\"call-to-action.default\">\n\t\t\t\t<div class=\"elementor-widget-container\">\n\t\t\t\t\t<a class=\"elementor-cta\" href=\"https:\/\/www.rivadeifrati.it\/de\/keller\/\">\n\t\t\t\t\t<div class=\"elementor-cta__bg-wrapper\">\n\t\t\t\t<div class=\"elementor-cta__bg elementor-bg\" style=\"background-image: url(https:\/\/www.rivadeifrati.it\/wp-content\/uploads\/2023\/10\/vigneti-02-1024x621.jpg);\" role=\"img\" aria-label=\"vigneti-02\"><\/div>\n\t\t\t\t<div class=\"elementor-cta__bg-overlay\"><\/div>\n\t\t\t<\/div>\n\t\t\t\t\t\t\t<div class=\"elementor-cta__content\">\n\t\t\t\t\n\t\t\t\t\n\t\t\t\t\n\t\t\t\t\t\t\t\t\t<div class=\"elementor-cta__button-wrapper elementor-cta__content-item elementor-content-item elementor-animated-item--grow\">\n\t\t\t\t\t<span class=\"elementor-cta__button elementor-button elementor-size-\">\n\t\t\t\t\t\tDer Keller\t\t\t\t\t<\/span>\n\t\t\t\t\t<\/div>\n\t\t\t\t\t\t\t<\/div>\n\t\t\t\t\t\t<\/a>\n\t\t\t\t<\/div>\n\t\t\t\t<\/div>\n\t\t\t\t\t<\/div>\n\t\t<\/div>\n\t\t\t\t\t<\/div>\n\t\t<\/section>\n\t\t\t\t<\/div>\n\t\t","protected":false},"excerpt":{"rendered":"<p>W e i n b e r g e Weinberge im Gebiet des Prosecco Superiore Hier atmet man Geschichte und Legende, Tradition und Innovation. Die Weinberge von Riva dei Frati liegen in der H\u00fcgellandschaft zwischen Col San Martino und Santo Stefano di Valdobbiadene und haben noch die urspr\u00fcngliche Beschaffenheit der Terrassen und Reihen bewahrt: Hier&#8230;<\/p>\n","protected":false},"author":1,"featured_media":0,"parent":0,"menu_order":0,"comment_status":"closed","ping_status":"closed","template":"","meta":{"inline_featured_image":false,"footnotes":""},"class_list":["post-990775","page","type-page","status-publish","hentry"],"yoast_head":"<!-- This site is optimized with the Yoast SEO plugin v24.5 - https:\/\/yoast.com\/wordpress\/plugins\/seo\/ -->\n<title>Weinberge - Riva dei Frati<\/title>\n<meta name=\"robots\" content=\"index, follow, max-snippet:-1, max-image-preview:large, max-video-preview:-1\" \/>\n<link rel=\"canonical\" href=\"https:\/\/www.rivadeifrati.it\/it\/i-vigneti\/\" \/>\n<meta property=\"og:locale\" content=\"de_DE\" \/>\n<meta property=\"og:type\" content=\"article\" \/>\n<meta property=\"og:title\" content=\"Weinberge - Riva dei Frati\" \/>\n<meta property=\"og:description\" content=\"W e i n b e r g e Weinberge im Gebiet des Prosecco Superiore Hier atmet man Geschichte und Legende, Tradition und Innovation. Die Weinberge von Riva dei Frati liegen in der H\u00fcgellandschaft zwischen Col San Martino und Santo Stefano di Valdobbiadene und haben noch die urspr\u00fcngliche Beschaffenheit der Terrassen und Reihen bewahrt: Hier...\" \/>\n<meta property=\"og:url\" content=\"https:\/\/www.rivadeifrati.it\/it\/i-vigneti\/\" \/>\n<meta property=\"og:site_name\" content=\"Riva dei Frati\" \/>\n<meta property=\"article:modified_time\" content=\"2023-11-03T10:23:33+00:00\" \/>\n<meta property=\"og:image\" content=\"https:\/\/www.rivadeifrati.it\/wp-content\/uploads\/2023\/10\/vigneti-02-1024x621.jpg\" \/>\n<meta name=\"twitter:card\" content=\"summary_large_image\" \/>\n<meta name=\"twitter:label1\" content=\"Gesch\u00e4tzte Lesezeit\" \/>\n\t<meta name=\"twitter:data1\" content=\"3\u00a0Minuten\" \/>\n<script type=\"application\/ld+json\" class=\"yoast-schema-graph\">{\"@context\":\"https:\/\/schema.org\",\"@graph\":[{\"@type\":\"WebPage\",\"@id\":\"https:\/\/www.rivadeifrati.it\/it\/i-vigneti\/\",\"url\":\"https:\/\/www.rivadeifrati.it\/it\/i-vigneti\/\",\"name\":\"Weinberge - Riva dei Frati\",\"isPartOf\":{\"@id\":\"https:\/\/www.rivadeifrati.it\/it\/#website\"},\"primaryImageOfPage\":{\"@id\":\"https:\/\/www.rivadeifrati.it\/it\/i-vigneti\/#primaryimage\"},\"image\":{\"@id\":\"https:\/\/www.rivadeifrati.it\/it\/i-vigneti\/#primaryimage\"},\"thumbnailUrl\":\"https:\/\/www.rivadeifrati.it\/wp-content\/uploads\/2023\/10\/vigneti-02-1024x621.jpg\",\"datePublished\":\"2020-03-13T17:29:59+00:00\",\"dateModified\":\"2023-11-03T10:23:33+00:00\",\"breadcrumb\":{\"@id\":\"https:\/\/www.rivadeifrati.it\/it\/i-vigneti\/#breadcrumb\"},\"inLanguage\":\"de\",\"potentialAction\":[{\"@type\":\"ReadAction\",\"target\":[\"https:\/\/www.rivadeifrati.it\/it\/i-vigneti\/\"]}]},{\"@type\":\"ImageObject\",\"inLanguage\":\"de\",\"@id\":\"https:\/\/www.rivadeifrati.it\/it\/i-vigneti\/#primaryimage\",\"url\":\"https:\/\/www.rivadeifrati.it\/wp-content\/uploads\/2023\/10\/vigneti-02-1024x621.jpg\",\"contentUrl\":\"https:\/\/www.rivadeifrati.it\/wp-content\/uploads\/2023\/10\/vigneti-02-1024x621.jpg\"},{\"@type\":\"BreadcrumbList\",\"@id\":\"https:\/\/www.rivadeifrati.it\/it\/i-vigneti\/#breadcrumb\",\"itemListElement\":[{\"@type\":\"ListItem\",\"position\":1,\"name\":\"Home\",\"item\":\"https:\/\/www.rivadeifrati.it\/en\/\"},{\"@type\":\"ListItem\",\"position\":2,\"name\":\"Weinberge\"}]},{\"@type\":\"WebSite\",\"@id\":\"https:\/\/www.rivadeifrati.it\/it\/#website\",\"url\":\"https:\/\/www.rivadeifrati.it\/it\/\",\"name\":\"Riva dei Frati\",\"description\":\"\",\"publisher\":{\"@id\":\"https:\/\/www.rivadeifrati.it\/it\/#organization\"},\"inLanguage\":\"de\"},{\"@type\":\"Organization\",\"@id\":\"https:\/\/www.rivadeifrati.it\/it\/#organization\",\"name\":\"Riva dei Frati\",\"url\":\"https:\/\/www.rivadeifrati.it\/it\/\",\"logo\":{\"@type\":\"ImageObject\",\"inLanguage\":\"de\",\"@id\":\"https:\/\/www.rivadeifrati.it\/it\/#\/schema\/logo\/image\/\",\"url\":\"https:\/\/www.rivadeifrati.it\/wp-content\/uploads\/2020\/03\/LOGO-ORO.png\",\"contentUrl\":\"https:\/\/www.rivadeifrati.it\/wp-content\/uploads\/2020\/03\/LOGO-ORO.png\",\"width\":1237,\"height\":501,\"caption\":\"Riva dei Frati\"},\"image\":{\"@id\":\"https:\/\/www.rivadeifrati.it\/it\/#\/schema\/logo\/image\/\"}}]}<\/script>\n<!-- \/ Yoast SEO plugin. -->","yoast_head_json":{"title":"Weinberge - Riva dei Frati","robots":{"index":"index","follow":"follow","max-snippet":"max-snippet:-1","max-image-preview":"max-image-preview:large","max-video-preview":"max-video-preview:-1"},"canonical":"https:\/\/www.rivadeifrati.it\/it\/i-vigneti\/","og_locale":"de_DE","og_type":"article","og_title":"Weinberge - Riva dei Frati","og_description":"W e i n b e r g e Weinberge im Gebiet des Prosecco Superiore Hier atmet man Geschichte und Legende, Tradition und Innovation. Die Weinberge von Riva dei Frati liegen in der H\u00fcgellandschaft zwischen Col San Martino und Santo Stefano di Valdobbiadene und haben noch die urspr\u00fcngliche Beschaffenheit der Terrassen und Reihen bewahrt: Hier...","og_url":"https:\/\/www.rivadeifrati.it\/it\/i-vigneti\/","og_site_name":"Riva dei Frati","article_modified_time":"2023-11-03T10:23:33+00:00","og_image":[{"url":"https:\/\/www.rivadeifrati.it\/wp-content\/uploads\/2023\/10\/vigneti-02-1024x621.jpg","type":"","width":"","height":""}],"twitter_card":"summary_large_image","twitter_misc":{"Gesch\u00e4tzte Lesezeit":"3\u00a0Minuten"},"schema":{"@context":"https:\/\/schema.org","@graph":[{"@type":"WebPage","@id":"https:\/\/www.rivadeifrati.it\/it\/i-vigneti\/","url":"https:\/\/www.rivadeifrati.it\/it\/i-vigneti\/","name":"Weinberge - Riva dei Frati","isPartOf":{"@id":"https:\/\/www.rivadeifrati.it\/it\/#website"},"primaryImageOfPage":{"@id":"https:\/\/www.rivadeifrati.it\/it\/i-vigneti\/#primaryimage"},"image":{"@id":"https:\/\/www.rivadeifrati.it\/it\/i-vigneti\/#primaryimage"},"thumbnailUrl":"https:\/\/www.rivadeifrati.it\/wp-content\/uploads\/2023\/10\/vigneti-02-1024x621.jpg","datePublished":"2020-03-13T17:29:59+00:00","dateModified":"2023-11-03T10:23:33+00:00","breadcrumb":{"@id":"https:\/\/www.rivadeifrati.it\/it\/i-vigneti\/#breadcrumb"},"inLanguage":"de","potentialAction":[{"@type":"ReadAction","target":["https:\/\/www.rivadeifrati.it\/it\/i-vigneti\/"]}]},{"@type":"ImageObject","inLanguage":"de","@id":"https:\/\/www.rivadeifrati.it\/it\/i-vigneti\/#primaryimage","url":"https:\/\/www.rivadeifrati.it\/wp-content\/uploads\/2023\/10\/vigneti-02-1024x621.jpg","contentUrl":"https:\/\/www.rivadeifrati.it\/wp-content\/uploads\/2023\/10\/vigneti-02-1024x621.jpg"},{"@type":"BreadcrumbList","@id":"https:\/\/www.rivadeifrati.it\/it\/i-vigneti\/#breadcrumb","itemListElement":[{"@type":"ListItem","position":1,"name":"Home","item":"https:\/\/www.rivadeifrati.it\/en\/"},{"@type":"ListItem","position":2,"name":"Weinberge"}]},{"@type":"WebSite","@id":"https:\/\/www.rivadeifrati.it\/it\/#website","url":"https:\/\/www.rivadeifrati.it\/it\/","name":"Riva dei Frati","description":"","publisher":{"@id":"https:\/\/www.rivadeifrati.it\/it\/#organization"},"inLanguage":"de"},{"@type":"Organization","@id":"https:\/\/www.rivadeifrati.it\/it\/#organization","name":"Riva dei Frati","url":"https:\/\/www.rivadeifrati.it\/it\/","logo":{"@type":"ImageObject","inLanguage":"de","@id":"https:\/\/www.rivadeifrati.it\/it\/#\/schema\/logo\/image\/","url":"https:\/\/www.rivadeifrati.it\/wp-content\/uploads\/2020\/03\/LOGO-ORO.png","contentUrl":"https:\/\/www.rivadeifrati.it\/wp-content\/uploads\/2020\/03\/LOGO-ORO.png","width":1237,"height":501,"caption":"Riva dei Frati"},"image":{"@id":"https:\/\/www.rivadeifrati.it\/it\/#\/schema\/logo\/image\/"}}]}},"_links":{"self":[{"href":"https:\/\/www.rivadeifrati.it\/de\/wp-json\/wp\/v2\/pages\/990775","targetHints":{"allow":["GET"]}}],"collection":[{"href":"https:\/\/www.rivadeifrati.it\/de\/wp-json\/wp\/v2\/pages"}],"about":[{"href":"https:\/\/www.rivadeifrati.it\/de\/wp-json\/wp\/v2\/types\/page"}],"author":[{"embeddable":true,"href":"https:\/\/www.rivadeifrati.it\/de\/wp-json\/wp\/v2\/users\/1"}],"replies":[{"embeddable":true,"href":"https:\/\/www.rivadeifrati.it\/de\/wp-json\/wp\/v2\/comments?post=990775"}],"version-history":[{"count":7,"href":"https:\/\/www.rivadeifrati.it\/de\/wp-json\/wp\/v2\/pages\/990775\/revisions"}],"predecessor-version":[{"id":991359,"href":"https:\/\/www.rivadeifrati.it\/de\/wp-json\/wp\/v2\/pages\/990775\/revisions\/991359"}],"wp:attachment":[{"href":"https:\/\/www.rivadeifrati.it\/de\/wp-json\/wp\/v2\/media?parent=990775"}],"curies":[{"name":"wp","href":"https:\/\/api.w.org\/{rel}","templated":true}]}}