{"id":990800,"date":"2023-08-15T12:13:36","date_gmt":"2023-08-15T12:13:36","guid":{"rendered":"https:\/\/www.rivadeifrati.it\/vini\/valdobbiadene-prosecco-superiore-docg-extra-trocken\/"},"modified":"2025-06-11T13:41:06","modified_gmt":"2025-06-11T13:41:06","slug":"valdobbiadene-prosecco-superiore-docg-extra-trocken","status":"publish","type":"vini","link":"https:\/\/www.rivadeifrati.it\/de\/weine\/valdobbiadene-prosecco-superiore-docg-extra-trocken\/","title":{"rendered":"Valdobbiadene Prosecco Superiore DOCG Extra Trocken"},"content":{"rendered":"\t\t<div data-elementor-type=\"wp-post\" data-elementor-id=\"990800\" class=\"elementor elementor-990800 elementor-988355\" data-elementor-post-type=\"vini\">\n\t\t\t\t\t\t<section class=\"elementor-section elementor-top-section elementor-element elementor-element-8ca3e93 elementor-section-full_width elementor-section-height-default elementor-section-height-default\" data-id=\"8ca3e93\" data-element_type=\"section\" data-settings=\"{&quot;background_background&quot;:&quot;classic&quot;}\">\n\t\t\t\t\t\t\t<div class=\"elementor-background-overlay\"><\/div>\n\t\t\t\t\t\t\t<div class=\"elementor-container elementor-column-gap-no\">\n\t\t\t\t\t<div class=\"elementor-column elementor-col-100 elementor-top-column elementor-element elementor-element-be0b71e\" data-id=\"be0b71e\" data-element_type=\"column\">\n\t\t\t<div class=\"elementor-widget-wrap elementor-element-populated\">\n\t\t\t\t\t\t<section class=\"elementor-section elementor-inner-section elementor-element elementor-element-953d8a7 vino-scheda elementor-section-boxed elementor-section-height-default elementor-section-height-default\" data-id=\"953d8a7\" data-element_type=\"section\">\n\t\t\t\t\t\t<div class=\"elementor-container elementor-column-gap-no\">\n\t\t\t\t\t<div class=\"elementor-column elementor-col-100 elementor-inner-column elementor-element elementor-element-d3de5a8\" data-id=\"d3de5a8\" data-element_type=\"column\">\n\t\t\t<div class=\"elementor-widget-wrap elementor-element-populated\">\n\t\t\t\t\t\t<div class=\"elementor-element elementor-element-9d446c4 elementor-widget elementor-widget-image\" data-id=\"9d446c4\" data-element_type=\"widget\" data-widget_type=\"image.default\">\n\t\t\t\t<div class=\"elementor-widget-container\">\n\t\t\t\t\t\t\t<div class=\"elementor-image\">\n\t\t\t\t\t\t\t\t\t\t\t\t\t\t\t\t\t\t\t\t\t<img fetchpriority=\"high\" decoding=\"async\" width=\"379\" height=\"1024\" src=\"https:\/\/www.rivadeifrati.it\/wp-content\/uploads\/2023\/10\/extra-dry-1-379x1024.png\" class=\"attachment-large size-large wp-image-990027\" alt=\"Bottiglia di Valdobbiadene Prosecco Superiore DOCG Extra Dry\" srcset=\"https:\/\/www.rivadeifrati.it\/wp-content\/uploads\/2023\/10\/extra-dry-1-379x1024.png 379w, https:\/\/www.rivadeifrati.it\/wp-content\/uploads\/2023\/10\/extra-dry-1-111x300.png 111w, https:\/\/www.rivadeifrati.it\/wp-content\/uploads\/2023\/10\/extra-dry-1-315x851.png 315w, https:\/\/www.rivadeifrati.it\/wp-content\/uploads\/2023\/10\/extra-dry-1.png 400w\" sizes=\"(max-width: 379px) 100vw, 379px\" \/>\t\t\t\t\t\t\t\t\t\t\t\t\t\t\t\t\t\t\t\t\t\t\t\t<\/div>\n\t\t\t\t\t\t<\/div>\n\t\t\t\t<\/div>\n\t\t\t\t\t<\/div>\n\t\t<\/div>\n\t\t\t\t<div class=\"elementor-column elementor-col-50 elementor-inner-column elementor-element elementor-element-720ece4\" data-id=\"720ece4\" data-element_type=\"column\">\n\t\t\t<div class=\"elementor-widget-wrap elementor-element-populated\">\n\t\t\t\t\t\t<div class=\"elementor-element elementor-element-349200e elementor-widget elementor-widget-shortcode\" data-id=\"349200e\" data-element_type=\"widget\" data-widget_type=\"shortcode.default\">\n\t\t\t\t<div class=\"elementor-widget-container\">\n\t\t\t\t\t<div class=\"elementor-shortcode\"><nav class=\"breadcrumb\"><ol><li><a href=\"\/\">Startseite<\/a><\/li><li><span>Valdobbiadene Superiore<\/span><\/li><li><span>Valdobbiadene Prosecco Superiore DOCG Extra Trocken<\/span><\/li><\/ol><\/nav><\/div>\n\t\t\t\t<\/div>\n\t\t\t\t<\/div>\n\t\t\t\t<div class=\"elementor-element elementor-element-a8124be elementor-widget elementor-widget-heading\" data-id=\"a8124be\" data-element_type=\"widget\" data-widget_type=\"heading.default\">\n\t\t\t\t<div class=\"elementor-widget-container\">\n\t\t\t<h1 class=\"elementor-heading-title elementor-size-default\">Valdobbiadene Prosecco Superiore DOCG Extra Trocken<\/h1>\t\t<\/div>\n\t\t\t\t<\/div>\n\t\t\t\t<div class=\"elementor-element elementor-element-cfc0b13 elementor-widget elementor-widget-text-editor\" data-id=\"cfc0b13\" data-element_type=\"widget\" data-widget_type=\"text-editor.default\">\n\t\t\t\t<div class=\"elementor-widget-container\">\n\t\t\t\t\t\t\t<p>Es ist die traditionelle Version. Die Farbe ist ein leuchtendes Strohgelb, das durch die Perlage belebt wird. Er ist reich an Aromen von Fr\u00fcchten, \u00c4pfeln, Birnen, mit einem Hauch von Zitrusfr\u00fcchten, die ins Blumige \u00fcbergehen; am Gaumen ist er weich und doch trocken dank einer lebendigen S\u00e4ure. Er eignet sich hervorragend als Aperitif und wird bei einer Temperatur von 8-10\u00b0C zu Gem\u00fcse- und Meeresfr\u00fcchtesuppen, Nudeln mit delikaten Fleischso\u00dfen, Frischk\u00e4se und wei\u00dfem Fleisch, insbesondere Gefl\u00fcgel, serviert.<\/p>\n<p>Merkmale:<\/p>\n\t\t\t\t\t\t<\/div>\n\t\t\t\t<\/div>\n\t\t\t\t<div class=\"elementor-element elementor-element-36f70c0 elementor-widget elementor-widget-text-editor\" data-id=\"36f70c0\" data-element_type=\"widget\" data-widget_type=\"text-editor.default\">\n\t\t\t\t<div class=\"elementor-widget-container\">\n\t\t\t\t\t\t\t<ul><li><strong>Rebsorte<\/strong>: 100% Glera<\/li><li><strong>Traubenlese<\/strong>: von Hand<\/li><li><b>H\u00f6henlage<\/b>: 200-300m<\/li><li><strong>Alkoholgehalt<\/strong>: 11-11,5%.<\/li><li><strong>Zuckerr\u00fcckstand<\/strong>: 15-16 g\/lt<\/li><li><strong>S\u00e4uregehalt<\/strong>: 5,5-6 g\/lt<\/li><li><strong>Serviertemperatur<\/strong>: 6-8\u00b0 C<\/li><\/ul>\t\t\t\t\t\t<\/div>\n\t\t\t\t<\/div>\n\t\t\t\t<section class=\"elementor-section elementor-inner-section elementor-element elementor-element-da15808 elementor-section-boxed elementor-section-height-default elementor-section-height-default\" data-id=\"da15808\" data-element_type=\"section\">\n\t\t\t\t\t\t<div class=\"elementor-container elementor-column-gap-default\">\n\t\t\t\t\t<div class=\"elementor-column elementor-col-50 elementor-inner-column elementor-element elementor-element-4714958\" data-id=\"4714958\" data-element_type=\"column\">\n\t\t\t<div class=\"elementor-widget-wrap elementor-element-populated\">\n\t\t\t\t\t\t<div class=\"elementor-element elementor-element-93b7bad elementor-widget elementor-widget-button\" data-id=\"93b7bad\" data-element_type=\"widget\" data-widget_type=\"button.default\">\n\t\t\t\t<div class=\"elementor-widget-container\">\n\t\t\t\t\t\t\t<div class=\"elementor-button-wrapper\">\n\t\t\t\t\t<a class=\"elementor-button elementor-button-link elementor-size-sm\" href=\"\/wp-content\/uploads\/2023\/12\/PROSECCO-DOCG-EXTRA-DRY.pdf\">\n\t\t\t\t\t\t<span class=\"elementor-button-content-wrapper\">\n\t\t\t\t\t\t\t\t\t<span class=\"elementor-button-text\">Datenblatt<\/span>\n\t\t\t\t\t<\/span>\n\t\t\t\t\t<\/a>\n\t\t\t\t<\/div>\n\t\t\t\t\t\t<\/div>\n\t\t\t\t<\/div>\n\t\t\t\t\t<\/div>\n\t\t<\/div>\n\t\t\t\t<div class=\"elementor-column elementor-col-50 elementor-inner-column elementor-element elementor-element-a33305c\" data-id=\"a33305c\" data-element_type=\"column\">\n\t\t\t<div class=\"elementor-widget-wrap elementor-element-populated\">\n\t\t\t\t\t\t<div class=\"elementor-element elementor-element-e9699d8 elementor-widget elementor-widget-button\" data-id=\"e9699d8\" data-element_type=\"widget\" data-widget_type=\"button.default\">\n\t\t\t\t<div class=\"elementor-widget-container\">\n\t\t\t\t\t\t\t<div class=\"elementor-button-wrapper\">\n\t\t\t\t\t<a class=\"elementor-button elementor-button-link elementor-size-sm\" href=\"#elementor-action%3Aaction%3Dlightbox%26settings%3DeyJ1cmwiOiJodHRwczpcL1wvd3d3LnJpdmFkZWlmcmF0aS5pdFwvd3AtY29udGVudFwvdXBsb2Fkc1wvMjAyM1wvMDdcL2V0aWNoZXR0YS1zb3N0ZW5pYmlsaXRhLnBuZyIsInR5cGUiOiJpbWFnZSIsInRpdGxlIjoiZXRpY2hldHRhLXNvc3RlbmliaWxpdGEifQ%3D%3D\">\n\t\t\t\t\t\t<span class=\"elementor-button-content-wrapper\">\n\t\t\t\t\t\t\t\t\t<span class=\"elementor-button-text\">Nachhaltigkeit<\/span>\n\t\t\t\t\t<\/span>\n\t\t\t\t\t<\/a>\n\t\t\t\t<\/div>\n\t\t\t\t\t\t<\/div>\n\t\t\t\t<\/div>\n\t\t\t\t\t<\/div>\n\t\t<\/div>\n\t\t\t\t\t<\/div>\n\t\t<\/section>\n\t\t\t\t<div class=\"elementor-element elementor-element-74952e5 elementor-widget elementor-widget-image\" data-id=\"74952e5\" data-element_type=\"widget\" data-widget_type=\"image.default\">\n\t\t\t\t<div class=\"elementor-widget-container\">\n\t\t\t\t\t\t\t<div class=\"elementor-image\">\n\t\t\t\t\t\t\t\t\t\t\t\t\t\t\t\t\t\t\t\t\t<img decoding=\"async\" width=\"814\" height=\"463\" src=\"https:\/\/www.rivadeifrati.it\/wp-content\/uploads\/2023\/07\/scheda-prodotto.png\" class=\"attachment-large size-large wp-image-989498\" alt=\"\" srcset=\"https:\/\/www.rivadeifrati.it\/wp-content\/uploads\/2023\/07\/scheda-prodotto.png 814w, https:\/\/www.rivadeifrati.it\/wp-content\/uploads\/2023\/07\/scheda-prodotto-300x171.png 300w, https:\/\/www.rivadeifrati.it\/wp-content\/uploads\/2023\/07\/scheda-prodotto-768x437.png 768w, https:\/\/www.rivadeifrati.it\/wp-content\/uploads\/2023\/07\/scheda-prodotto-630x358.png 630w, https:\/\/www.rivadeifrati.it\/wp-content\/uploads\/2023\/07\/scheda-prodotto-315x179.png 315w\" sizes=\"(max-width: 814px) 100vw, 814px\" \/>\t\t\t\t\t\t\t\t\t\t\t\t\t\t\t\t\t\t\t\t\t\t\t\t<\/div>\n\t\t\t\t\t\t<\/div>\n\t\t\t\t<\/div>\n\t\t\t\t\t<\/div>\n\t\t<\/div>\n\t\t\t\t\t<\/div>\n\t\t<\/section>\n\t\t\t\t<section class=\"elementor-section elementor-inner-section elementor-element elementor-element-6d26b63 vino-related elementor-section-boxed elementor-section-height-default elementor-section-height-default\" data-id=\"6d26b63\" data-element_type=\"section\">\n\t\t\t\t\t\t<div class=\"elementor-container elementor-column-gap-default\">\n\t\t\t\t\t<div class=\"elementor-column elementor-col-100 elementor-inner-column elementor-element elementor-element-23d6bdf\" data-id=\"23d6bdf\" data-element_type=\"column\">\n\t\t\t<div class=\"elementor-widget-wrap elementor-element-populated\">\n\t\t\t\t\t\t<div class=\"elementor-element elementor-element-d447177 elementor-widget elementor-widget-shortcode\" data-id=\"d447177\" data-element_type=\"widget\" data-widget_type=\"shortcode.default\">\n\t\t\t\t<div class=\"elementor-widget-container\">\n\t\t\t\t\t<div class=\"elementor-shortcode\"><section class=\"wines-list\">\n<h2>Das k\u00f6nnte Sie auch interessieren:<\/h2>\n<ul class=\"grid\">\n<li>\n<article class=\"winws-list-post-991717\">\n<a href=\"https:\/\/www.rivadeifrati.it\/de\/weine\/valdobbiadene-superiore-docg-extra-brut\/\" rel=\"nofollow\">\n<figure><img decoding=\"async\" width=\"150\" height=\"444\" src=\"https:\/\/www.rivadeifrati.it\/wp-content\/uploads\/2024\/11\/VALDOBBIADENE-DOCG-EXTRA-BRUT-002.png\" class=\"attachment-150x450 size-150x450 wp-post-image\" alt=\"\" srcset=\"https:\/\/www.rivadeifrati.it\/wp-content\/uploads\/2024\/11\/VALDOBBIADENE-DOCG-EXTRA-BRUT-002.png 338w, https:\/\/www.rivadeifrati.it\/wp-content\/uploads\/2024\/11\/VALDOBBIADENE-DOCG-EXTRA-BRUT-002-101x300.png 101w\" sizes=\"(max-width: 150px) 100vw, 150px\" \/><\/figure>\n<\/a>\n<div class=\"text\">\n<a class=\"post-link\" href=\"https:\/\/www.rivadeifrati.it\/de\/weine\/valdobbiadene-superiore-docg-extra-brut\/\">\n<h3>Valdobbiadene Superiore DOCG Extra Brut<\/h3>\n<\/a>\n<p class=\"read-more\"><a href=\"https:\/\/www.rivadeifrati.it\/de\/weine\/valdobbiadene-superiore-docg-extra-brut\/\" rel=\"nofollow\">Weitere Informationen<\/a>\n<\/p>\n<\/div>\n<\/article>\n<\/li>\n<li>\n<article class=\"winws-list-post-990790\">\n<a href=\"https:\/\/www.rivadeifrati.it\/de\/weine\/valdobbiadene-prosecco-superiore-docg-nona-sinfonia\/\" rel=\"nofollow\">\n<figure><img loading=\"lazy\" decoding=\"async\" width=\"150\" height=\"379\" src=\"https:\/\/www.rivadeifrati.it\/wp-content\/uploads\/2023\/09\/nona-sinfonia.png\" class=\"attachment-150x450 size-150x450 wp-post-image\" alt=\"Bottiglia di Prosecco Superiore Nona Sinfonia\" srcset=\"https:\/\/www.rivadeifrati.it\/wp-content\/uploads\/2023\/09\/nona-sinfonia.png 422w, https:\/\/www.rivadeifrati.it\/wp-content\/uploads\/2023\/09\/nona-sinfonia-119x300.png 119w, https:\/\/www.rivadeifrati.it\/wp-content\/uploads\/2023\/09\/nona-sinfonia-405x1024.png 405w, https:\/\/www.rivadeifrati.it\/wp-content\/uploads\/2023\/09\/nona-sinfonia-315x796.png 315w\" sizes=\"(max-width: 150px) 100vw, 150px\" \/><\/figure>\n<\/a>\n<div class=\"text\">\n<a class=\"post-link\" href=\"https:\/\/www.rivadeifrati.it\/de\/weine\/valdobbiadene-prosecco-superiore-docg-nona-sinfonia\/\">\n<h3>Valdobbiadene Prosecco Superiore DOCG Nona Sinfonia<\/h3>\n<\/a>\n<p class=\"read-more\"><a href=\"https:\/\/www.rivadeifrati.it\/de\/weine\/valdobbiadene-prosecco-superiore-docg-nona-sinfonia\/\" rel=\"nofollow\">Weitere Informationen<\/a>\n<\/p>\n<\/div>\n<\/article>\n<\/li>\n<li>\n<article class=\"winws-list-post-990792\">\n<a href=\"https:\/\/www.rivadeifrati.it\/de\/weine\/valdobbiadene-prosecco-superiore-docg-dry\/\" rel=\"nofollow\">\n<figure><img loading=\"lazy\" decoding=\"async\" width=\"150\" height=\"405\" src=\"https:\/\/www.rivadeifrati.it\/wp-content\/uploads\/2023\/09\/prosecco-superiore-dry-1.png\" class=\"attachment-150x450 size-150x450 wp-post-image\" alt=\"Bottiglia di valfo\" srcset=\"https:\/\/www.rivadeifrati.it\/wp-content\/uploads\/2023\/09\/prosecco-superiore-dry-1.png 400w, https:\/\/www.rivadeifrati.it\/wp-content\/uploads\/2023\/09\/prosecco-superiore-dry-1-111x300.png 111w, https:\/\/www.rivadeifrati.it\/wp-content\/uploads\/2023\/09\/prosecco-superiore-dry-1-379x1024.png 379w, https:\/\/www.rivadeifrati.it\/wp-content\/uploads\/2023\/09\/prosecco-superiore-dry-1-315x851.png 315w\" sizes=\"(max-width: 150px) 100vw, 150px\" \/><\/figure>\n<\/a>\n<div class=\"text\">\n<a class=\"post-link\" href=\"https:\/\/www.rivadeifrati.it\/de\/weine\/valdobbiadene-prosecco-superiore-docg-dry\/\">\n<h3>Valdobbiadene Prosecco Superiore DOCG Dry<\/h3>\n<\/a>\n<p class=\"read-more\"><a href=\"https:\/\/www.rivadeifrati.it\/de\/weine\/valdobbiadene-prosecco-superiore-docg-dry\/\" rel=\"nofollow\">Weitere Informationen<\/a>\n<\/p>\n<\/div>\n<\/article>\n<\/li>\n<\/ul>\n<\/section>\n<\/div>\n\t\t\t\t<\/div>\n\t\t\t\t<\/div>\n\t\t\t\t\t<\/div>\n\t\t<\/div>\n\t\t\t\t\t<\/div>\n\t\t<\/section>\n\t\t\t\t\t<\/div>\n\t\t<\/div>\n\t\t\t\t\t<\/div>\n\t\t<\/section>\n\t\t\t\t<\/div>\n\t\t","protected":false},"featured_media":990027,"template":"","tipologie-vini":[80],"class_list":["post-990800","vini","type-vini","status-publish","has-post-thumbnail","hentry","tipologie-vini-valdobbiadene-superiore-de"],"yoast_head":"<!-- This site is optimized with the Yoast SEO plugin v24.5 - https:\/\/yoast.com\/wordpress\/plugins\/seo\/ -->\n<title>Valdobbiadene Prosecco Superiore DOCG Extra Trocken - Riva dei Frati<\/title>\n<meta name=\"robots\" content=\"index, follow, max-snippet:-1, max-image-preview:large, max-video-preview:-1\" \/>\n<link rel=\"canonical\" href=\"https:\/\/www.rivadeifrati.it\/de\/weine\/valdobbiadene-prosecco-superiore-docg-extra-trocken\/\" \/>\n<meta property=\"og:locale\" content=\"de_DE\" \/>\n<meta property=\"og:type\" content=\"article\" \/>\n<meta property=\"og:title\" content=\"Valdobbiadene Prosecco Superiore DOCG Extra Trocken - Riva dei Frati\" \/>\n<meta property=\"og:description\" content=\"Es ist die traditionelle Version. Die Farbe ist ein leuchtendes Strohgelb, das durch die Perlage belebt wird. Er ist reich an Aromen von Fr\u00fcchten, \u00c4pfeln, Birnen, mit einem Hauch von Zitrusfr\u00fcchten, die ins Blumige \u00fcbergehen; am Gaumen ist er weich und doch trocken dank einer lebendigen S\u00e4ure. Er eignet sich hervorragend als Aperitif und wird...\" \/>\n<meta property=\"og:url\" content=\"https:\/\/www.rivadeifrati.it\/de\/weine\/valdobbiadene-prosecco-superiore-docg-extra-trocken\/\" \/>\n<meta property=\"og:site_name\" content=\"Riva dei Frati\" \/>\n<meta property=\"article:modified_time\" content=\"2025-06-11T13:41:06+00:00\" \/>\n<meta property=\"og:image\" content=\"https:\/\/www.rivadeifrati.it\/wp-content\/uploads\/2023\/10\/extra-dry-1.png\" \/>\n\t<meta property=\"og:image:width\" content=\"400\" \/>\n\t<meta property=\"og:image:height\" content=\"1080\" \/>\n\t<meta property=\"og:image:type\" content=\"image\/png\" \/>\n<meta name=\"twitter:card\" content=\"summary_large_image\" \/>\n<meta name=\"twitter:label1\" content=\"Gesch\u00e4tzte Lesezeit\" \/>\n\t<meta name=\"twitter:data1\" content=\"1\u00a0Minute\" \/>\n<script type=\"application\/ld+json\" class=\"yoast-schema-graph\">{\"@context\":\"https:\/\/schema.org\",\"@graph\":[{\"@type\":\"WebPage\",\"@id\":\"https:\/\/www.rivadeifrati.it\/de\/weine\/valdobbiadene-prosecco-superiore-docg-extra-trocken\/\",\"url\":\"https:\/\/www.rivadeifrati.it\/de\/weine\/valdobbiadene-prosecco-superiore-docg-extra-trocken\/\",\"name\":\"Valdobbiadene Prosecco Superiore DOCG Extra Trocken - Riva dei Frati\",\"isPartOf\":{\"@id\":\"https:\/\/www.rivadeifrati.it\/it\/#website\"},\"primaryImageOfPage\":{\"@id\":\"https:\/\/www.rivadeifrati.it\/de\/weine\/valdobbiadene-prosecco-superiore-docg-extra-trocken\/#primaryimage\"},\"image\":{\"@id\":\"https:\/\/www.rivadeifrati.it\/de\/weine\/valdobbiadene-prosecco-superiore-docg-extra-trocken\/#primaryimage\"},\"thumbnailUrl\":\"https:\/\/www.rivadeifrati.it\/wp-content\/uploads\/2023\/10\/extra-dry-1.png\",\"datePublished\":\"2023-08-15T12:13:36+00:00\",\"dateModified\":\"2025-06-11T13:41:06+00:00\",\"breadcrumb\":{\"@id\":\"https:\/\/www.rivadeifrati.it\/de\/weine\/valdobbiadene-prosecco-superiore-docg-extra-trocken\/#breadcrumb\"},\"inLanguage\":\"de\",\"potentialAction\":[{\"@type\":\"ReadAction\",\"target\":[\"https:\/\/www.rivadeifrati.it\/de\/weine\/valdobbiadene-prosecco-superiore-docg-extra-trocken\/\"]}]},{\"@type\":\"ImageObject\",\"inLanguage\":\"de\",\"@id\":\"https:\/\/www.rivadeifrati.it\/de\/weine\/valdobbiadene-prosecco-superiore-docg-extra-trocken\/#primaryimage\",\"url\":\"https:\/\/www.rivadeifrati.it\/wp-content\/uploads\/2023\/10\/extra-dry-1.png\",\"contentUrl\":\"https:\/\/www.rivadeifrati.it\/wp-content\/uploads\/2023\/10\/extra-dry-1.png\",\"width\":400,\"height\":1080,\"caption\":\"Bottiglia di Valdobbiadene Prosecco Superiore DOCG Extra Dry\"},{\"@type\":\"BreadcrumbList\",\"@id\":\"https:\/\/www.rivadeifrati.it\/de\/weine\/valdobbiadene-prosecco-superiore-docg-extra-trocken\/#breadcrumb\",\"itemListElement\":[{\"@type\":\"ListItem\",\"position\":1,\"name\":\"Home\",\"item\":\"https:\/\/www.rivadeifrati.it\/en\/\"},{\"@type\":\"ListItem\",\"position\":2,\"name\":\"Valdobbiadene Prosecco Superiore DOCG Extra Trocken\"}]},{\"@type\":\"WebSite\",\"@id\":\"https:\/\/www.rivadeifrati.it\/it\/#website\",\"url\":\"https:\/\/www.rivadeifrati.it\/it\/\",\"name\":\"Riva dei Frati\",\"description\":\"\",\"publisher\":{\"@id\":\"https:\/\/www.rivadeifrati.it\/it\/#organization\"},\"inLanguage\":\"de\"},{\"@type\":\"Organization\",\"@id\":\"https:\/\/www.rivadeifrati.it\/it\/#organization\",\"name\":\"Riva dei Frati\",\"url\":\"https:\/\/www.rivadeifrati.it\/it\/\",\"logo\":{\"@type\":\"ImageObject\",\"inLanguage\":\"de\",\"@id\":\"https:\/\/www.rivadeifrati.it\/it\/#\/schema\/logo\/image\/\",\"url\":\"https:\/\/www.rivadeifrati.it\/wp-content\/uploads\/2020\/03\/LOGO-ORO.png\",\"contentUrl\":\"https:\/\/www.rivadeifrati.it\/wp-content\/uploads\/2020\/03\/LOGO-ORO.png\",\"width\":1237,\"height\":501,\"caption\":\"Riva dei Frati\"},\"image\":{\"@id\":\"https:\/\/www.rivadeifrati.it\/it\/#\/schema\/logo\/image\/\"}}]}<\/script>\n<!-- \/ Yoast SEO plugin. -->","yoast_head_json":{"title":"Valdobbiadene Prosecco Superiore DOCG Extra Trocken - Riva dei Frati","robots":{"index":"index","follow":"follow","max-snippet":"max-snippet:-1","max-image-preview":"max-image-preview:large","max-video-preview":"max-video-preview:-1"},"canonical":"https:\/\/www.rivadeifrati.it\/de\/weine\/valdobbiadene-prosecco-superiore-docg-extra-trocken\/","og_locale":"de_DE","og_type":"article","og_title":"Valdobbiadene Prosecco Superiore DOCG Extra Trocken - Riva dei Frati","og_description":"Es ist die traditionelle Version. Die Farbe ist ein leuchtendes Strohgelb, das durch die Perlage belebt wird. Er ist reich an Aromen von Fr\u00fcchten, \u00c4pfeln, Birnen, mit einem Hauch von Zitrusfr\u00fcchten, die ins Blumige \u00fcbergehen; am Gaumen ist er weich und doch trocken dank einer lebendigen S\u00e4ure. Er eignet sich hervorragend als Aperitif und wird...","og_url":"https:\/\/www.rivadeifrati.it\/de\/weine\/valdobbiadene-prosecco-superiore-docg-extra-trocken\/","og_site_name":"Riva dei Frati","article_modified_time":"2025-06-11T13:41:06+00:00","og_image":[{"width":400,"height":1080,"url":"https:\/\/www.rivadeifrati.it\/wp-content\/uploads\/2023\/10\/extra-dry-1.png","type":"image\/png"}],"twitter_card":"summary_large_image","twitter_misc":{"Gesch\u00e4tzte Lesezeit":"1\u00a0Minute"},"schema":{"@context":"https:\/\/schema.org","@graph":[{"@type":"WebPage","@id":"https:\/\/www.rivadeifrati.it\/de\/weine\/valdobbiadene-prosecco-superiore-docg-extra-trocken\/","url":"https:\/\/www.rivadeifrati.it\/de\/weine\/valdobbiadene-prosecco-superiore-docg-extra-trocken\/","name":"Valdobbiadene Prosecco Superiore DOCG Extra Trocken - Riva dei Frati","isPartOf":{"@id":"https:\/\/www.rivadeifrati.it\/it\/#website"},"primaryImageOfPage":{"@id":"https:\/\/www.rivadeifrati.it\/de\/weine\/valdobbiadene-prosecco-superiore-docg-extra-trocken\/#primaryimage"},"image":{"@id":"https:\/\/www.rivadeifrati.it\/de\/weine\/valdobbiadene-prosecco-superiore-docg-extra-trocken\/#primaryimage"},"thumbnailUrl":"https:\/\/www.rivadeifrati.it\/wp-content\/uploads\/2023\/10\/extra-dry-1.png","datePublished":"2023-08-15T12:13:36+00:00","dateModified":"2025-06-11T13:41:06+00:00","breadcrumb":{"@id":"https:\/\/www.rivadeifrati.it\/de\/weine\/valdobbiadene-prosecco-superiore-docg-extra-trocken\/#breadcrumb"},"inLanguage":"de","potentialAction":[{"@type":"ReadAction","target":["https:\/\/www.rivadeifrati.it\/de\/weine\/valdobbiadene-prosecco-superiore-docg-extra-trocken\/"]}]},{"@type":"ImageObject","inLanguage":"de","@id":"https:\/\/www.rivadeifrati.it\/de\/weine\/valdobbiadene-prosecco-superiore-docg-extra-trocken\/#primaryimage","url":"https:\/\/www.rivadeifrati.it\/wp-content\/uploads\/2023\/10\/extra-dry-1.png","contentUrl":"https:\/\/www.rivadeifrati.it\/wp-content\/uploads\/2023\/10\/extra-dry-1.png","width":400,"height":1080,"caption":"Bottiglia di Valdobbiadene Prosecco Superiore DOCG Extra Dry"},{"@type":"BreadcrumbList","@id":"https:\/\/www.rivadeifrati.it\/de\/weine\/valdobbiadene-prosecco-superiore-docg-extra-trocken\/#breadcrumb","itemListElement":[{"@type":"ListItem","position":1,"name":"Home","item":"https:\/\/www.rivadeifrati.it\/en\/"},{"@type":"ListItem","position":2,"name":"Valdobbiadene Prosecco Superiore DOCG Extra Trocken"}]},{"@type":"WebSite","@id":"https:\/\/www.rivadeifrati.it\/it\/#website","url":"https:\/\/www.rivadeifrati.it\/it\/","name":"Riva dei Frati","description":"","publisher":{"@id":"https:\/\/www.rivadeifrati.it\/it\/#organization"},"inLanguage":"de"},{"@type":"Organization","@id":"https:\/\/www.rivadeifrati.it\/it\/#organization","name":"Riva dei Frati","url":"https:\/\/www.rivadeifrati.it\/it\/","logo":{"@type":"ImageObject","inLanguage":"de","@id":"https:\/\/www.rivadeifrati.it\/it\/#\/schema\/logo\/image\/","url":"https:\/\/www.rivadeifrati.it\/wp-content\/uploads\/2020\/03\/LOGO-ORO.png","contentUrl":"https:\/\/www.rivadeifrati.it\/wp-content\/uploads\/2020\/03\/LOGO-ORO.png","width":1237,"height":501,"caption":"Riva dei Frati"},"image":{"@id":"https:\/\/www.rivadeifrati.it\/it\/#\/schema\/logo\/image\/"}}]}},"_links":{"self":[{"href":"https:\/\/www.rivadeifrati.it\/de\/wp-json\/wp\/v2\/vini\/990800","targetHints":{"allow":["GET"]}}],"collection":[{"href":"https:\/\/www.rivadeifrati.it\/de\/wp-json\/wp\/v2\/vini"}],"about":[{"href":"https:\/\/www.rivadeifrati.it\/de\/wp-json\/wp\/v2\/types\/vini"}],"version-history":[{"count":10,"href":"https:\/\/www.rivadeifrati.it\/de\/wp-json\/wp\/v2\/vini\/990800\/revisions"}],"predecessor-version":[{"id":992062,"href":"https:\/\/www.rivadeifrati.it\/de\/wp-json\/wp\/v2\/vini\/990800\/revisions\/992062"}],"wp:featuredmedia":[{"embeddable":true,"href":"https:\/\/www.rivadeifrati.it\/de\/wp-json\/wp\/v2\/media\/990027"}],"wp:attachment":[{"href":"https:\/\/www.rivadeifrati.it\/de\/wp-json\/wp\/v2\/media?parent=990800"}],"wp:term":[{"taxonomy":"tipologie-vini","embeddable":true,"href":"https:\/\/www.rivadeifrati.it\/de\/wp-json\/wp\/v2\/tipologie-vini?post=990800"}],"curies":[{"name":"wp","href":"https:\/\/api.w.org\/{rel}","templated":true}]}}