{"id":340,"date":"2020-03-13T17:29:59","date_gmt":"2020-03-13T17:29:59","guid":{"rendered":"https:\/\/lagar.vamtam.com\/?page_id=340"},"modified":"2024-01-18T13:37:50","modified_gmt":"2024-01-18T13:37:50","slug":"i-vigneti","status":"publish","type":"page","link":"https:\/\/www.rivadeifrati.it\/it\/i-vigneti\/","title":{"rendered":"Vigneti"},"content":{"rendered":"\t\t<div data-elementor-type=\"wp-page\" data-elementor-id=\"340\" class=\"elementor elementor-340\" data-elementor-post-type=\"page\">\n\t\t\t\t\t\t<section class=\"elementor-section elementor-top-section elementor-element elementor-element-26b30b6 elementor-section-height-min-height elementor-section-content-bottom page-hero elementor-section-boxed elementor-section-height-default elementor-section-items-middle\" data-id=\"26b30b6\" data-element_type=\"section\" data-settings=\"{&quot;background_background&quot;:&quot;classic&quot;}\">\n\t\t\t\t\t\t\t<div class=\"elementor-background-overlay\"><\/div>\n\t\t\t\t\t\t\t<div class=\"elementor-container elementor-column-gap-default\">\n\t\t\t\t\t<div class=\"elementor-column elementor-col-100 elementor-top-column elementor-element elementor-element-947371e\" data-id=\"947371e\" data-element_type=\"column\">\n\t\t\t<div class=\"elementor-widget-wrap elementor-element-populated\">\n\t\t\t\t\t\t<div class=\"elementor-element elementor-element-9cf9baf elementor-headline--style-blurred_letters animated-slow elementor-invisible elementor-widget elementor-widget-vamtam-animated-headline\" data-id=\"9cf9baf\" data-element_type=\"widget\" data-settings=\"{&quot;headline_style&quot;:&quot;blurred_letters&quot;,&quot;vamtam_text&quot;:&quot;Vigneti&quot;,&quot;_animation&quot;:&quot;fadeInUp&quot;}\" data-widget_type=\"vamtam-animated-headline.default\">\n\t\t\t\t<div class=\"elementor-widget-container\">\n\t\t\t\t\t\t\t<h1 class=\"elementor-headline\">\n\t\t\t\t\t\t\t\t\t\t\t\t\t\t\t\t\t\t\t\t\t\t\t\t<span class=\"vamtam-word\">\t\t\t\t\t\t\t\t\t\t\t\t\t\t\t<span class=\"vamtam-letter blurred\" data-delay=\"0.17\">V<\/span>\n\t\t\t\t\t\t\t\t\t\t\t\t\t\t\t\t\t\t\t\t\t\t\t\t\t\t\t\t\t\t\t\t\t\t\t<span class=\"vamtam-letter\">i<\/span>\n\t\t\t\t\t\t\t\t\t\t\t\t\t\t\t\t\t\t\t\t\t\t\t\t\t\t\t\t\t\t\t\t\t\t\t<span class=\"vamtam-letter\">g<\/span>\n\t\t\t\t\t\t\t\t\t\t\t\t\t\t\t\t\t\t\t\t\t\t\t\t\t\t\t\t\t\t\t\t\t\t\t<span class=\"vamtam-letter\">n<\/span>\n\t\t\t\t\t\t\t\t\t\t\t\t\t\t\t\t\t\t\t\t\t\t\t\t\t\t\t\t\t\t\t\t\t\t\t<span class=\"vamtam-letter blurred\" data-delay=\"0.31\">e<\/span>\n\t\t\t\t\t\t\t\t\t\t\t\t\t\t\t\t\t\t\t\t\t\t\t\t\t\t\t\t\t\t\t\t\t\t\t<span class=\"vamtam-letter\">t<\/span>\n\t\t\t\t\t\t\t\t\t\t\t\t\t\t\t\t\t\t\t\t\t\t\t\t\t\t\t\t\t\t\t\t\t\t\t<span class=\"vamtam-letter\">i<\/span>\n\t\t\t\t\t\t\t\t\t\t\t\t\t\t\t\t\t\t\t<\/span>\t\t\t\t\t\t\t\t\t<\/h1>\n\t\t\t\t\t\t<\/div>\n\t\t\t\t<\/div>\n\t\t\t\t\t<\/div>\n\t\t<\/div>\n\t\t\t\t\t<\/div>\n\t\t<\/section>\n\t\t\t\t<section class=\"elementor-section elementor-top-section elementor-element elementor-element-8d3036c page-payoff elementor-section-boxed elementor-section-height-default elementor-section-height-default\" data-id=\"8d3036c\" data-element_type=\"section\" id=\"vigneti-payoff\" data-settings=\"{&quot;background_background&quot;:&quot;classic&quot;}\">\n\t\t\t\t\t\t<div class=\"elementor-container elementor-column-gap-default\">\n\t\t\t\t\t<div class=\"elementor-column elementor-col-100 elementor-top-column elementor-element elementor-element-83d9fb0\" data-id=\"83d9fb0\" data-element_type=\"column\">\n\t\t\t<div class=\"elementor-widget-wrap elementor-element-populated\">\n\t\t\t\t\t\t<div class=\"elementor-element elementor-element-961495c title elementor-widget elementor-widget-heading\" data-id=\"961495c\" data-element_type=\"widget\" data-widget_type=\"heading.default\">\n\t\t\t\t<div class=\"elementor-widget-container\">\n\t\t\t<h2 class=\"elementor-heading-title elementor-size-default\">I vigneti nella zona del Prosecco Superiore <\/h2>\t\t<\/div>\n\t\t\t\t<\/div>\n\t\t\t\t<div class=\"elementor-element elementor-element-9fd5215 subtitle elementor-widget elementor-widget-text-editor\" data-id=\"9fd5215\" data-element_type=\"widget\" data-widget_type=\"text-editor.default\">\n\t\t\t\t<div class=\"elementor-widget-container\">\n\t\t\t\t\t\t\t<p>Qui si respira storia e leggenda, tradizioni e innovazioni.<\/p>\t\t\t\t\t\t<\/div>\n\t\t\t\t<\/div>\n\t\t\t\t<div class=\"elementor-element elementor-element-e35df01 elementor-widget elementor-widget-text-editor\" data-id=\"e35df01\" data-element_type=\"widget\" data-widget_type=\"text-editor.default\">\n\t\t\t\t<div class=\"elementor-widget-container\">\n\t\t\t\t\t\t\t<p style=\"text-align: left;\"><span style=\"font-weight: 400;\">Situati nella fascia collinare tra Col San Martino e Santo Stefano di Valdobbiadene, i vigneti di Riva dei Frati mantengono ancora oggi la conformazione originale dei terrazzamenti e dei filari. E<\/span><span style=\"letter-spacing: var(--vamtam-primary-font-letter-spacing-desktop,normal); text-transform: var(--vamtam-primary-font-transform,none); text-decoration: var(--vamtam-primary-font-decoration,none);\">\u00a0qui che si svolge il grande e delicato lavoro che avviene esclusivamente a mano con una media di 800 ore annue per ettaro e pendenze che sfiorano il 20%.\u00a0<\/span><\/p><p><span style=\"font-weight: 400;\">La qualit\u00e0 parte e si fa in primo luogo dalla vigna. Fin dall\u2019impianto del vigneto con la scelta del luogo, delle migliori combinazioni portainnesto e vitigno, senza dimenticare il sistema di allevamento (doppio capovolto). Uno dei fattori di principale importanza per la valorizzazione dei diversi ambienti \u00e8 inoltre la preservazione della biodiversit\u00e0 in vigneto che si concretizza nell\u2019aspetto di miglioramento varietale e genetico.<\/span><\/p>\t\t\t\t\t\t<\/div>\n\t\t\t\t<\/div>\n\t\t\t\t\t<\/div>\n\t\t<\/div>\n\t\t\t\t\t<\/div>\n\t\t<\/section>\n\t\t\t\t<section class=\"elementor-section elementor-top-section elementor-element elementor-element-ffde958 elementor-section-full_width section-text-images-special elementor-section-height-default elementor-section-height-default\" data-id=\"ffde958\" data-element_type=\"section\" id=\"vigneti-antichi\">\n\t\t\t\t\t\t<div class=\"elementor-container elementor-column-gap-no\">\n\t\t\t\t\t<div class=\"elementor-column elementor-col-100 elementor-top-column elementor-element elementor-element-52c61f9\" data-id=\"52c61f9\" data-element_type=\"column\">\n\t\t\t<div class=\"elementor-widget-wrap elementor-element-populated\">\n\t\t\t\t\t\t<section class=\"elementor-section elementor-inner-section elementor-element elementor-element-ebc0a41 elementor-section-full_width elementor-section-height-default elementor-section-height-default\" data-id=\"ebc0a41\" data-element_type=\"section\">\n\t\t\t\t\t\t<div class=\"elementor-container elementor-column-gap-default\">\n\t\t\t\t\t<div class=\"elementor-column elementor-col-50 elementor-inner-column elementor-element elementor-element-08120c2\" data-id=\"08120c2\" data-element_type=\"column\">\n\t\t\t<div class=\"elementor-widget-wrap elementor-element-populated\">\n\t\t\t\t\t\t<div class=\"elementor-element elementor-element-12519a9 title animated-slow elementor-invisible elementor-widget elementor-widget-heading\" data-id=\"12519a9\" data-element_type=\"widget\" data-settings=\"{&quot;_animation&quot;:&quot;fadeIn&quot;}\" data-widget_type=\"heading.default\">\n\t\t\t\t<div class=\"elementor-widget-container\">\n\t\t\t<h3 class=\"elementor-heading-title elementor-size-default\">I vigneti antichi<\/h3>\t\t<\/div>\n\t\t\t\t<\/div>\n\t\t\t\t<div class=\"elementor-element elementor-element-d828373 subtitle elementor-widget elementor-widget-text-editor\" data-id=\"d828373\" data-element_type=\"widget\" data-widget_type=\"text-editor.default\">\n\t\t\t\t<div class=\"elementor-widget-container\">\n\t\t\t\t\t\t\t<p>\u00a0Nel cuore di Valdobbiadene<\/p>\t\t\t\t\t\t<\/div>\n\t\t\t\t<\/div>\n\t\t\t\t\t<\/div>\n\t\t<\/div>\n\t\t\t\t<div class=\"elementor-column elementor-col-50 elementor-inner-column elementor-element elementor-element-b6ef446\" data-id=\"b6ef446\" data-element_type=\"column\">\n\t\t\t<div class=\"elementor-widget-wrap elementor-element-populated\">\n\t\t\t\t\t\t<div class=\"elementor-element elementor-element-43b9827 elementor-invisible elementor-widget elementor-widget-image\" data-id=\"43b9827\" data-element_type=\"widget\" data-settings=\"{&quot;_animation&quot;:&quot;imageGrowWithScaleLeft&quot;}\" data-widget_type=\"image.default\">\n\t\t\t\t<div class=\"elementor-widget-container\">\n\t\t\t\t\t\t\t<div class=\"elementor-image\">\n\t\t\t\t\t\t\t\t\t\t\t<div class=\"vamtam-image-wrapper\">\n\t\t\t\t\t\t\t\t\t\t\t\t\t\t\t\t\t\t\t\t\t<img fetchpriority=\"high\" decoding=\"async\" width=\"1024\" height=\"621\" src=\"https:\/\/www.rivadeifrati.it\/wp-content\/uploads\/2023\/10\/vigneti-02-1024x621.jpg\" class=\"attachment-large size-large wp-image-989374\" alt=\"\" srcset=\"https:\/\/www.rivadeifrati.it\/wp-content\/uploads\/2023\/10\/vigneti-02-1024x621.jpg 1024w, https:\/\/www.rivadeifrati.it\/wp-content\/uploads\/2023\/10\/vigneti-02-300x182.jpg 300w, https:\/\/www.rivadeifrati.it\/wp-content\/uploads\/2023\/10\/vigneti-02-768x466.jpg 768w, https:\/\/www.rivadeifrati.it\/wp-content\/uploads\/2023\/10\/vigneti-02-1536x932.jpg 1536w, https:\/\/www.rivadeifrati.it\/wp-content\/uploads\/2023\/10\/vigneti-02-630x382.jpg 630w, https:\/\/www.rivadeifrati.it\/wp-content\/uploads\/2023\/10\/vigneti-02-1260x764.jpg 1260w, https:\/\/www.rivadeifrati.it\/wp-content\/uploads\/2023\/10\/vigneti-02-315x191.jpg 315w, https:\/\/www.rivadeifrati.it\/wp-content\/uploads\/2023\/10\/vigneti-02.jpg 1975w\" sizes=\"(max-width: 1024px) 100vw, 1024px\" \/>\t\t\t\t\t\t\t\t\t\t\t\t\t\t\t\t\t\t\t\t\t\t\t\t\t\t<\/div>\n\t\t\t\t\t\t\t\t\t<\/div>\n\t\t\t\t\t\t<\/div>\n\t\t\t\t<\/div>\n\t\t\t\t\t<\/div>\n\t\t<\/div>\n\t\t\t\t\t<\/div>\n\t\t<\/section>\n\t\t\t\t<section class=\"elementor-section elementor-inner-section elementor-element elementor-element-4eb190d elementor-section-full_width elementor-section-height-default elementor-section-height-default\" data-id=\"4eb190d\" data-element_type=\"section\">\n\t\t\t\t\t\t<div class=\"elementor-container elementor-column-gap-default\">\n\t\t\t\t\t<div class=\"elementor-column elementor-col-50 elementor-inner-column elementor-element elementor-element-33cee73\" data-id=\"33cee73\" data-element_type=\"column\">\n\t\t\t<div class=\"elementor-widget-wrap elementor-element-populated\">\n\t\t\t\t\t\t<div class=\"elementor-element elementor-element-f55b9fe elementor-widget elementor-widget-text-editor\" data-id=\"f55b9fe\" data-element_type=\"widget\" data-widget_type=\"text-editor.default\">\n\t\t\t\t<div class=\"elementor-widget-container\">\n\t\t\t\t\t\t\t<p><span style=\"font-weight: 400;\">Nella zona di Cartizze e di Col San Martino, troviamo i vigneti pi\u00f9 antichi di Riva dei Frati. Qui i diversi terrazzamenti disposti a raggiera, rivelano l\u2019inalterata morfologia del suolo nel tempo, come nella artigianalit\u00e0 del lavoro che si affida ancora ad oggi alla sapiente mano dei viticoltori.\u00a0 Custodire un vigneto antico \u00e8 infatti una pratica ed una scelta che richiede grande attenzione e meticolosit\u00e0. In termini di eredit\u00e0 agricola e storica, come segno tangibile della tradizione dei luoghi, della tenacia e perseveranza proprie della viticoltura eroica di queste zone.\u00a0<\/span><\/p>\t\t\t\t\t\t<\/div>\n\t\t\t\t<\/div>\n\t\t\t\t\t<\/div>\n\t\t<\/div>\n\t\t\t\t<div class=\"elementor-column elementor-col-50 elementor-inner-column elementor-element elementor-element-1bd26dc\" data-id=\"1bd26dc\" data-element_type=\"column\">\n\t\t\t<div class=\"elementor-widget-wrap elementor-element-populated\">\n\t\t\t\t\t\t<div class=\"elementor-element elementor-element-2b26194 elementor-invisible elementor-widget elementor-widget-image\" data-id=\"2b26194\" data-element_type=\"widget\" data-settings=\"{&quot;_animation&quot;:&quot;imageGrowWithScaleLeft&quot;}\" data-widget_type=\"image.default\">\n\t\t\t\t<div class=\"elementor-widget-container\">\n\t\t\t\t\t\t\t<div class=\"elementor-image\">\n\t\t\t\t\t\t\t\t\t\t\t<div class=\"vamtam-image-wrapper\">\n\t\t\t\t\t\t\t\t\t\t\t\t\t\t\t\t\t\t\t\t\t<img decoding=\"async\" width=\"1024\" height=\"621\" src=\"https:\/\/www.rivadeifrati.it\/wp-content\/uploads\/2023\/10\/vigneti-03-1024x621.jpg\" class=\"attachment-large size-large wp-image-989377\" alt=\"\" srcset=\"https:\/\/www.rivadeifrati.it\/wp-content\/uploads\/2023\/10\/vigneti-03-1024x621.jpg 1024w, https:\/\/www.rivadeifrati.it\/wp-content\/uploads\/2023\/10\/vigneti-03-300x182.jpg 300w, https:\/\/www.rivadeifrati.it\/wp-content\/uploads\/2023\/10\/vigneti-03-768x466.jpg 768w, https:\/\/www.rivadeifrati.it\/wp-content\/uploads\/2023\/10\/vigneti-03-1536x932.jpg 1536w, https:\/\/www.rivadeifrati.it\/wp-content\/uploads\/2023\/10\/vigneti-03-630x382.jpg 630w, https:\/\/www.rivadeifrati.it\/wp-content\/uploads\/2023\/10\/vigneti-03-1260x764.jpg 1260w, https:\/\/www.rivadeifrati.it\/wp-content\/uploads\/2023\/10\/vigneti-03-315x191.jpg 315w, https:\/\/www.rivadeifrati.it\/wp-content\/uploads\/2023\/10\/vigneti-03.jpg 1975w\" sizes=\"(max-width: 1024px) 100vw, 1024px\" \/>\t\t\t\t\t\t\t\t\t\t\t\t\t\t\t\t\t\t\t\t\t\t\t\t\t\t<\/div>\n\t\t\t\t\t\t\t\t\t<\/div>\n\t\t\t\t\t\t<\/div>\n\t\t\t\t<\/div>\n\t\t\t\t\t<\/div>\n\t\t<\/div>\n\t\t\t\t\t<\/div>\n\t\t<\/section>\n\t\t\t\t\t<\/div>\n\t\t<\/div>\n\t\t\t\t\t<\/div>\n\t\t<\/section>\n\t\t\t\t<section class=\"elementor-section elementor-top-section elementor-element elementor-element-4c5aaaf elementor-section-height-min-height elementor-section-boxed elementor-section-height-default elementor-section-items-middle\" data-id=\"4c5aaaf\" data-element_type=\"section\" data-settings=\"{&quot;background_background&quot;:&quot;classic&quot;}\">\n\t\t\t\t\t\t<div class=\"elementor-container elementor-column-gap-default\">\n\t\t\t\t\t<div class=\"elementor-column elementor-col-100 elementor-top-column elementor-element elementor-element-50b03f5\" data-id=\"50b03f5\" data-element_type=\"column\">\n\t\t\t<div class=\"elementor-widget-wrap elementor-element-populated\">\n\t\t\t\t\t\t<div class=\"elementor-element elementor-element-866fdaf elementor-widget elementor-widget-gallery\" data-id=\"866fdaf\" data-element_type=\"widget\" data-settings=\"{&quot;gallery_layout&quot;:&quot;masonry&quot;,&quot;columns_mobile&quot;:2,&quot;overlay_description&quot;:&quot;caption&quot;,&quot;content_sequenced_animation&quot;:&quot;yes&quot;,&quot;lazyload&quot;:&quot;yes&quot;,&quot;columns&quot;:4,&quot;columns_tablet&quot;:2,&quot;gap&quot;:{&quot;unit&quot;:&quot;px&quot;,&quot;size&quot;:10,&quot;sizes&quot;:[]},&quot;gap_tablet&quot;:{&quot;unit&quot;:&quot;px&quot;,&quot;size&quot;:10,&quot;sizes&quot;:[]},&quot;gap_mobile&quot;:{&quot;unit&quot;:&quot;px&quot;,&quot;size&quot;:10,&quot;sizes&quot;:[]},&quot;link_to&quot;:&quot;file&quot;,&quot;overlay_background&quot;:&quot;yes&quot;,&quot;content_hover_animation&quot;:&quot;fade-in&quot;}\" data-widget_type=\"gallery.default\">\n\t\t\t\t<div class=\"elementor-widget-container\">\n\t\t\t\t\t<div class=\"elementor-gallery__container\">\n\t\t\t\t\t\t\t<a class=\"e-gallery-item elementor-gallery-item elementor-animated-content\" href=\"https:\/\/www.rivadeifrati.it\/wp-content\/uploads\/2023\/11\/vigneto-01-riva-dei-frati.jpg\" data-elementor-open-lightbox=\"yes\" data-elementor-lightbox-slideshow=\"866fdaf\" data-elementor-lightbox-title=\"Potatura della vite\" data-e-action-hash=\"#elementor-action%3Aaction%3Dlightbox%26settings%3DeyJpZCI6OTkxMjI4LCJ1cmwiOiJodHRwczpcL1wvd3d3LnJpdmFkZWlmcmF0aS5pdFwvd3AtY29udGVudFwvdXBsb2Fkc1wvMjAyM1wvMTFcL3ZpZ25ldG8tMDEtcml2YS1kZWktZnJhdGkuanBnIiwic2xpZGVzaG93IjoiODY2ZmRhZiJ9\">\n\t\t\t\t\t<div class=\"e-gallery-image elementor-gallery-item__image\" data-thumbnail=\"https:\/\/www.rivadeifrati.it\/wp-content\/uploads\/2023\/11\/vigneto-01-riva-dei-frati.jpg\" data-width=\"983\" data-height=\"641\" aria-label=\"Uomo che pota una vita\" role=\"img\" ><\/div>\n\t\t\t\t\t\t\t\t\t\t\t<div class=\"elementor-gallery-item__overlay\"><\/div>\n\t\t\t\t\t\t\t\t\t\t\t\t\t\t\t<div class=\"elementor-gallery-item__content\">\n\t\t\t\t\t\t\t\t\t\t\t<\/div>\n\t\t\t\t\t\t\t\t\t<\/a>\n\t\t\t\t\t\t\t<a class=\"e-gallery-item elementor-gallery-item elementor-animated-content\" href=\"https:\/\/www.rivadeifrati.it\/wp-content\/uploads\/2023\/11\/vigneto-02-riva-dei-frati.jpg\" data-elementor-open-lightbox=\"yes\" data-elementor-lightbox-slideshow=\"866fdaf\" data-elementor-lightbox-title=\"vigneto-02-riva-dei-frati\" data-e-action-hash=\"#elementor-action%3Aaction%3Dlightbox%26settings%3DeyJpZCI6OTkxMjMxLCJ1cmwiOiJodHRwczpcL1wvd3d3LnJpdmFkZWlmcmF0aS5pdFwvd3AtY29udGVudFwvdXBsb2Fkc1wvMjAyM1wvMTFcL3ZpZ25ldG8tMDItcml2YS1kZWktZnJhdGkuanBnIiwic2xpZGVzaG93IjoiODY2ZmRhZiJ9\">\n\t\t\t\t\t<div class=\"e-gallery-image elementor-gallery-item__image\" data-thumbnail=\"https:\/\/www.rivadeifrati.it\/wp-content\/uploads\/2023\/11\/vigneto-02-riva-dei-frati.jpg\" data-width=\"983\" data-height=\"641\" aria-label=\"Terreno di una vigna che viene lavorato\" role=\"img\" ><\/div>\n\t\t\t\t\t\t\t\t\t\t\t<div class=\"elementor-gallery-item__overlay\"><\/div>\n\t\t\t\t\t\t\t\t\t\t\t\t\t\t\t<div class=\"elementor-gallery-item__content\">\n\t\t\t\t\t\t\t\t\t\t\t<\/div>\n\t\t\t\t\t\t\t\t\t<\/a>\n\t\t\t\t\t\t\t<a class=\"e-gallery-item elementor-gallery-item elementor-animated-content\" href=\"https:\/\/www.rivadeifrati.it\/wp-content\/uploads\/2023\/11\/vigneto-03-riva-dei-frati.jpg\" data-elementor-open-lightbox=\"yes\" data-elementor-lightbox-slideshow=\"866fdaf\" data-elementor-lightbox-title=\"Uva Riva dei Frati\" data-e-action-hash=\"#elementor-action%3Aaction%3Dlightbox%26settings%3DeyJpZCI6OTkxMjM0LCJ1cmwiOiJodHRwczpcL1wvd3d3LnJpdmFkZWlmcmF0aS5pdFwvd3AtY29udGVudFwvdXBsb2Fkc1wvMjAyM1wvMTFcL3ZpZ25ldG8tMDMtcml2YS1kZWktZnJhdGkuanBnIiwic2xpZGVzaG93IjoiODY2ZmRhZiJ9\">\n\t\t\t\t\t<div class=\"e-gallery-image elementor-gallery-item__image\" data-thumbnail=\"https:\/\/www.rivadeifrati.it\/wp-content\/uploads\/2023\/11\/vigneto-03-riva-dei-frati.jpg\" data-width=\"983\" data-height=\"641\" aria-label=\"Uva raccolta in un vigneto\" role=\"img\" ><\/div>\n\t\t\t\t\t\t\t\t\t\t\t<div class=\"elementor-gallery-item__overlay\"><\/div>\n\t\t\t\t\t\t\t\t\t\t\t\t\t\t\t<div class=\"elementor-gallery-item__content\">\n\t\t\t\t\t\t\t\t\t\t\t<\/div>\n\t\t\t\t\t\t\t\t\t<\/a>\n\t\t\t\t\t\t\t<a class=\"e-gallery-item elementor-gallery-item elementor-animated-content\" href=\"https:\/\/www.rivadeifrati.it\/wp-content\/uploads\/2023\/11\/vigneto-04-riva-dei-frati.jpg\" data-elementor-open-lightbox=\"yes\" data-elementor-lightbox-slideshow=\"866fdaf\" data-elementor-lightbox-title=\"Terreno Riva dei Frati\" data-e-action-hash=\"#elementor-action%3Aaction%3Dlightbox%26settings%3DeyJpZCI6OTkxMjM3LCJ1cmwiOiJodHRwczpcL1wvd3d3LnJpdmFkZWlmcmF0aS5pdFwvd3AtY29udGVudFwvdXBsb2Fkc1wvMjAyM1wvMTFcL3ZpZ25ldG8tMDQtcml2YS1kZWktZnJhdGkuanBnIiwic2xpZGVzaG93IjoiODY2ZmRhZiJ9\">\n\t\t\t\t\t<div class=\"e-gallery-image elementor-gallery-item__image\" data-thumbnail=\"https:\/\/www.rivadeifrati.it\/wp-content\/uploads\/2023\/11\/vigneto-04-riva-dei-frati.jpg\" data-width=\"983\" data-height=\"641\" aria-label=\"Terra di un vigneto\" role=\"img\" ><\/div>\n\t\t\t\t\t\t\t\t\t\t\t<div class=\"elementor-gallery-item__overlay\"><\/div>\n\t\t\t\t\t\t\t\t\t\t\t\t\t\t\t<div class=\"elementor-gallery-item__content\">\n\t\t\t\t\t\t\t\t\t\t\t<\/div>\n\t\t\t\t\t\t\t\t\t<\/a>\n\t\t\t\t\t\t\t<a class=\"e-gallery-item elementor-gallery-item elementor-animated-content\" href=\"https:\/\/www.rivadeifrati.it\/wp-content\/uploads\/2023\/11\/vigneto-05-riva-dei-frati.jpg\" data-elementor-open-lightbox=\"yes\" data-elementor-lightbox-slideshow=\"866fdaf\" data-elementor-lightbox-title=\"Particolare vigneto Riva dei Frati\" data-e-action-hash=\"#elementor-action%3Aaction%3Dlightbox%26settings%3DeyJpZCI6OTkxMjQwLCJ1cmwiOiJodHRwczpcL1wvd3d3LnJpdmFkZWlmcmF0aS5pdFwvd3AtY29udGVudFwvdXBsb2Fkc1wvMjAyM1wvMTFcL3ZpZ25ldG8tMDUtcml2YS1kZWktZnJhdGkuanBnIiwic2xpZGVzaG93IjoiODY2ZmRhZiJ9\">\n\t\t\t\t\t<div class=\"e-gallery-image elementor-gallery-item__image\" data-thumbnail=\"https:\/\/www.rivadeifrati.it\/wp-content\/uploads\/2023\/11\/vigneto-05-riva-dei-frati.jpg\" data-width=\"983\" data-height=\"641\" aria-label=\"Zoom su un ramo in un vigneto\" role=\"img\" ><\/div>\n\t\t\t\t\t\t\t\t\t\t\t<div class=\"elementor-gallery-item__overlay\"><\/div>\n\t\t\t\t\t\t\t\t\t\t\t\t\t\t\t<div class=\"elementor-gallery-item__content\">\n\t\t\t\t\t\t\t\t\t\t\t<\/div>\n\t\t\t\t\t\t\t\t\t<\/a>\n\t\t\t\t\t\t\t<a class=\"e-gallery-item elementor-gallery-item elementor-animated-content\" href=\"https:\/\/www.rivadeifrati.it\/wp-content\/uploads\/2023\/11\/vigneto-06-riva-dei-frati.jpg\" data-elementor-open-lightbox=\"yes\" data-elementor-lightbox-slideshow=\"866fdaf\" data-elementor-lightbox-title=\"Paesaggio vigneto Riva dei Frati\" data-e-action-hash=\"#elementor-action%3Aaction%3Dlightbox%26settings%3DeyJpZCI6OTkxMjQzLCJ1cmwiOiJodHRwczpcL1wvd3d3LnJpdmFkZWlmcmF0aS5pdFwvd3AtY29udGVudFwvdXBsb2Fkc1wvMjAyM1wvMTFcL3ZpZ25ldG8tMDYtcml2YS1kZWktZnJhdGkuanBnIiwic2xpZGVzaG93IjoiODY2ZmRhZiJ9\">\n\t\t\t\t\t<div class=\"e-gallery-image elementor-gallery-item__image\" data-thumbnail=\"https:\/\/www.rivadeifrati.it\/wp-content\/uploads\/2023\/11\/vigneto-06-riva-dei-frati.jpg\" data-width=\"983\" data-height=\"641\" aria-label=\"Paesaggio vigneto\" role=\"img\" ><\/div>\n\t\t\t\t\t\t\t\t\t\t\t<div class=\"elementor-gallery-item__overlay\"><\/div>\n\t\t\t\t\t\t\t\t\t\t\t\t\t\t\t<div class=\"elementor-gallery-item__content\">\n\t\t\t\t\t\t\t\t\t\t\t<\/div>\n\t\t\t\t\t\t\t\t\t<\/a>\n\t\t\t\t\t\t\t<a class=\"e-gallery-item elementor-gallery-item elementor-animated-content\" href=\"https:\/\/www.rivadeifrati.it\/wp-content\/uploads\/2023\/11\/vigneto-08-riva-dei-frati.jpg\" data-elementor-open-lightbox=\"yes\" data-elementor-lightbox-slideshow=\"866fdaf\" data-elementor-lightbox-title=\"Vigneti Riva dei Frati\" data-e-action-hash=\"#elementor-action%3Aaction%3Dlightbox%26settings%3DeyJpZCI6OTkxMjQ2LCJ1cmwiOiJodHRwczpcL1wvd3d3LnJpdmFkZWlmcmF0aS5pdFwvd3AtY29udGVudFwvdXBsb2Fkc1wvMjAyM1wvMTFcL3ZpZ25ldG8tMDgtcml2YS1kZWktZnJhdGkuanBnIiwic2xpZGVzaG93IjoiODY2ZmRhZiJ9\">\n\t\t\t\t\t<div class=\"e-gallery-image elementor-gallery-item__image\" data-thumbnail=\"https:\/\/www.rivadeifrati.it\/wp-content\/uploads\/2023\/11\/vigneto-08-riva-dei-frati.jpg\" data-width=\"983\" data-height=\"641\" aria-label=\"Scorcio di un vigneto\" role=\"img\" ><\/div>\n\t\t\t\t\t\t\t\t\t\t\t<div class=\"elementor-gallery-item__overlay\"><\/div>\n\t\t\t\t\t\t\t\t\t\t\t\t\t\t\t<div class=\"elementor-gallery-item__content\">\n\t\t\t\t\t\t\t\t\t\t\t<\/div>\n\t\t\t\t\t\t\t\t\t<\/a>\n\t\t\t\t\t\t\t<a class=\"e-gallery-item elementor-gallery-item elementor-animated-content\" href=\"https:\/\/www.rivadeifrati.it\/wp-content\/uploads\/2023\/11\/vigneto-09-riva-dei-frati.jpg\" data-elementor-open-lightbox=\"yes\" data-elementor-lightbox-slideshow=\"866fdaf\" data-elementor-lightbox-title=\"Uva Riva dei Frati\" data-e-action-hash=\"#elementor-action%3Aaction%3Dlightbox%26settings%3DeyJpZCI6OTkxMjQ5LCJ1cmwiOiJodHRwczpcL1wvd3d3LnJpdmFkZWlmcmF0aS5pdFwvd3AtY29udGVudFwvdXBsb2Fkc1wvMjAyM1wvMTFcL3ZpZ25ldG8tMDktcml2YS1kZWktZnJhdGkuanBnIiwic2xpZGVzaG93IjoiODY2ZmRhZiJ9\">\n\t\t\t\t\t<div class=\"e-gallery-image elementor-gallery-item__image\" data-thumbnail=\"https:\/\/www.rivadeifrati.it\/wp-content\/uploads\/2023\/11\/vigneto-09-riva-dei-frati.jpg\" data-width=\"983\" data-height=\"641\" aria-label=\"Dettaglio di un vigneto\" role=\"img\" ><\/div>\n\t\t\t\t\t\t\t\t\t\t\t<div class=\"elementor-gallery-item__overlay\"><\/div>\n\t\t\t\t\t\t\t\t\t\t\t\t\t\t\t<div class=\"elementor-gallery-item__content\">\n\t\t\t\t\t\t\t\t\t\t\t<\/div>\n\t\t\t\t\t\t\t\t\t<\/a>\n\t\t\t\t\t\t\t<a class=\"e-gallery-item elementor-gallery-item elementor-animated-content\" href=\"https:\/\/www.rivadeifrati.it\/wp-content\/uploads\/2023\/11\/vigneto-07-riva-dei-frati.jpg\" data-elementor-open-lightbox=\"yes\" data-elementor-lightbox-slideshow=\"866fdaf\" data-elementor-lightbox-title=\"Vigneto Riva dei Frati\" data-e-action-hash=\"#elementor-action%3Aaction%3Dlightbox%26settings%3DeyJpZCI6OTkxMjUyLCJ1cmwiOiJodHRwczpcL1wvd3d3LnJpdmFkZWlmcmF0aS5pdFwvd3AtY29udGVudFwvdXBsb2Fkc1wvMjAyM1wvMTFcL3ZpZ25ldG8tMDctcml2YS1kZWktZnJhdGkuanBnIiwic2xpZGVzaG93IjoiODY2ZmRhZiJ9\">\n\t\t\t\t\t<div class=\"e-gallery-image elementor-gallery-item__image\" data-thumbnail=\"https:\/\/www.rivadeifrati.it\/wp-content\/uploads\/2023\/11\/vigneto-07-riva-dei-frati.jpg\" data-width=\"983\" data-height=\"641\" aria-label=\"Paesaggio di un vigneto\" role=\"img\" ><\/div>\n\t\t\t\t\t\t\t\t\t\t\t<div class=\"elementor-gallery-item__overlay\"><\/div>\n\t\t\t\t\t\t\t\t\t\t\t\t\t\t\t<div class=\"elementor-gallery-item__content\">\n\t\t\t\t\t\t\t\t\t\t\t<\/div>\n\t\t\t\t\t\t\t\t\t<\/a>\n\t\t\t\t\t<\/div>\n\t\t\t<\/div>\n\t\t\t\t<\/div>\n\t\t\t\t\t<\/div>\n\t\t<\/div>\n\t\t\t\t\t<\/div>\n\t\t<\/section>\n\t\t\t\t<section class=\"elementor-section elementor-top-section elementor-element elementor-element-d43bdb0 elementor-section-full_width section-text-images-special elementor-section-height-default elementor-section-height-default\" data-id=\"d43bdb0\" data-element_type=\"section\" id=\"lavoro-vigna\">\n\t\t\t\t\t\t<div class=\"elementor-container elementor-column-gap-no\">\n\t\t\t\t\t<div class=\"elementor-column elementor-col-100 elementor-top-column elementor-element elementor-element-5781a66\" data-id=\"5781a66\" data-element_type=\"column\">\n\t\t\t<div class=\"elementor-widget-wrap elementor-element-populated\">\n\t\t\t\t\t\t<section class=\"elementor-section elementor-inner-section elementor-element elementor-element-0149c1a elementor-section-full_width elementor-section-height-default elementor-section-height-default\" data-id=\"0149c1a\" data-element_type=\"section\">\n\t\t\t\t\t\t<div class=\"elementor-container elementor-column-gap-default\">\n\t\t\t\t\t<div class=\"elementor-column elementor-col-50 elementor-inner-column elementor-element elementor-element-772a455 elementor-hidden-tablet elementor-hidden-mobile\" data-id=\"772a455\" data-element_type=\"column\">\n\t\t\t<div class=\"elementor-widget-wrap elementor-element-populated\">\n\t\t\t\t\t\t<div class=\"elementor-element elementor-element-b3a22d4 title animated-slow elementor-invisible elementor-widget elementor-widget-heading\" data-id=\"b3a22d4\" data-element_type=\"widget\" data-settings=\"{&quot;_animation&quot;:&quot;fadeIn&quot;}\" data-widget_type=\"heading.default\">\n\t\t\t\t<div class=\"elementor-widget-container\">\n\t\t\t<h3 class=\"elementor-heading-title elementor-size-default\">Il lavoro in vigna<\/h3>\t\t<\/div>\n\t\t\t\t<\/div>\n\t\t\t\t<div class=\"elementor-element elementor-element-283f2e4 subtitle elementor-widget elementor-widget-text-editor\" data-id=\"283f2e4\" data-element_type=\"widget\" data-widget_type=\"text-editor.default\">\n\t\t\t\t<div class=\"elementor-widget-container\">\n\t\t\t\t\t\t\t<p><span style=\"font-weight: 400;\">L\u2019 unione tra uomo e natura <\/span><\/p>\t\t\t\t\t\t<\/div>\n\t\t\t\t<\/div>\n\t\t\t\t<div class=\"elementor-element elementor-element-4ac1b05 elementor-widget elementor-widget-text-editor\" data-id=\"4ac1b05\" data-element_type=\"widget\" data-widget_type=\"text-editor.default\">\n\t\t\t\t<div class=\"elementor-widget-container\">\n\t\t\t\t\t\t\t<p><span style=\"font-weight: 400;\">Durante il periodo invernale, tutti gli anni, vengono raccolti i tralci delle viti vecchie allo scopo di portarle ai vivai per fare nuove barbatelle e mantenere il patrimonio genetico invariato.\u00a0<\/span><\/p><p><span style=\"font-weight: 400;\">Sempre durante il periodo invernale si esegue la potatura avendo cura di ridurre al minimo i grossi tagli di rinnovo. In termine di numero di gemme lasciate per tralcio si adatta alla singola vite la propria carica gemmaria in funzione degli equilibri della pianta (pi\u00f9 debole o pi\u00f9 robusta).\u00a0<\/span><\/p><p><span style=\"font-weight: 400;\">Gli interventi di maggiore rilevanza riguardano il suolo per ricreare le condizioni ideali per la crescita dell\u2019apparato radicale e sulla pianta per adeguare il sistema e conferire una forma pi\u00f9 regolare.\u00a0<\/span><\/p><p><span style=\"font-weight: 400;\">La concimazione viene eseguita in due epoche. Una in fine inverno e una in primavera allo scopo di apportare gli elementi nutritivi in funzione dei reali consumi ed esigenze.\u00a0<\/span><\/p>\t\t\t\t\t\t<\/div>\n\t\t\t\t<\/div>\n\t\t\t\t<div class=\"elementor-element elementor-element-112e035 elementor-invisible elementor-widget elementor-widget-image\" data-id=\"112e035\" data-element_type=\"widget\" data-settings=\"{&quot;_animation&quot;:&quot;imageGrowWithScaleLeft&quot;}\" data-widget_type=\"image.default\">\n\t\t\t\t<div class=\"elementor-widget-container\">\n\t\t\t\t\t\t\t<div class=\"elementor-image\">\n\t\t\t\t\t\t\t\t\t\t\t<div class=\"vamtam-image-wrapper\">\n\t\t\t\t\t\t\t\t\t\t\t\t\t\t\t\t\t\t\t\t\t<img decoding=\"async\" width=\"1024\" height=\"621\" src=\"https:\/\/www.rivadeifrati.it\/wp-content\/uploads\/2023\/10\/vigneti-05-1024x621.jpg\" class=\"attachment-large size-large wp-image-989383\" alt=\"\" srcset=\"https:\/\/www.rivadeifrati.it\/wp-content\/uploads\/2023\/10\/vigneti-05-1024x621.jpg 1024w, https:\/\/www.rivadeifrati.it\/wp-content\/uploads\/2023\/10\/vigneti-05-300x182.jpg 300w, https:\/\/www.rivadeifrati.it\/wp-content\/uploads\/2023\/10\/vigneti-05-768x466.jpg 768w, https:\/\/www.rivadeifrati.it\/wp-content\/uploads\/2023\/10\/vigneti-05-1536x932.jpg 1536w, https:\/\/www.rivadeifrati.it\/wp-content\/uploads\/2023\/10\/vigneti-05-630x382.jpg 630w, https:\/\/www.rivadeifrati.it\/wp-content\/uploads\/2023\/10\/vigneti-05-1260x764.jpg 1260w, https:\/\/www.rivadeifrati.it\/wp-content\/uploads\/2023\/10\/vigneti-05-315x191.jpg 315w, https:\/\/www.rivadeifrati.it\/wp-content\/uploads\/2023\/10\/vigneti-05.jpg 1975w\" sizes=\"(max-width: 1024px) 100vw, 1024px\" \/>\t\t\t\t\t\t\t\t\t\t\t\t\t\t\t\t\t\t\t\t\t\t\t\t\t\t<\/div>\n\t\t\t\t\t\t\t\t\t<\/div>\n\t\t\t\t\t\t<\/div>\n\t\t\t\t<\/div>\n\t\t\t\t\t<\/div>\n\t\t<\/div>\n\t\t\t\t<div class=\"elementor-column elementor-col-50 elementor-inner-column elementor-element elementor-element-7ea2691\" data-id=\"7ea2691\" data-element_type=\"column\">\n\t\t\t<div class=\"elementor-widget-wrap elementor-element-populated\">\n\t\t\t\t\t\t<div class=\"elementor-element elementor-element-35b34f0 elementor-invisible elementor-widget elementor-widget-image\" data-id=\"35b34f0\" data-element_type=\"widget\" data-settings=\"{&quot;_animation&quot;:&quot;imageGrowWithScaleLeft&quot;}\" data-widget_type=\"image.default\">\n\t\t\t\t<div class=\"elementor-widget-container\">\n\t\t\t\t\t\t\t<div class=\"elementor-image\">\n\t\t\t\t\t\t\t\t\t\t\t<div class=\"vamtam-image-wrapper\">\n\t\t\t\t\t\t\t\t\t\t\t\t\t\t\t\t\t\t\t\t\t<img loading=\"lazy\" decoding=\"async\" width=\"983\" height=\"641\" src=\"https:\/\/www.rivadeifrati.it\/wp-content\/uploads\/2023\/11\/vigneto-01-riva-dei-frati.jpg\" class=\"attachment-large size-large wp-image-991228\" alt=\"Uomo che pota una vita\" srcset=\"https:\/\/www.rivadeifrati.it\/wp-content\/uploads\/2023\/11\/vigneto-01-riva-dei-frati.jpg 983w, https:\/\/www.rivadeifrati.it\/wp-content\/uploads\/2023\/11\/vigneto-01-riva-dei-frati-300x196.jpg 300w, https:\/\/www.rivadeifrati.it\/wp-content\/uploads\/2023\/11\/vigneto-01-riva-dei-frati-768x501.jpg 768w\" sizes=\"(max-width: 983px) 100vw, 983px\" \/>\t\t\t\t\t\t\t\t\t\t\t\t\t\t\t\t\t\t\t\t\t\t\t\t\t\t<\/div>\n\t\t\t\t\t\t\t\t\t<\/div>\n\t\t\t\t\t\t<\/div>\n\t\t\t\t<\/div>\n\t\t\t\t<div class=\"elementor-element elementor-element-8950bf6 elementor-widget elementor-widget-text-editor\" data-id=\"8950bf6\" data-element_type=\"widget\" data-widget_type=\"text-editor.default\">\n\t\t\t\t<div class=\"elementor-widget-container\">\n\t\t\t\t\t\t\t<p><\/p>\n<p><span style=\"font-weight: 400;\">Cos\u00ec facendo si riesce a mantenere l\u2019equilibrio vegeto produttivo. L&#8217;unico vero segreto per mantenere le viti vecchie sane e giustamente produttive. Dal germogliamento in avanti un ruolo importante lo riveste la gestione della chioma: spollonatura e diradamento dei germogli, palizzatura dei tralci principali, cimatura post fioritura. Questo pu\u00f2 portare alla sostituzione completa o parziale di pali e sostegni in legno, dei fili o dei tutori, il che comporta una scelta in armonia estetica con il paesaggio circostante. Seguono interventi che consentono al vigneto di esprimere al meglio le proprie caratteristiche e qualit\u00e0. Tutte operazioni mirate a ridurre l\u2019affastellamento della chioma per una maggior salubrit\u00e0 della pianta. Gli interventi estivi inoltre riducono notevolmente i tagli invernali della potatura e di conseguenza la possibilit\u00e0 di fare ferite grosse.&nbsp;<\/span><\/p>\n<p><span style=\"font-weight: 400;\">A cadenza settimanale i vigneti&nbsp; vengono seguiti monitorando l\u2019andamento delle malattie e anche l\u2019andamento della crescita vegetativa allo scopo eventualmente di poter intervenire in tempestivamente prima che le piante si ammalino o perdano l\u2019equilibrio vegeto-produttivo.&nbsp;<\/span><\/p>\n<p><span style=\"font-weight: 400;\">In queste fasi quindi si decidono apporti nutrizionali, operazioni colturali e tutto quanto pu\u00f2 servire a completare il ciclo annuale della pianta.<\/span><\/p>\t\t\t\t\t\t<\/div>\n\t\t\t\t<\/div>\n\t\t\t\t\t<\/div>\n\t\t<\/div>\n\t\t\t\t\t<\/div>\n\t\t<\/section>\n\t\t\t\t\t<\/div>\n\t\t<\/div>\n\t\t\t\t\t<\/div>\n\t\t<\/section>\n\t\t\t\t<section class=\"elementor-section elementor-top-section elementor-element elementor-element-b582a5e elementor-section-full_width banner-cta banner-cta-1 elementor-section-height-default elementor-section-height-default\" data-id=\"b582a5e\" data-element_type=\"section\" data-settings=\"{&quot;background_background&quot;:&quot;classic&quot;}\">\n\t\t\t\t\t\t<div class=\"elementor-container elementor-column-gap-no\">\n\t\t\t\t\t<div class=\"elementor-column elementor-col-100 elementor-top-column elementor-element elementor-element-7b28ca9\" data-id=\"7b28ca9\" data-element_type=\"column\">\n\t\t\t<div class=\"elementor-widget-wrap elementor-element-populated\">\n\t\t\t\t\t\t<div class=\"elementor-element elementor-element-c8e99cc elementor-widget elementor-widget-text-editor\" data-id=\"c8e99cc\" data-element_type=\"widget\" data-widget_type=\"text-editor.default\">\n\t\t\t\t<div class=\"elementor-widget-container\">\n\t\t\t\t\t\t\t<h3>VISITA I NOSTRI VIGNETI<\/h3><p><span style=\"font-weight: 400;\">Durante il periodo primaverile ed estivo siamo lieti di darvi il benvenuto nei vigneti di S.Stefano di Valdobbiadene per conoscere da vicino le varie fasi del delicato lavoro che si svolge tra i ripidi pendii del Prosecco Superiore. <\/span><\/p><p><a href=\"https:\/\/www.rivadeifrati.it\/it\/tour-in-cantina\/\">Scopri di pi\u00f9<\/a><\/p>\t\t\t\t\t\t<\/div>\n\t\t\t\t<\/div>\n\t\t\t\t\t<\/div>\n\t\t<\/div>\n\t\t\t\t\t<\/div>\n\t\t<\/section>\n\t\t\t\t<section class=\"elementor-section elementor-top-section elementor-element elementor-element-735217c elementor-section-height-min-height elementor-section-items-stretch elementor-section-full_width fascia-riquadri-link elementor-section-height-default\" data-id=\"735217c\" data-element_type=\"section\">\n\t\t\t\t\t\t<div class=\"elementor-container elementor-column-gap-default\">\n\t\t\t\t\t<div class=\"elementor-column elementor-col-33 elementor-top-column elementor-element elementor-element-acddd3b\" data-id=\"acddd3b\" data-element_type=\"column\">\n\t\t\t<div class=\"elementor-widget-wrap elementor-element-populated\">\n\t\t\t\t\t<div class=\"elementor-background-overlay\"><\/div>\n\t\t\t\t\t\t<div class=\"elementor-element elementor-element-16d9729 elementor-cta--skin-cover elementor-bg-transform elementor-bg-transform-zoom-out elementor-animated-content elementor-widget elementor-widget-call-to-action\" data-id=\"16d9729\" data-element_type=\"widget\" data-widget_type=\"call-to-action.default\">\n\t\t\t\t<div class=\"elementor-widget-container\">\n\t\t\t\t\t<a class=\"elementor-cta\" href=\"\/il-territorio\">\n\t\t\t\t\t<div class=\"elementor-cta__bg-wrapper\">\n\t\t\t\t<div class=\"elementor-cta__bg elementor-bg\" style=\"background-image: url(https:\/\/www.rivadeifrati.it\/wp-content\/uploads\/2023\/09\/famiglia-04-1024x621.jpg);\" role=\"img\" aria-label=\"famiglia-04\"><\/div>\n\t\t\t\t<div class=\"elementor-cta__bg-overlay\"><\/div>\n\t\t\t<\/div>\n\t\t\t\t\t\t\t<div class=\"elementor-cta__content\">\n\t\t\t\t\n\t\t\t\t\n\t\t\t\t\n\t\t\t\t\t\t\t\t\t<div class=\"elementor-cta__button-wrapper elementor-cta__content-item elementor-content-item elementor-animated-item--grow\">\n\t\t\t\t\t<span class=\"elementor-cta__button elementor-button elementor-size-\">\n\t\t\t\t\t\tIl Territorio\t\t\t\t\t<\/span>\n\t\t\t\t\t<\/div>\n\t\t\t\t\t\t\t<\/div>\n\t\t\t\t\t\t<\/a>\n\t\t\t\t<\/div>\n\t\t\t\t<\/div>\n\t\t\t\t\t<\/div>\n\t\t<\/div>\n\t\t\t\t<div class=\"elementor-column elementor-col-33 elementor-top-column elementor-element elementor-element-821c905\" data-id=\"821c905\" data-element_type=\"column\">\n\t\t\t<div class=\"elementor-widget-wrap elementor-element-populated\">\n\t\t\t\t\t<div class=\"elementor-background-overlay\"><\/div>\n\t\t\t\t\t\t<div class=\"elementor-element elementor-element-376d811 elementor-cta--skin-cover elementor-bg-transform elementor-bg-transform-zoom-out elementor-animated-content elementor-widget elementor-widget-call-to-action\" data-id=\"376d811\" data-element_type=\"widget\" data-widget_type=\"call-to-action.default\">\n\t\t\t\t<div class=\"elementor-widget-container\">\n\t\t\t\t\t<a class=\"elementor-cta\" href=\"\/la-famiglia\">\n\t\t\t\t\t<div class=\"elementor-cta__bg-wrapper\">\n\t\t\t\t<div class=\"elementor-cta__bg elementor-bg\" style=\"background-image: url(https:\/\/www.rivadeifrati.it\/wp-content\/uploads\/2023\/09\/famiglia-03-1024x621.jpg);\" role=\"img\" aria-label=\"famiglia-03\"><\/div>\n\t\t\t\t<div class=\"elementor-cta__bg-overlay\"><\/div>\n\t\t\t<\/div>\n\t\t\t\t\t\t\t<div class=\"elementor-cta__content\">\n\t\t\t\t\n\t\t\t\t\n\t\t\t\t\n\t\t\t\t\t\t\t\t\t<div class=\"elementor-cta__button-wrapper elementor-cta__content-item elementor-content-item elementor-animated-item--grow\">\n\t\t\t\t\t<span class=\"elementor-cta__button elementor-button elementor-size-\">\n\t\t\t\t\t\tLa Famiglia\t\t\t\t\t<\/span>\n\t\t\t\t\t<\/div>\n\t\t\t\t\t\t\t<\/div>\n\t\t\t\t\t\t<\/a>\n\t\t\t\t<\/div>\n\t\t\t\t<\/div>\n\t\t\t\t\t<\/div>\n\t\t<\/div>\n\t\t\t\t<div class=\"elementor-column elementor-col-33 elementor-top-column elementor-element elementor-element-9b4a4d4\" data-id=\"9b4a4d4\" data-element_type=\"column\">\n\t\t\t<div class=\"elementor-widget-wrap elementor-element-populated\">\n\t\t\t\t\t<div class=\"elementor-background-overlay\"><\/div>\n\t\t\t\t\t\t<div class=\"elementor-element elementor-element-f0cefa6 elementor-cta--skin-cover elementor-bg-transform elementor-bg-transform-zoom-out elementor-animated-content elementor-widget elementor-widget-call-to-action\" data-id=\"f0cefa6\" data-element_type=\"widget\" data-widget_type=\"call-to-action.default\">\n\t\t\t\t<div class=\"elementor-widget-container\">\n\t\t\t\t\t<a class=\"elementor-cta\" href=\"\/la-cantina\">\n\t\t\t\t\t<div class=\"elementor-cta__bg-wrapper\">\n\t\t\t\t<div class=\"elementor-cta__bg elementor-bg\" style=\"background-image: url(https:\/\/www.rivadeifrati.it\/wp-content\/uploads\/2023\/10\/vigneti-02-1024x621.jpg);\" role=\"img\" aria-label=\"vigneti-02\"><\/div>\n\t\t\t\t<div class=\"elementor-cta__bg-overlay\"><\/div>\n\t\t\t<\/div>\n\t\t\t\t\t\t\t<div class=\"elementor-cta__content\">\n\t\t\t\t\n\t\t\t\t\n\t\t\t\t\n\t\t\t\t\t\t\t\t\t<div class=\"elementor-cta__button-wrapper elementor-cta__content-item elementor-content-item elementor-animated-item--grow\">\n\t\t\t\t\t<span class=\"elementor-cta__button elementor-button elementor-size-\">\n\t\t\t\t\t\tLa Cantina\t\t\t\t\t<\/span>\n\t\t\t\t\t<\/div>\n\t\t\t\t\t\t\t<\/div>\n\t\t\t\t\t\t<\/a>\n\t\t\t\t<\/div>\n\t\t\t\t<\/div>\n\t\t\t\t\t<\/div>\n\t\t<\/div>\n\t\t\t\t\t<\/div>\n\t\t<\/section>\n\t\t\t\t<\/div>\n\t\t","protected":false},"excerpt":{"rendered":"<p>V i g n e t i I vigneti nella zona del Prosecco Superiore Qui si respira storia e leggenda, tradizioni e innovazioni. Situati nella fascia collinare tra Col San Martino e Santo Stefano di Valdobbiadene, i vigneti di Riva dei Frati mantengono ancora oggi la conformazione originale dei terrazzamenti e dei filari. E\u00a0qui che&#8230;<\/p>\n","protected":false},"author":1,"featured_media":0,"parent":0,"menu_order":0,"comment_status":"closed","ping_status":"closed","template":"","meta":{"inline_featured_image":false,"footnotes":""},"class_list":["post-340","page","type-page","status-publish","hentry"],"yoast_head":"<!-- This site is optimized with the Yoast SEO plugin v24.5 - https:\/\/yoast.com\/wordpress\/plugins\/seo\/ -->\n<title>I vigneti nella zona del Prosecco Superiore | rivadeifrati.it<\/title>\n<meta name=\"description\" content=\"I nostri vigneti sono situati nella fascia collinare tra Col San Martino e Santo Stefano di Valdobbiadene: qui nasce la qualit\u00e0 dei prodotti.\" \/>\n<meta name=\"robots\" content=\"index, follow, max-snippet:-1, max-image-preview:large, max-video-preview:-1\" \/>\n<link rel=\"canonical\" href=\"https:\/\/www.rivadeifrati.it\/it\/i-vigneti\/\" \/>\n<meta property=\"og:locale\" content=\"it_IT\" \/>\n<meta property=\"og:type\" content=\"article\" \/>\n<meta property=\"og:title\" content=\"I vigneti nella zona del Prosecco Superiore | rivadeifrati.it\" \/>\n<meta property=\"og:description\" content=\"I nostri vigneti sono situati nella fascia collinare tra Col San Martino e Santo Stefano di Valdobbiadene: qui nasce la qualit\u00e0 dei prodotti.\" \/>\n<meta property=\"og:url\" content=\"https:\/\/www.rivadeifrati.it\/it\/i-vigneti\/\" \/>\n<meta property=\"og:site_name\" content=\"Riva dei Frati\" \/>\n<meta property=\"article:modified_time\" content=\"2024-01-18T13:37:50+00:00\" \/>\n<meta property=\"og:image\" content=\"https:\/\/www.rivadeifrati.it\/wp-content\/uploads\/2023\/10\/vigneti-02-1024x621.jpg\" \/>\n<meta name=\"twitter:card\" content=\"summary_large_image\" \/>\n<meta name=\"twitter:label1\" content=\"Tempo di lettura stimato\" \/>\n\t<meta name=\"twitter:data1\" content=\"5 minuti\" \/>\n<script type=\"application\/ld+json\" class=\"yoast-schema-graph\">{\"@context\":\"https:\/\/schema.org\",\"@graph\":[{\"@type\":\"WebPage\",\"@id\":\"https:\/\/www.rivadeifrati.it\/it\/i-vigneti\/\",\"url\":\"https:\/\/www.rivadeifrati.it\/it\/i-vigneti\/\",\"name\":\"I vigneti nella zona del Prosecco Superiore | rivadeifrati.it\",\"isPartOf\":{\"@id\":\"https:\/\/www.rivadeifrati.it\/it\/#website\"},\"primaryImageOfPage\":{\"@id\":\"https:\/\/www.rivadeifrati.it\/it\/i-vigneti\/#primaryimage\"},\"image\":{\"@id\":\"https:\/\/www.rivadeifrati.it\/it\/i-vigneti\/#primaryimage\"},\"thumbnailUrl\":\"https:\/\/www.rivadeifrati.it\/wp-content\/uploads\/2023\/10\/vigneti-02-1024x621.jpg\",\"datePublished\":\"2020-03-13T17:29:59+00:00\",\"dateModified\":\"2024-01-18T13:37:50+00:00\",\"description\":\"I nostri vigneti sono situati nella fascia collinare tra Col San Martino e Santo Stefano di Valdobbiadene: qui nasce la qualit\u00e0 dei prodotti.\",\"breadcrumb\":{\"@id\":\"https:\/\/www.rivadeifrati.it\/it\/i-vigneti\/#breadcrumb\"},\"inLanguage\":\"it-IT\",\"potentialAction\":[{\"@type\":\"ReadAction\",\"target\":[\"https:\/\/www.rivadeifrati.it\/it\/i-vigneti\/\"]}]},{\"@type\":\"ImageObject\",\"inLanguage\":\"it-IT\",\"@id\":\"https:\/\/www.rivadeifrati.it\/it\/i-vigneti\/#primaryimage\",\"url\":\"https:\/\/www.rivadeifrati.it\/wp-content\/uploads\/2023\/10\/vigneti-02-1024x621.jpg\",\"contentUrl\":\"https:\/\/www.rivadeifrati.it\/wp-content\/uploads\/2023\/10\/vigneti-02-1024x621.jpg\"},{\"@type\":\"BreadcrumbList\",\"@id\":\"https:\/\/www.rivadeifrati.it\/it\/i-vigneti\/#breadcrumb\",\"itemListElement\":[{\"@type\":\"ListItem\",\"position\":1,\"name\":\"Home\",\"item\":\"https:\/\/www.rivadeifrati.it\/de\/\"},{\"@type\":\"ListItem\",\"position\":2,\"name\":\"Vigneti\"}]},{\"@type\":\"WebSite\",\"@id\":\"https:\/\/www.rivadeifrati.it\/it\/#website\",\"url\":\"https:\/\/www.rivadeifrati.it\/it\/\",\"name\":\"Riva dei Frati\",\"description\":\"\",\"publisher\":{\"@id\":\"https:\/\/www.rivadeifrati.it\/it\/#organization\"},\"inLanguage\":\"it-IT\"},{\"@type\":\"Organization\",\"@id\":\"https:\/\/www.rivadeifrati.it\/it\/#organization\",\"name\":\"Riva dei Frati\",\"url\":\"https:\/\/www.rivadeifrati.it\/it\/\",\"logo\":{\"@type\":\"ImageObject\",\"inLanguage\":\"it-IT\",\"@id\":\"https:\/\/www.rivadeifrati.it\/it\/#\/schema\/logo\/image\/\",\"url\":\"https:\/\/www.rivadeifrati.it\/wp-content\/uploads\/2020\/03\/LOGO-ORO.png\",\"contentUrl\":\"https:\/\/www.rivadeifrati.it\/wp-content\/uploads\/2020\/03\/LOGO-ORO.png\",\"width\":1237,\"height\":501,\"caption\":\"Riva dei Frati\"},\"image\":{\"@id\":\"https:\/\/www.rivadeifrati.it\/it\/#\/schema\/logo\/image\/\"}}]}<\/script>\n<!-- \/ Yoast SEO plugin. -->","yoast_head_json":{"title":"I vigneti nella zona del Prosecco Superiore | rivadeifrati.it","description":"I nostri vigneti sono situati nella fascia collinare tra Col San Martino e Santo Stefano di Valdobbiadene: qui nasce la qualit\u00e0 dei prodotti.","robots":{"index":"index","follow":"follow","max-snippet":"max-snippet:-1","max-image-preview":"max-image-preview:large","max-video-preview":"max-video-preview:-1"},"canonical":"https:\/\/www.rivadeifrati.it\/it\/i-vigneti\/","og_locale":"it_IT","og_type":"article","og_title":"I vigneti nella zona del Prosecco Superiore | rivadeifrati.it","og_description":"I nostri vigneti sono situati nella fascia collinare tra Col San Martino e Santo Stefano di Valdobbiadene: qui nasce la qualit\u00e0 dei prodotti.","og_url":"https:\/\/www.rivadeifrati.it\/it\/i-vigneti\/","og_site_name":"Riva dei Frati","article_modified_time":"2024-01-18T13:37:50+00:00","og_image":[{"url":"https:\/\/www.rivadeifrati.it\/wp-content\/uploads\/2023\/10\/vigneti-02-1024x621.jpg","type":"","width":"","height":""}],"twitter_card":"summary_large_image","twitter_misc":{"Tempo di lettura stimato":"5 minuti"},"schema":{"@context":"https:\/\/schema.org","@graph":[{"@type":"WebPage","@id":"https:\/\/www.rivadeifrati.it\/it\/i-vigneti\/","url":"https:\/\/www.rivadeifrati.it\/it\/i-vigneti\/","name":"I vigneti nella zona del Prosecco Superiore | rivadeifrati.it","isPartOf":{"@id":"https:\/\/www.rivadeifrati.it\/it\/#website"},"primaryImageOfPage":{"@id":"https:\/\/www.rivadeifrati.it\/it\/i-vigneti\/#primaryimage"},"image":{"@id":"https:\/\/www.rivadeifrati.it\/it\/i-vigneti\/#primaryimage"},"thumbnailUrl":"https:\/\/www.rivadeifrati.it\/wp-content\/uploads\/2023\/10\/vigneti-02-1024x621.jpg","datePublished":"2020-03-13T17:29:59+00:00","dateModified":"2024-01-18T13:37:50+00:00","description":"I nostri vigneti sono situati nella fascia collinare tra Col San Martino e Santo Stefano di Valdobbiadene: qui nasce la qualit\u00e0 dei prodotti.","breadcrumb":{"@id":"https:\/\/www.rivadeifrati.it\/it\/i-vigneti\/#breadcrumb"},"inLanguage":"it-IT","potentialAction":[{"@type":"ReadAction","target":["https:\/\/www.rivadeifrati.it\/it\/i-vigneti\/"]}]},{"@type":"ImageObject","inLanguage":"it-IT","@id":"https:\/\/www.rivadeifrati.it\/it\/i-vigneti\/#primaryimage","url":"https:\/\/www.rivadeifrati.it\/wp-content\/uploads\/2023\/10\/vigneti-02-1024x621.jpg","contentUrl":"https:\/\/www.rivadeifrati.it\/wp-content\/uploads\/2023\/10\/vigneti-02-1024x621.jpg"},{"@type":"BreadcrumbList","@id":"https:\/\/www.rivadeifrati.it\/it\/i-vigneti\/#breadcrumb","itemListElement":[{"@type":"ListItem","position":1,"name":"Home","item":"https:\/\/www.rivadeifrati.it\/de\/"},{"@type":"ListItem","position":2,"name":"Vigneti"}]},{"@type":"WebSite","@id":"https:\/\/www.rivadeifrati.it\/it\/#website","url":"https:\/\/www.rivadeifrati.it\/it\/","name":"Riva dei Frati","description":"","publisher":{"@id":"https:\/\/www.rivadeifrati.it\/it\/#organization"},"inLanguage":"it-IT"},{"@type":"Organization","@id":"https:\/\/www.rivadeifrati.it\/it\/#organization","name":"Riva dei Frati","url":"https:\/\/www.rivadeifrati.it\/it\/","logo":{"@type":"ImageObject","inLanguage":"it-IT","@id":"https:\/\/www.rivadeifrati.it\/it\/#\/schema\/logo\/image\/","url":"https:\/\/www.rivadeifrati.it\/wp-content\/uploads\/2020\/03\/LOGO-ORO.png","contentUrl":"https:\/\/www.rivadeifrati.it\/wp-content\/uploads\/2020\/03\/LOGO-ORO.png","width":1237,"height":501,"caption":"Riva dei Frati"},"image":{"@id":"https:\/\/www.rivadeifrati.it\/it\/#\/schema\/logo\/image\/"}}]}},"_links":{"self":[{"href":"https:\/\/www.rivadeifrati.it\/it\/wp-json\/wp\/v2\/pages\/340","targetHints":{"allow":["GET"]}}],"collection":[{"href":"https:\/\/www.rivadeifrati.it\/it\/wp-json\/wp\/v2\/pages"}],"about":[{"href":"https:\/\/www.rivadeifrati.it\/it\/wp-json\/wp\/v2\/types\/page"}],"author":[{"embeddable":true,"href":"https:\/\/www.rivadeifrati.it\/it\/wp-json\/wp\/v2\/users\/1"}],"replies":[{"embeddable":true,"href":"https:\/\/www.rivadeifrati.it\/it\/wp-json\/wp\/v2\/comments?post=340"}],"version-history":[{"count":93,"href":"https:\/\/www.rivadeifrati.it\/it\/wp-json\/wp\/v2\/pages\/340\/revisions"}],"predecessor-version":[{"id":991464,"href":"https:\/\/www.rivadeifrati.it\/it\/wp-json\/wp\/v2\/pages\/340\/revisions\/991464"}],"wp:attachment":[{"href":"https:\/\/www.rivadeifrati.it\/it\/wp-json\/wp\/v2\/media?parent=340"}],"curies":[{"name":"wp","href":"https:\/\/api.w.org\/{rel}","templated":true}]}}