{"id":987826,"date":"2023-07-21T08:59:58","date_gmt":"2023-07-21T08:59:58","guid":{"rendered":"https:\/\/www.rivadeifrati.it\/?page_id=987826"},"modified":"2025-06-11T12:11:38","modified_gmt":"2025-06-11T12:11:38","slug":"il-territorio","status":"publish","type":"page","link":"https:\/\/www.rivadeifrati.it\/it\/il-territorio\/","title":{"rendered":"Territorio"},"content":{"rendered":"\t\t<div data-elementor-type=\"wp-page\" data-elementor-id=\"987826\" class=\"elementor elementor-987826\" data-elementor-post-type=\"page\">\n\t\t\t\t\t\t<section class=\"elementor-section elementor-top-section elementor-element elementor-element-4fe826b elementor-section-height-min-height elementor-section-content-bottom page-hero elementor-section-boxed elementor-section-height-default elementor-section-items-middle\" data-id=\"4fe826b\" data-element_type=\"section\" data-settings=\"{&quot;background_background&quot;:&quot;classic&quot;}\">\n\t\t\t\t\t\t\t<div class=\"elementor-background-overlay\"><\/div>\n\t\t\t\t\t\t\t<div class=\"elementor-container elementor-column-gap-default\">\n\t\t\t\t\t<div class=\"elementor-column elementor-col-100 elementor-top-column elementor-element elementor-element-b8f2e7f\" data-id=\"b8f2e7f\" data-element_type=\"column\">\n\t\t\t<div class=\"elementor-widget-wrap elementor-element-populated\">\n\t\t\t\t\t\t<div class=\"elementor-element elementor-element-8b3c553 elementor-headline--style-blurred_letters animated-slow elementor-invisible elementor-widget elementor-widget-vamtam-animated-headline\" data-id=\"8b3c553\" data-element_type=\"widget\" data-settings=\"{&quot;headline_style&quot;:&quot;blurred_letters&quot;,&quot;vamtam_text&quot;:&quot;Territorio&quot;,&quot;_animation&quot;:&quot;fadeInUp&quot;}\" data-widget_type=\"vamtam-animated-headline.default\">\n\t\t\t\t<div class=\"elementor-widget-container\">\n\t\t\t\t\t\t\t<h1 class=\"elementor-headline\">\n\t\t\t\t\t\t\t\t\t\t\t\t\t\t\t\t\t\t\t\t\t\t\t\t<span class=\"vamtam-word\">\t\t\t\t\t\t\t\t\t\t\t\t\t\t\t<span class=\"vamtam-letter blurred\" data-delay=\"0.17\">T<\/span>\n\t\t\t\t\t\t\t\t\t\t\t\t\t\t\t\t\t\t\t\t\t\t\t\t\t\t\t\t\t\t\t\t\t\t\t<span class=\"vamtam-letter\">e<\/span>\n\t\t\t\t\t\t\t\t\t\t\t\t\t\t\t\t\t\t\t\t\t\t\t\t\t\t\t\t\t\t\t\t\t\t\t<span class=\"vamtam-letter\">r<\/span>\n\t\t\t\t\t\t\t\t\t\t\t\t\t\t\t\t\t\t\t\t\t\t\t\t\t\t\t\t\t\t\t\t\t\t\t<span class=\"vamtam-letter\">r<\/span>\n\t\t\t\t\t\t\t\t\t\t\t\t\t\t\t\t\t\t\t\t\t\t\t\t\t\t\t\t\t\t\t\t\t\t\t<span class=\"vamtam-letter blurred\" data-delay=\"0.31\">i<\/span>\n\t\t\t\t\t\t\t\t\t\t\t\t\t\t\t\t\t\t\t\t\t\t\t\t\t\t\t\t\t\t\t\t\t\t\t<span class=\"vamtam-letter\">t<\/span>\n\t\t\t\t\t\t\t\t\t\t\t\t\t\t\t\t\t\t\t\t\t\t\t\t\t\t\t\t\t\t\t\t\t\t\t<span class=\"vamtam-letter\">o<\/span>\n\t\t\t\t\t\t\t\t\t\t\t\t\t\t\t\t\t\t\t\t\t\t\t\t\t\t\t\t\t\t\t\t\t\t\t<span class=\"vamtam-letter\">r<\/span>\n\t\t\t\t\t\t\t\t\t\t\t\t\t\t\t\t\t\t\t\t\t\t\t\t\t\t\t\t\t\t\t\t\t\t\t<span class=\"vamtam-letter\">i<\/span>\n\t\t\t\t\t\t\t\t\t\t\t\t\t\t\t\t\t\t\t\t\t\t\t\t\t\t\t\t\t\t\t\t\t\t\t<span class=\"vamtam-letter\">o<\/span>\n\t\t\t\t\t\t\t\t\t\t\t\t\t\t\t\t\t\t\t<\/span>\t\t\t\t\t\t\t\t\t<\/h1>\n\t\t\t\t\t\t<\/div>\n\t\t\t\t<\/div>\n\t\t\t\t\t<\/div>\n\t\t<\/div>\n\t\t\t\t\t<\/div>\n\t\t<\/section>\n\t\t\t\t<section class=\"elementor-section elementor-top-section elementor-element elementor-element-1ab6862 page-payoff elementor-section-boxed elementor-section-height-default elementor-section-height-default\" data-id=\"1ab6862\" data-element_type=\"section\" id=\"territorio-payoff\" data-settings=\"{&quot;background_background&quot;:&quot;classic&quot;}\">\n\t\t\t\t\t\t<div class=\"elementor-container elementor-column-gap-default\">\n\t\t\t\t\t<div class=\"elementor-column elementor-col-100 elementor-top-column elementor-element elementor-element-23aaf5a\" data-id=\"23aaf5a\" data-element_type=\"column\">\n\t\t\t<div class=\"elementor-widget-wrap elementor-element-populated\">\n\t\t\t\t\t\t<div class=\"elementor-element elementor-element-1c80448 title elementor-widget elementor-widget-heading\" data-id=\"1c80448\" data-element_type=\"widget\" data-widget_type=\"heading.default\">\n\t\t\t\t<div class=\"elementor-widget-container\">\n\t\t\t<h2 class=\"elementor-heading-title elementor-size-default\">Il territorio<\/h2>\t\t<\/div>\n\t\t\t\t<\/div>\n\t\t\t\t<div class=\"elementor-element elementor-element-daacab9 subtitle elementor-widget elementor-widget-text-editor\" data-id=\"daacab9\" data-element_type=\"widget\" data-widget_type=\"text-editor.default\">\n\t\t\t\t<div class=\"elementor-widget-container\">\n\t\t\t\t\t\t\t<p>Attraverso i luoghi del vivere quotidiano<\/p>\t\t\t\t\t\t<\/div>\n\t\t\t\t<\/div>\n\t\t\t\t<div class=\"elementor-element elementor-element-012ad5b elementor-widget elementor-widget-text-editor\" data-id=\"012ad5b\" data-element_type=\"widget\" data-widget_type=\"text-editor.default\">\n\t\t\t\t<div class=\"elementor-widget-container\">\n\t\t\t\t\t\t\t<p>Nella regione Veneto, in un lembo di Marca Trevigiana conosciuta fin dall\u2019epoca medievale come \u201cgioiosa et amorosa\u201d, c\u2019\u00e8 la strada del vino Prosecco, che tocca le citt\u00e0 e i luoghi pi\u00f9 caratteristici ed importanti per la produzione del Prosecco D.O.C.<\/p>\t\t\t\t\t\t<\/div>\n\t\t\t\t<\/div>\n\t\t\t\t\t<\/div>\n\t\t<\/div>\n\t\t\t\t\t<\/div>\n\t\t<\/section>\n\t\t\t\t<section class=\"elementor-section elementor-top-section elementor-element elementor-element-5700fc5 elementor-section-full_width section-text-images-special elementor-section-height-default elementor-section-height-default\" data-id=\"5700fc5\" data-element_type=\"section\" id=\"territorio-produzione\">\n\t\t\t\t\t\t<div class=\"elementor-container elementor-column-gap-no\">\n\t\t\t\t\t<div class=\"elementor-column elementor-col-100 elementor-top-column elementor-element elementor-element-5ab8621\" data-id=\"5ab8621\" data-element_type=\"column\">\n\t\t\t<div class=\"elementor-widget-wrap elementor-element-populated\">\n\t\t\t\t\t\t<section class=\"elementor-section elementor-inner-section elementor-element elementor-element-cbaab3b elementor-section-full_width elementor-section-height-default elementor-section-height-default\" data-id=\"cbaab3b\" data-element_type=\"section\">\n\t\t\t\t\t\t<div class=\"elementor-container elementor-column-gap-default\">\n\t\t\t\t\t<div class=\"elementor-column elementor-col-50 elementor-inner-column elementor-element elementor-element-3c8151c elementor-hidden-tablet elementor-hidden-mobile\" data-id=\"3c8151c\" data-element_type=\"column\">\n\t\t\t<div class=\"elementor-widget-wrap elementor-element-populated\">\n\t\t\t\t\t\t<div class=\"elementor-element elementor-element-10f9fd0 title animated-slow elementor-invisible elementor-widget elementor-widget-heading\" data-id=\"10f9fd0\" data-element_type=\"widget\" data-settings=\"{&quot;_animation&quot;:&quot;fadeIn&quot;}\" data-widget_type=\"heading.default\">\n\t\t\t\t<div class=\"elementor-widget-container\">\n\t\t\t<h3 class=\"elementor-heading-title elementor-size-default\">Nel cuore del Prosecco Superiore<\/h3>\t\t<\/div>\n\t\t\t\t<\/div>\n\t\t\t\t<div class=\"elementor-element elementor-element-af9a650 subtitle elementor-widget elementor-widget-text-editor\" data-id=\"af9a650\" data-element_type=\"widget\" data-widget_type=\"text-editor.default\">\n\t\t\t\t<div class=\"elementor-widget-container\">\n\t\t\t\t\t\t\t<p>Tradizione vitivinicola senza tempo<\/p>\t\t\t\t\t\t<\/div>\n\t\t\t\t<\/div>\n\t\t\t\t<div class=\"elementor-element elementor-element-1afd3a9 elementor-widget elementor-widget-text-editor\" data-id=\"1afd3a9\" data-element_type=\"widget\" data-widget_type=\"text-editor.default\">\n\t\t\t\t<div class=\"elementor-widget-container\">\n\t\t\t\t\t\t\t<p>La zona di produzione del Conegliano Valdobbiadene conserva caratteristiche uniche nel suo genere: i ripidi versanti e la particolare morfologia del territorio hanno infatti ottenuto il riconoscimento Unesco nel luglio 2019 rientrando a far parte dei siti Patrimonio dell\u2019Umanit\u00e0.\u00a0<\/p><p>Per secoli, il terreno aspro \u00e8 stato modellato e adattato da particolari pratiche di utilizzo del territorio, tra cui le tecniche di conservazione del suolo e del terreno che comprendono le pratiche vitivinicole per la produzione di un Prosecco Superiore di altissima qualit\u00e0.<\/p>\t\t\t\t\t\t<\/div>\n\t\t\t\t<\/div>\n\t\t\t\t<div class=\"elementor-element elementor-element-f52c820 elementor-invisible elementor-widget elementor-widget-image\" data-id=\"f52c820\" data-element_type=\"widget\" data-settings=\"{&quot;_animation&quot;:&quot;imageGrowWithScaleLeft&quot;}\" data-widget_type=\"image.default\">\n\t\t\t\t<div class=\"elementor-widget-container\">\n\t\t\t\t\t\t\t<div class=\"elementor-image\">\n\t\t\t\t\t\t\t\t\t\t\t<div class=\"vamtam-image-wrapper\">\n\t\t\t\t\t\t\t\t\t\t\t\t\t\t\t\t\t\t\t\t\t<img fetchpriority=\"high\" decoding=\"async\" width=\"1024\" height=\"683\" src=\"https:\/\/www.rivadeifrati.it\/wp-content\/uploads\/2023\/10\/LB190058-1024x683.jpg\" class=\"attachment-large size-large wp-image-989315\" alt=\"\" srcset=\"https:\/\/www.rivadeifrati.it\/wp-content\/uploads\/2023\/10\/LB190058-1024x683.jpg 1024w, https:\/\/www.rivadeifrati.it\/wp-content\/uploads\/2023\/10\/LB190058-300x200.jpg 300w, https:\/\/www.rivadeifrati.it\/wp-content\/uploads\/2023\/10\/LB190058-768x512.jpg 768w, https:\/\/www.rivadeifrati.it\/wp-content\/uploads\/2023\/10\/LB190058-1536x1024.jpg 1536w, https:\/\/www.rivadeifrati.it\/wp-content\/uploads\/2023\/10\/LB190058-2048x1365.jpg 2048w, https:\/\/www.rivadeifrati.it\/wp-content\/uploads\/2023\/10\/LB190058-630x420.jpg 630w, https:\/\/www.rivadeifrati.it\/wp-content\/uploads\/2023\/10\/LB190058-1260x840.jpg 1260w, https:\/\/www.rivadeifrati.it\/wp-content\/uploads\/2023\/10\/LB190058-315x210.jpg 315w\" sizes=\"(max-width: 1024px) 100vw, 1024px\" \/>\t\t\t\t\t\t\t\t\t\t\t\t\t\t\t\t\t\t\t\t\t\t\t\t\t\t<\/div>\n\t\t\t\t\t\t\t\t\t<\/div>\n\t\t\t\t\t\t<\/div>\n\t\t\t\t<\/div>\n\t\t\t\t\t<\/div>\n\t\t<\/div>\n\t\t\t\t<div class=\"elementor-column elementor-col-50 elementor-inner-column elementor-element elementor-element-13ef0f6\" data-id=\"13ef0f6\" data-element_type=\"column\">\n\t\t\t<div class=\"elementor-widget-wrap elementor-element-populated\">\n\t\t\t\t\t\t<div class=\"elementor-element elementor-element-1972176 elementor-invisible elementor-widget elementor-widget-image\" data-id=\"1972176\" data-element_type=\"widget\" data-settings=\"{&quot;_animation&quot;:&quot;imageGrowWithScaleLeft&quot;}\" data-widget_type=\"image.default\">\n\t\t\t\t<div class=\"elementor-widget-container\">\n\t\t\t\t\t\t\t<div class=\"elementor-image\">\n\t\t\t\t\t\t\t\t\t\t\t<div class=\"vamtam-image-wrapper\">\n\t\t\t\t\t\t\t\t\t\t\t\t\t\t\t\t\t\t\t\t\t<img decoding=\"async\" width=\"1024\" height=\"650\" src=\"https:\/\/www.rivadeifrati.it\/wp-content\/uploads\/2023\/10\/territorio-horizontal.jpg\" class=\"attachment-large size-large wp-image-989546\" alt=\"\" srcset=\"https:\/\/www.rivadeifrati.it\/wp-content\/uploads\/2023\/10\/territorio-horizontal.jpg 1024w, https:\/\/www.rivadeifrati.it\/wp-content\/uploads\/2023\/10\/territorio-horizontal-300x190.jpg 300w, https:\/\/www.rivadeifrati.it\/wp-content\/uploads\/2023\/10\/territorio-horizontal-768x488.jpg 768w, https:\/\/www.rivadeifrati.it\/wp-content\/uploads\/2023\/10\/territorio-horizontal-630x400.jpg 630w, https:\/\/www.rivadeifrati.it\/wp-content\/uploads\/2023\/10\/territorio-horizontal-315x200.jpg 315w\" sizes=\"(max-width: 1024px) 100vw, 1024px\" \/>\t\t\t\t\t\t\t\t\t\t\t\t\t\t\t\t\t\t\t\t\t\t\t\t\t\t<\/div>\n\t\t\t\t\t\t\t\t\t<\/div>\n\t\t\t\t\t\t<\/div>\n\t\t\t\t<\/div>\n\t\t\t\t<div class=\"elementor-element elementor-element-e36aefc elementor-widget elementor-widget-text-editor\" data-id=\"e36aefc\" data-element_type=\"widget\" data-widget_type=\"text-editor.default\">\n\t\t\t\t<div class=\"elementor-widget-container\">\n\t\t\t\t\t\t\t<p>Il suolo del Conegliano Valdobbiadene ha un\u2019origine molto antica, che risale al sollevamento dei fondali marini e lacustri. Una parte delle colline \u00e8 stata rimodellata dai ghiacciai delle Dolomiti, che hanno portato a valle vari sedimenti. I terreni che ne derivano sono profondi, costituiti da conglomerati di roccia e sabbia con molta argilla e talvolta ferro. Dove il ghiacciaio non ha agito, si sono mantenuti suoli di origine marina, composti di marne e arenarie, meno profondi e pi\u00f9 filtranti. Ci\u00f2 determina una coesistenza di molti tipi di terreni diversi ma anche una diversa conformazione delle colline, ora pi\u00f9 dolci, nell\u2019area di Conegliano, ora pi\u00f9 ripide e completamente esposte a sud in quella di Valdobbiadene.<\/p>\t\t\t\t\t\t<\/div>\n\t\t\t\t<\/div>\n\t\t\t\t\t<\/div>\n\t\t<\/div>\n\t\t\t\t\t<\/div>\n\t\t<\/section>\n\t\t\t\t\t<\/div>\n\t\t<\/div>\n\t\t\t\t\t<\/div>\n\t\t<\/section>\n\t\t\t\t<section class=\"elementor-section elementor-top-section elementor-element elementor-element-4aeab54 elementor-section-full_width banner-cta banner-cta-1 elementor-section-height-default elementor-section-height-default\" data-id=\"4aeab54\" data-element_type=\"section\" id=\"territorio-scopri\" data-settings=\"{&quot;background_background&quot;:&quot;classic&quot;}\">\n\t\t\t\t\t\t<div class=\"elementor-container elementor-column-gap-no\">\n\t\t\t\t\t<div class=\"elementor-column elementor-col-100 elementor-top-column elementor-element elementor-element-62b3268\" data-id=\"62b3268\" data-element_type=\"column\">\n\t\t\t<div class=\"elementor-widget-wrap elementor-element-populated\">\n\t\t\t\t\t\t<div class=\"elementor-element elementor-element-d80b1e8 elementor-widget elementor-widget-text-editor\" data-id=\"d80b1e8\" data-element_type=\"widget\" data-widget_type=\"text-editor.default\">\n\t\t\t\t<div class=\"elementor-widget-container\">\n\t\t\t\t\t\t\t<h3>Un paesaggio di rara bellezza<\/h3><p><span style=\"font-weight: 400;\">I cordoni collinari che conferiscono un carattere paesaggistico distintivo (hogback), sono solo una delle caratteristiche che hanno consentito a questi luoghi di diventare parte dei siti Unesco.\u00a0<\/span><\/p><p><span style=\"font-weight: 400;\">L\u2019aspetto a mosaico che riscontriamo nella zona, \u00e8 infatti il risultato di pratiche ambientali e agricole tradizionali, ancora in uso. Gli appezzamenti dedicati ai vigneti, impiantati su ciglioni, convivono con macchie boschive, siepi e filari di alberi che fungono da collegamento tra i diversi habitat. L\u2019area \u00e8 inoltre caratterizzata da frequenti acquazzoni estivi, con una piovosit\u00e0 media 1250 mm che unita alla particolare posizione dei vigneti tra il mare e le Prealpi, garantisce a queste zone un clima temperato permettendo alle uve di asciugarsi rapidamente dopo le piogge. <\/span><\/p>\t\t\t\t\t\t<\/div>\n\t\t\t\t<\/div>\n\t\t\t\t\t<\/div>\n\t\t<\/div>\n\t\t\t\t\t<\/div>\n\t\t<\/section>\n\t\t\t\t<section class=\"elementor-section elementor-top-section elementor-element elementor-element-7ce53f3 elementor-section-height-min-height elementor-section-items-stretch elementor-section-full_width fascia-riquadri-link elementor-section-height-default\" data-id=\"7ce53f3\" data-element_type=\"section\">\n\t\t\t\t\t\t<div class=\"elementor-container elementor-column-gap-default\">\n\t\t\t\t\t<div class=\"elementor-column elementor-col-33 elementor-top-column elementor-element elementor-element-3ab16bd\" data-id=\"3ab16bd\" data-element_type=\"column\">\n\t\t\t<div class=\"elementor-widget-wrap elementor-element-populated\">\n\t\t\t\t\t<div class=\"elementor-background-overlay\"><\/div>\n\t\t\t\t\t\t<div class=\"elementor-element elementor-element-31f8455 elementor-cta--skin-cover elementor-bg-transform elementor-bg-transform-zoom-out elementor-animated-content elementor-widget elementor-widget-call-to-action\" data-id=\"31f8455\" data-element_type=\"widget\" data-widget_type=\"call-to-action.default\">\n\t\t\t\t<div class=\"elementor-widget-container\">\n\t\t\t\t\t<a class=\"elementor-cta\" href=\"\/i-vigneti\">\n\t\t\t\t\t<div class=\"elementor-cta__bg-wrapper\">\n\t\t\t\t<div class=\"elementor-cta__bg elementor-bg\" style=\"background-image: url(https:\/\/www.rivadeifrati.it\/wp-content\/uploads\/2023\/10\/vigneti-01.jpg);\" role=\"img\" aria-label=\"vigneti-01\"><\/div>\n\t\t\t\t<div class=\"elementor-cta__bg-overlay\"><\/div>\n\t\t\t<\/div>\n\t\t\t\t\t\t\t<div class=\"elementor-cta__content\">\n\t\t\t\t\n\t\t\t\t\n\t\t\t\t\n\t\t\t\t\t\t\t\t\t<div class=\"elementor-cta__button-wrapper elementor-cta__content-item elementor-content-item elementor-animated-item--grow\">\n\t\t\t\t\t<span class=\"elementor-cta__button elementor-button elementor-size-\">\n\t\t\t\t\t\tI Vigneti\t\t\t\t\t<\/span>\n\t\t\t\t\t<\/div>\n\t\t\t\t\t\t\t<\/div>\n\t\t\t\t\t\t<\/a>\n\t\t\t\t<\/div>\n\t\t\t\t<\/div>\n\t\t\t\t\t<\/div>\n\t\t<\/div>\n\t\t\t\t<div class=\"elementor-column elementor-col-33 elementor-top-column elementor-element elementor-element-5045f19\" data-id=\"5045f19\" data-element_type=\"column\">\n\t\t\t<div class=\"elementor-widget-wrap elementor-element-populated\">\n\t\t\t\t\t<div class=\"elementor-background-overlay\"><\/div>\n\t\t\t\t\t\t<div class=\"elementor-element elementor-element-688004c elementor-cta--skin-cover elementor-bg-transform elementor-bg-transform-zoom-out elementor-animated-content elementor-widget elementor-widget-call-to-action\" data-id=\"688004c\" data-element_type=\"widget\" data-widget_type=\"call-to-action.default\">\n\t\t\t\t<div class=\"elementor-widget-container\">\n\t\t\t\t\t<a class=\"elementor-cta\" href=\"\/la-famiglia\">\n\t\t\t\t\t<div class=\"elementor-cta__bg-wrapper\">\n\t\t\t\t<div class=\"elementor-cta__bg elementor-bg\" style=\"background-image: url(https:\/\/www.rivadeifrati.it\/wp-content\/uploads\/2023\/10\/famiglia-06.jpg);\" role=\"img\" aria-label=\"famiglia-06\"><\/div>\n\t\t\t\t<div class=\"elementor-cta__bg-overlay\"><\/div>\n\t\t\t<\/div>\n\t\t\t\t\t\t\t<div class=\"elementor-cta__content\">\n\t\t\t\t\n\t\t\t\t\n\t\t\t\t\n\t\t\t\t\t\t\t\t\t<div class=\"elementor-cta__button-wrapper elementor-cta__content-item elementor-content-item elementor-animated-item--grow\">\n\t\t\t\t\t<span class=\"elementor-cta__button elementor-button elementor-size-\">\n\t\t\t\t\t\tLa Famiglia\t\t\t\t\t<\/span>\n\t\t\t\t\t<\/div>\n\t\t\t\t\t\t\t<\/div>\n\t\t\t\t\t\t<\/a>\n\t\t\t\t<\/div>\n\t\t\t\t<\/div>\n\t\t\t\t\t<\/div>\n\t\t<\/div>\n\t\t\t\t<div class=\"elementor-column elementor-col-33 elementor-top-column elementor-element elementor-element-a3a55d0\" data-id=\"a3a55d0\" data-element_type=\"column\">\n\t\t\t<div class=\"elementor-widget-wrap elementor-element-populated\">\n\t\t\t\t\t<div class=\"elementor-background-overlay\"><\/div>\n\t\t\t\t\t\t<div class=\"elementor-element elementor-element-13f1fb9 elementor-cta--skin-cover elementor-bg-transform elementor-bg-transform-zoom-out elementor-animated-content elementor-widget elementor-widget-call-to-action\" data-id=\"13f1fb9\" data-element_type=\"widget\" data-widget_type=\"call-to-action.default\">\n\t\t\t\t<div class=\"elementor-widget-container\">\n\t\t\t\t\t<a class=\"elementor-cta\" href=\"\/la-cantina\">\n\t\t\t\t\t<div class=\"elementor-cta__bg-wrapper\">\n\t\t\t\t<div class=\"elementor-cta__bg elementor-bg\" style=\"background-image: url(https:\/\/www.rivadeifrati.it\/wp-content\/uploads\/2023\/10\/vigneti-02-1024x621.jpg);\" role=\"img\" aria-label=\"vigneti-02\"><\/div>\n\t\t\t\t<div class=\"elementor-cta__bg-overlay\"><\/div>\n\t\t\t<\/div>\n\t\t\t\t\t\t\t<div class=\"elementor-cta__content\">\n\t\t\t\t\n\t\t\t\t\n\t\t\t\t\n\t\t\t\t\t\t\t\t\t<div class=\"elementor-cta__button-wrapper elementor-cta__content-item elementor-content-item elementor-animated-item--grow\">\n\t\t\t\t\t<span class=\"elementor-cta__button elementor-button elementor-size-\">\n\t\t\t\t\t\tLa Cantina\t\t\t\t\t<\/span>\n\t\t\t\t\t<\/div>\n\t\t\t\t\t\t\t<\/div>\n\t\t\t\t\t\t<\/a>\n\t\t\t\t<\/div>\n\t\t\t\t<\/div>\n\t\t\t\t\t<\/div>\n\t\t<\/div>\n\t\t\t\t\t<\/div>\n\t\t<\/section>\n\t\t\t\t<\/div>\n\t\t","protected":false},"excerpt":{"rendered":"<p>T e r r i t o r i o Il territorio Attraverso i luoghi del vivere quotidiano Nella regione Veneto, in un lembo di Marca Trevigiana conosciuta fin dall\u2019epoca medievale come \u201cgioiosa et amorosa\u201d, c\u2019\u00e8 la strada del vino Prosecco, che tocca le citt\u00e0 e i luoghi pi\u00f9 caratteristici ed importanti per la produzione&#8230;<\/p>\n","protected":false},"author":1,"featured_media":0,"parent":0,"menu_order":0,"comment_status":"closed","ping_status":"closed","template":"","meta":{"inline_featured_image":false,"footnotes":""},"class_list":["post-987826","page","type-page","status-publish","hentry"],"yoast_head":"<!-- This site is optimized with the Yoast SEO plugin v24.5 - https:\/\/yoast.com\/wordpress\/plugins\/seo\/ -->\n<title>Il territorio dove nasce il Prosecco D.O.C. | rivadeifrati.it<\/title>\n<meta name=\"description\" content=\"Il territorio di produzione del Conegliano Valdobbiadene ha delle caratteristiche peculiari. Esplora la strada del vino Prosecco.\" \/>\n<meta name=\"robots\" content=\"index, follow, max-snippet:-1, max-image-preview:large, max-video-preview:-1\" \/>\n<link rel=\"canonical\" href=\"https:\/\/www.rivadeifrati.it\/it\/il-territorio\/\" \/>\n<meta property=\"og:locale\" content=\"it_IT\" \/>\n<meta property=\"og:type\" content=\"article\" \/>\n<meta property=\"og:title\" content=\"Il territorio dove nasce il Prosecco D.O.C. | rivadeifrati.it\" \/>\n<meta property=\"og:description\" content=\"Il territorio di produzione del Conegliano Valdobbiadene ha delle caratteristiche peculiari. Esplora la strada del vino Prosecco.\" \/>\n<meta property=\"og:url\" content=\"https:\/\/www.rivadeifrati.it\/it\/il-territorio\/\" \/>\n<meta property=\"og:site_name\" content=\"Riva dei Frati\" \/>\n<meta property=\"article:modified_time\" content=\"2025-06-11T12:11:38+00:00\" \/>\n<meta property=\"og:image\" content=\"https:\/\/www.rivadeifrati.it\/wp-content\/uploads\/2023\/10\/LB190058-scaled.jpg\" \/>\n\t<meta property=\"og:image:width\" content=\"2560\" \/>\n\t<meta property=\"og:image:height\" content=\"1707\" \/>\n\t<meta property=\"og:image:type\" content=\"image\/jpeg\" \/>\n<meta name=\"twitter:card\" content=\"summary_large_image\" \/>\n<meta name=\"twitter:label1\" content=\"Tempo di lettura stimato\" \/>\n\t<meta name=\"twitter:data1\" content=\"3 minuti\" \/>\n<script type=\"application\/ld+json\" class=\"yoast-schema-graph\">{\"@context\":\"https:\/\/schema.org\",\"@graph\":[{\"@type\":\"WebPage\",\"@id\":\"https:\/\/www.rivadeifrati.it\/it\/il-territorio\/\",\"url\":\"https:\/\/www.rivadeifrati.it\/it\/il-territorio\/\",\"name\":\"Il territorio dove nasce il Prosecco D.O.C. | rivadeifrati.it\",\"isPartOf\":{\"@id\":\"https:\/\/www.rivadeifrati.it\/it\/#website\"},\"primaryImageOfPage\":{\"@id\":\"https:\/\/www.rivadeifrati.it\/it\/il-territorio\/#primaryimage\"},\"image\":{\"@id\":\"https:\/\/www.rivadeifrati.it\/it\/il-territorio\/#primaryimage\"},\"thumbnailUrl\":\"https:\/\/www.rivadeifrati.it\/wp-content\/uploads\/2023\/10\/LB190058-1024x683.jpg\",\"datePublished\":\"2023-07-21T08:59:58+00:00\",\"dateModified\":\"2025-06-11T12:11:38+00:00\",\"description\":\"Il territorio di produzione del Conegliano Valdobbiadene ha delle caratteristiche peculiari. Esplora la strada del vino Prosecco.\",\"breadcrumb\":{\"@id\":\"https:\/\/www.rivadeifrati.it\/it\/il-territorio\/#breadcrumb\"},\"inLanguage\":\"it-IT\",\"potentialAction\":[{\"@type\":\"ReadAction\",\"target\":[\"https:\/\/www.rivadeifrati.it\/it\/il-territorio\/\"]}]},{\"@type\":\"ImageObject\",\"inLanguage\":\"it-IT\",\"@id\":\"https:\/\/www.rivadeifrati.it\/it\/il-territorio\/#primaryimage\",\"url\":\"https:\/\/www.rivadeifrati.it\/wp-content\/uploads\/2023\/10\/LB190058-1024x683.jpg\",\"contentUrl\":\"https:\/\/www.rivadeifrati.it\/wp-content\/uploads\/2023\/10\/LB190058-1024x683.jpg\"},{\"@type\":\"BreadcrumbList\",\"@id\":\"https:\/\/www.rivadeifrati.it\/it\/il-territorio\/#breadcrumb\",\"itemListElement\":[{\"@type\":\"ListItem\",\"position\":1,\"name\":\"Home\",\"item\":\"https:\/\/www.rivadeifrati.it\/de\/\"},{\"@type\":\"ListItem\",\"position\":2,\"name\":\"Territorio\"}]},{\"@type\":\"WebSite\",\"@id\":\"https:\/\/www.rivadeifrati.it\/it\/#website\",\"url\":\"https:\/\/www.rivadeifrati.it\/it\/\",\"name\":\"Riva dei Frati\",\"description\":\"\",\"publisher\":{\"@id\":\"https:\/\/www.rivadeifrati.it\/it\/#organization\"},\"inLanguage\":\"it-IT\"},{\"@type\":\"Organization\",\"@id\":\"https:\/\/www.rivadeifrati.it\/it\/#organization\",\"name\":\"Riva dei Frati\",\"url\":\"https:\/\/www.rivadeifrati.it\/it\/\",\"logo\":{\"@type\":\"ImageObject\",\"inLanguage\":\"it-IT\",\"@id\":\"https:\/\/www.rivadeifrati.it\/it\/#\/schema\/logo\/image\/\",\"url\":\"https:\/\/www.rivadeifrati.it\/wp-content\/uploads\/2020\/03\/LOGO-ORO.png\",\"contentUrl\":\"https:\/\/www.rivadeifrati.it\/wp-content\/uploads\/2020\/03\/LOGO-ORO.png\",\"width\":1237,\"height\":501,\"caption\":\"Riva dei Frati\"},\"image\":{\"@id\":\"https:\/\/www.rivadeifrati.it\/it\/#\/schema\/logo\/image\/\"}}]}<\/script>\n<!-- \/ Yoast SEO plugin. -->","yoast_head_json":{"title":"Il territorio dove nasce il Prosecco D.O.C. | rivadeifrati.it","description":"Il territorio di produzione del Conegliano Valdobbiadene ha delle caratteristiche peculiari. Esplora la strada del vino Prosecco.","robots":{"index":"index","follow":"follow","max-snippet":"max-snippet:-1","max-image-preview":"max-image-preview:large","max-video-preview":"max-video-preview:-1"},"canonical":"https:\/\/www.rivadeifrati.it\/it\/il-territorio\/","og_locale":"it_IT","og_type":"article","og_title":"Il territorio dove nasce il Prosecco D.O.C. | rivadeifrati.it","og_description":"Il territorio di produzione del Conegliano Valdobbiadene ha delle caratteristiche peculiari. Esplora la strada del vino Prosecco.","og_url":"https:\/\/www.rivadeifrati.it\/it\/il-territorio\/","og_site_name":"Riva dei Frati","article_modified_time":"2025-06-11T12:11:38+00:00","og_image":[{"width":2560,"height":1707,"url":"https:\/\/www.rivadeifrati.it\/wp-content\/uploads\/2023\/10\/LB190058-scaled.jpg","type":"image\/jpeg"}],"twitter_card":"summary_large_image","twitter_misc":{"Tempo di lettura stimato":"3 minuti"},"schema":{"@context":"https:\/\/schema.org","@graph":[{"@type":"WebPage","@id":"https:\/\/www.rivadeifrati.it\/it\/il-territorio\/","url":"https:\/\/www.rivadeifrati.it\/it\/il-territorio\/","name":"Il territorio dove nasce il Prosecco D.O.C. | rivadeifrati.it","isPartOf":{"@id":"https:\/\/www.rivadeifrati.it\/it\/#website"},"primaryImageOfPage":{"@id":"https:\/\/www.rivadeifrati.it\/it\/il-territorio\/#primaryimage"},"image":{"@id":"https:\/\/www.rivadeifrati.it\/it\/il-territorio\/#primaryimage"},"thumbnailUrl":"https:\/\/www.rivadeifrati.it\/wp-content\/uploads\/2023\/10\/LB190058-1024x683.jpg","datePublished":"2023-07-21T08:59:58+00:00","dateModified":"2025-06-11T12:11:38+00:00","description":"Il territorio di produzione del Conegliano Valdobbiadene ha delle caratteristiche peculiari. Esplora la strada del vino Prosecco.","breadcrumb":{"@id":"https:\/\/www.rivadeifrati.it\/it\/il-territorio\/#breadcrumb"},"inLanguage":"it-IT","potentialAction":[{"@type":"ReadAction","target":["https:\/\/www.rivadeifrati.it\/it\/il-territorio\/"]}]},{"@type":"ImageObject","inLanguage":"it-IT","@id":"https:\/\/www.rivadeifrati.it\/it\/il-territorio\/#primaryimage","url":"https:\/\/www.rivadeifrati.it\/wp-content\/uploads\/2023\/10\/LB190058-1024x683.jpg","contentUrl":"https:\/\/www.rivadeifrati.it\/wp-content\/uploads\/2023\/10\/LB190058-1024x683.jpg"},{"@type":"BreadcrumbList","@id":"https:\/\/www.rivadeifrati.it\/it\/il-territorio\/#breadcrumb","itemListElement":[{"@type":"ListItem","position":1,"name":"Home","item":"https:\/\/www.rivadeifrati.it\/de\/"},{"@type":"ListItem","position":2,"name":"Territorio"}]},{"@type":"WebSite","@id":"https:\/\/www.rivadeifrati.it\/it\/#website","url":"https:\/\/www.rivadeifrati.it\/it\/","name":"Riva dei Frati","description":"","publisher":{"@id":"https:\/\/www.rivadeifrati.it\/it\/#organization"},"inLanguage":"it-IT"},{"@type":"Organization","@id":"https:\/\/www.rivadeifrati.it\/it\/#organization","name":"Riva dei Frati","url":"https:\/\/www.rivadeifrati.it\/it\/","logo":{"@type":"ImageObject","inLanguage":"it-IT","@id":"https:\/\/www.rivadeifrati.it\/it\/#\/schema\/logo\/image\/","url":"https:\/\/www.rivadeifrati.it\/wp-content\/uploads\/2020\/03\/LOGO-ORO.png","contentUrl":"https:\/\/www.rivadeifrati.it\/wp-content\/uploads\/2020\/03\/LOGO-ORO.png","width":1237,"height":501,"caption":"Riva dei Frati"},"image":{"@id":"https:\/\/www.rivadeifrati.it\/it\/#\/schema\/logo\/image\/"}}]}},"_links":{"self":[{"href":"https:\/\/www.rivadeifrati.it\/it\/wp-json\/wp\/v2\/pages\/987826","targetHints":{"allow":["GET"]}}],"collection":[{"href":"https:\/\/www.rivadeifrati.it\/it\/wp-json\/wp\/v2\/pages"}],"about":[{"href":"https:\/\/www.rivadeifrati.it\/it\/wp-json\/wp\/v2\/types\/page"}],"author":[{"embeddable":true,"href":"https:\/\/www.rivadeifrati.it\/it\/wp-json\/wp\/v2\/users\/1"}],"replies":[{"embeddable":true,"href":"https:\/\/www.rivadeifrati.it\/it\/wp-json\/wp\/v2\/comments?post=987826"}],"version-history":[{"count":147,"href":"https:\/\/www.rivadeifrati.it\/it\/wp-json\/wp\/v2\/pages\/987826\/revisions"}],"predecessor-version":[{"id":991873,"href":"https:\/\/www.rivadeifrati.it\/it\/wp-json\/wp\/v2\/pages\/987826\/revisions\/991873"}],"wp:attachment":[{"href":"https:\/\/www.rivadeifrati.it\/it\/wp-json\/wp\/v2\/media?parent=987826"}],"curies":[{"name":"wp","href":"https:\/\/api.w.org\/{rel}","templated":true}]}}